{"id":16736,"date":"2023-07-31T09:28:01","date_gmt":"2023-07-31T07:28:01","guid":{"rendered":"https:\/\/albergueesplaibarcelona.com\/?page_id=16736"},"modified":"2025-06-25T13:18:56","modified_gmt":"2025-06-25T11:18:56","slug":"info-practica","status":"publish","type":"page","link":"https:\/\/albergueesplaibarcelona.com\/ca\/info-practica\/","title":{"rendered":"Info pr\u00e0ctica"},"content":{"rendered":"<p>[et_pb_section fb_built=&#8221;1&#8243; _builder_version=&#8221;4.16&#8243; global_colors_info=&#8221;{}&#8221;][et_pb_row _builder_version=&#8221;4.16&#8243; global_colors_info=&#8221;{}&#8221;][et_pb_column type=&#8221;4_4&#8243; _builder_version=&#8221;4.16&#8243; global_colors_info=&#8221;{}&#8221;][et_pb_post_title meta=&#8221;off&#8221; featured_image=&#8221;off&#8221; _builder_version=&#8221;4.16&#8243; global_colors_info=&#8221;{}&#8221;][\/et_pb_post_title][et_pb_text _builder_version=&#8221;4.16&#8243; global_colors_info=&#8221;{}&#8221;]<\/p>\n<p style=\"text-align: center;\">Benvingut o benvinguda a l&#8217;<a href=\"https:\/\/albergueesplaibarcelona.com\/ca\">Alberg Centre Esplai!<\/a> Per facilitar-te l&#8217;estada, posem a la teva disposici\u00f3 diverses informacions pr\u00e0ctiques. Si tens qualsevol altre dubte, sempre pots anar a la recepci\u00f3 on t&#8217;atendrem les 24h del dia o trucar al +34 93 474 46 78. Bona estada!<\/p>\n<p>[\/et_pb_text][\/et_pb_column][\/et_pb_row][\/et_pb_section][et_pb_section fb_built=&#8221;1&#8243; _builder_version=&#8221;4.16&#8243; custom_margin=&#8221;50px||||false|false&#8221; custom_margin_tablet=&#8221;&#8221; custom_margin_phone=&#8221;30px||||false|false&#8221; custom_margin_last_edited=&#8221;on|phone&#8221; collapsed=&#8221;off&#8221; global_colors_info=&#8221;{}&#8221;][et_pb_row column_structure=&#8221;1_2,1_2&#8243; use_custom_gutter=&#8221;on&#8221; gutter_width=&#8221;4&#8243; module_class=&#8221;graella-icona-circular-giratoria&#8221; _builder_version=&#8221;4.16&#8243; custom_margin=&#8221;||||false|false&#8221; locked=&#8221;off&#8221; global_colors_info=&#8221;{}&#8221;][et_pb_column type=&#8221;1_2&#8243; _builder_version=&#8221;4.16&#8243; custom_padding=&#8221;|||&#8221; global_colors_info=&#8221;{}&#8221; custom_padding__hover=&#8221;|||&#8221;][et_pb_blurb title=&#8221;WIFI&#8221; use_icon=&#8221;on&#8221; font_icon=&#8221;&#xf1eb;||fa||900&#8243; icon_color=&#8221;#333333&#8243; icon_placement=&#8221;left&#8221; disabled_on=&#8221;off|off|off&#8221; admin_label=&#8221;WIFI&#8221; _builder_version=&#8221;4.24.2&#8243; custom_margin=&#8221;||0px|&#8221; z_index_tablet=&#8221;500&#8243; global_colors_info=&#8221;{}&#8221;]<\/p>\n<p>usuari: ALBERG-WIFI<br \/>contrasenya: EcoAlberg!<\/p>\n<p>[\/et_pb_blurb][et_pb_blurb title=&#8221;CHECK IN \/ CHECK OUT&#8221; use_icon=&#8221;on&#8221; font_icon=&#8221;&#xf084;||fa||900&#8243; icon_color=&#8221;#333333&#8243; icon_placement=&#8221;left&#8221; admin_label=&#8221;CHECK IN I OUT&#8221; module_id=&#8221;no-pointer&#8221; _builder_version=&#8221;4.24.2&#8243; custom_margin=&#8221;||0px|&#8221; z_index_tablet=&#8221;500&#8243; global_colors_info=&#8221;{}&#8221;]<\/p>\n<p>@ 14:00h \/ 11:00h<br \/>Abans de marxar: revisa que no et deixis objectes personals dins l&#8217;habitaci\u00f3.<\/p>\n<p>[\/et_pb_blurb][et_pb_blurb title=&#8221;RESTAURANT&#8221; use_icon=&#8221;on&#8221; font_icon=&#8221;&#xe559;||fa||900&#8243; icon_color=&#8221;#333333&#8243; icon_placement=&#8221;left&#8221; admin_label=&#8221;RESTAURANT&#8221; _builder_version=&#8221;4.24.2&#8243; custom_margin=&#8221;||0px|&#8221; z_index_tablet=&#8221;500&#8243; global_colors_info=&#8221;{}&#8221;]<\/p>\n<p>\u00b7 Esmorzar de 7\u202fh a 10\u202fh: buffet continental<br \/>\u00b7 Dinar de 13:30\u202fh a 15:30\u202fh: men\u00fa<br \/>\u00b7 Sopar de 20 h a 22 h: men\u00fa<\/p>\n<p>[\/et_pb_blurb][et_pb_blurb title=&#8221;Tovalloles&#8221; use_icon=&#8221;on&#8221; font_icon=&#8221;&#xf498;||fa||900&#8243; icon_placement=&#8221;left&#8221; admin_label=&#8221;Tovalloles&#8221; _builder_version=&#8221;4.24.2&#8243; custom_margin=&#8221;||0px|&#8221; z_index_tablet=&#8221;500&#8243; global_colors_info=&#8221;{}&#8221;]<\/p>\n<p>Uneix-te a la nostra campanya ecol\u00f2gica! Si reutilitzes les tovalloles, estalviem aigua i energia. Deixa-la penjada per reutilitzar-la o a terra si prefereixes un canvi diari.<\/p>\n<p>[\/et_pb_blurb][et_pb_blurb title=&#8221;Mapa de les Instal\u00b7lacions&#8221; use_icon=&#8221;on&#8221; font_icon=&#8221;&#xf279;||fa||900&#8243; icon_color=&#8221;#333333&#8243; icon_placement=&#8221;left&#8221; admin_label=&#8221;Mapa de les Instal\u00b7lacions&#8221; _builder_version=&#8221;4.24.2&#8243; custom_margin=&#8221;||0px|&#8221; z_index_tablet=&#8221;500&#8243; global_colors_info=&#8221;{}&#8221;]<\/p>\n<p>Descarregar aqu\u00ed.<\/p>\n<p>[\/et_pb_blurb][et_pb_blurb title=&#8221;SALA NUSOS &#8211; ORDINADORS&#8221; use_icon=&#8221;on&#8221; font_icon=&#8221;&#xf390;||fa||900&#8243; icon_color=&#8221;#333333&#8243; icon_placement=&#8221;left&#8221; admin_label=&#8221;SALA NUSOS &#8211; ORDINADORS&#8221; _builder_version=&#8221;4.24.2&#8243; custom_margin=&#8221;||0px|&#8221; link_option_url_new_window=&#8221;on&#8221; z_index_tablet=&#8221;500&#8243; global_colors_info=&#8221;{}&#8221;]<\/p>\n<p>Sala d&#8217;ordinadors gratu\u00efta amb WIFI.<\/p>\n<p>[\/et_pb_blurb][et_pb_blurb title=&#8221;Lloguer de bicicletes&#8221; use_icon=&#8221;on&#8221; font_icon=&#8221;&#xf206;||fa||900&#8243; icon_color=&#8221;#333333&#8243; icon_placement=&#8221;left&#8221; admin_label=&#8221;Lloguer de bicicletes&#8221; _builder_version=&#8221;4.24.2&#8243; custom_margin=&#8221;||0px|&#8221; z_index_tablet=&#8221;500&#8243; global_colors_info=&#8221;{}&#8221;]<\/p>\n<p>Pregunta a recepci\u00f3 pel lloguer de bicicletes.<\/p>\n<p>[\/et_pb_blurb][et_pb_blurb title=&#8221;Consigna&#8221; use_icon=&#8221;on&#8221; font_icon=&#8221;&#xf30d;||fa||900&#8243; icon_color=&#8221;#333333&#8243; icon_placement=&#8221;left&#8221; admin_label=&#8221;Consigna&#8221; _builder_version=&#8221;4.24.2&#8243; custom_margin=&#8221;||0px|&#8221; z_index_tablet=&#8221;500&#8243; global_colors_info=&#8221;{}&#8221;]<\/p>\n<p>Pregunta a recepci\u00f3 per la consigna.<\/p>\n<p>[\/et_pb_blurb][et_pb_blurb title=&#8221;Gesti\u00f3 de residus&#8221; use_icon=&#8221;on&#8221; font_icon=&#8221;&#xf1b8;||fa||900&#8243; icon_color=&#8221;#333333&#8243; icon_placement=&#8221;left&#8221; admin_label=&#8221;GESTI\u00d3 RESIDUS&#8221; _builder_version=&#8221;4.27.4&#8243; custom_margin=&#8221;||0px|&#8221; hover_enabled=&#8221;0&#8243; z_index_tablet=&#8221;500&#8243; global_colors_info=&#8221;{}&#8221; sticky_enabled=&#8221;0&#8243;]<\/p>\n<p>Separa els residus correctament per a la cura del medi ambient. A cada planta trobar\u00e0s papereres per a la recollida selectiva i el reciclatge dels residus.<\/p>\n<p>[\/et_pb_blurb][\/et_pb_column][et_pb_column type=&#8221;1_2&#8243; _builder_version=&#8221;4.16&#8243; custom_padding=&#8221;|||&#8221; global_colors_info=&#8221;{}&#8221; custom_padding__hover=&#8221;|||&#8221;][et_pb_blurb title=&#8221;TEL\u00c8FONS D&#8217;INTER\u00c8S&#8221; use_icon=&#8221;on&#8221; font_icon=&#8221;&#xf095;||fa||900&#8243; icon_color=&#8221;#333333&#8243; icon_placement=&#8221;left&#8221; admin_label=&#8221;TEL\u00c8FONS D&#8217;INTER\u00c8S&#8221; _builder_version=&#8221;4.24.2&#8243; custom_margin=&#8221;||0px|&#8221; z_index_tablet=&#8221;500&#8243; global_colors_info=&#8221;{}&#8221;]<\/p>\n<p>Recepci\u00f3 Alberg: +34 93 474 46 78<br \/>Emerg\u00e8ncies: 112<\/p>\n<p>[\/et_pb_blurb][et_pb_blurb title=&#8221;P\u00c0RQUING&#8221; use_icon=&#8221;on&#8221; font_icon=&#8221;&#xf540;||fa||900&#8243; icon_color=&#8221;#333333&#8243; icon_placement=&#8221;left&#8221; admin_label=&#8221;P\u00c0RQUING&#8221; _builder_version=&#8221;4.24.2&#8243; custom_margin=&#8221;||0px|&#8221; link_option_url_new_window=&#8221;on&#8221; z_index_tablet=&#8221;500&#8243; global_colors_info=&#8221;{}&#8221;]<\/p>\n<p>P\u00e0rquing gratu\u00eft a l&#8217;exterior<br \/>P\u00e0rquing privat de pagament amb vigil\u00e0ncia 24 hores i subterrani<\/p>\n<p>[\/et_pb_blurb][et_pb_blurb title=&#8221;PISCINA&#8221; url=&#8221;https:\/\/albergueesplaibarcelona.com\/ca\/el-albergue\/piscina\/&#8221; use_icon=&#8221;on&#8221; font_icon=&#8221;&#xf5c5;||fa||900&#8243; icon_color=&#8221;#333333&#8243; icon_placement=&#8221;left&#8221; disabled_on=&#8221;off|off|off&#8221; admin_label=&#8221;PISCINA&#8221; _builder_version=&#8221;4.24.2&#8243; header_font=&#8221;|700|||||||&#8221; custom_margin=&#8221;||0px|&#8221; z_index_tablet=&#8221;500&#8243; global_colors_info=&#8221;{}&#8221;]<\/p>\n<p>\u00b7 \u00c8poca d&#8217;obertura: 15\/06 al 30\/09<br \/>\u00b7 Horari: de 8h a 20h<br \/>\u00b7 Piscina climatitzada amb sol\u00e0rium<\/p>\n<p>[\/et_pb_blurb][et_pb_blurb title=&#8221;AIRE CONDICIONAT&#8221; use_icon=&#8221;on&#8221; font_icon=&#8221;&#xf8f4;||fa||900&#8243; icon_color=&#8221;#333333&#8243; icon_placement=&#8221;left&#8221; admin_label=&#8221;AIRE CONDICIONAT&#8221; _builder_version=&#8221;4.24.2&#8243; custom_margin=&#8221;||0px|&#8221; link_option_url_new_window=&#8221;on&#8221; z_index_tablet=&#8221;500&#8243; global_colors_info=&#8221;{}&#8221;]<\/p>\n<p>Temperatura establerta a partir de les mesures d&#8217;estalvi energ\u00e8tic, la RD-Llei 14\/2022, d&#8217;1\/8. Un m\u00ednim de 27\u00baC a l&#8217;estiu i un m\u00e0xim de 19\u00baC a l&#8217;hivern.<\/p>\n<p>[\/et_pb_blurb][et_pb_blurb title=&#8221;PROHIBIT FUMAR&#8221; use_icon=&#8221;on&#8221; font_icon=&#8221;&#xf54d;||fa||900&#8243; icon_color=&#8221;#333333&#8243; icon_placement=&#8221;left&#8221; admin_label=&#8221;PROHIBIT FUMAR&#8221; _builder_version=&#8221;4.24.2&#8243; custom_margin=&#8221;||0px|&#8221; z_index_tablet=&#8221;500&#8243; global_colors_info=&#8221;{}&#8221;]<\/p>\n<p>Est\u00e0 prohibit fumar dins les habitacions.<\/p>\n<p>[\/et_pb_blurb][et_pb_blurb title=&#8221;Sala de jocs&#8221; use_icon=&#8221;on&#8221; font_icon=&#8221;&#xf45d;||fa||900&#8243; icon_color=&#8221;#333333&#8243; icon_placement=&#8221;left&#8221; admin_label=&#8221;Sala de jocs&#8221; _builder_version=&#8221;4.24.2&#8243; custom_margin=&#8221;||0px|&#8221; link_option_url_new_window=&#8221;on&#8221; z_index_tablet=&#8221;500&#8243; global_colors_info=&#8221;{}&#8221;]<\/p>\n<p>Gaudeix d&#8217;un futbol\u00ed i d&#8217;una taula de ping-pong.<\/p>\n<p>[\/et_pb_blurb][et_pb_blurb title=&#8221;P\u00cdCNIC&#8221; use_icon=&#8221;on&#8221; font_icon=&#8221;&#xe0af;||fa||900&#8243; icon_color=&#8221;#333333&#8243; icon_placement=&#8221;left&#8221; admin_label=&#8221;P\u00cdCNIC&#8221; _builder_version=&#8221;4.24.2&#8243; custom_margin=&#8221;||0px|&#8221; z_index_tablet=&#8221;500&#8243; global_colors_info=&#8221;{}&#8221;]<\/p>\n<p>Avisa a recepci\u00f3 si vols que et preparem un p\u00edcnic per dur.<\/p>\n<p>[\/et_pb_blurb][et_pb_blurb title=&#8221;BUGADERIA&#8221; use_icon=&#8221;on&#8221; font_icon=&#8221;&#xf898;||fa||900&#8243; icon_color=&#8221;#333333&#8243; icon_placement=&#8221;left&#8221; admin_label=&#8221;BUGADERIA&#8221; _builder_version=&#8221;4.27.4&#8243; custom_margin=&#8221;||0px|&#8221; z_index_tablet=&#8221;500&#8243; global_colors_info=&#8221;{}&#8221;]<\/p>\n<p>Fes el pagament a recepci\u00f3 per rebre fitxes per les rentadores.<\/p>\n<p>[\/et_pb_blurb][et_pb_blurb title=&#8221;SILENCI&#8221; use_icon=&#8221;on&#8221; font_icon=&#8221;&#xf2e2;||fa||900&#8243; icon_color=&#8221;#333333&#8243; icon_placement=&#8221;left&#8221; admin_label=&#8221;SILENCI&#8221; _builder_version=&#8221;4.27.4&#8243; custom_margin=&#8221;||0px|&#8221; z_index_tablet=&#8221;500&#8243; global_colors_info=&#8221;{}&#8221;]<\/p>\n<p>Horari de silenci: de 23h a 07h.<br \/>Durant aquesta franja hor\u00e0ria cal mantenir el silenci en tot el recinte per respectar el descans de tothom.<\/p>\n<p>[\/et_pb_blurb][\/et_pb_column][\/et_pb_row][\/et_pb_section][et_pb_section fb_built=&#8221;1&#8243; _builder_version=&#8221;4.16&#8243; _module_preset=&#8221;default&#8221; custom_margin=&#8221;30px||||false|false&#8221; global_colors_info=&#8221;{}&#8221;][et_pb_row _builder_version=&#8221;4.16&#8243; _module_preset=&#8221;default&#8221; global_colors_info=&#8221;{}&#8221;][et_pb_column type=&#8221;4_4&#8243; _builder_version=&#8221;4.16&#8243; _module_preset=&#8221;default&#8221; global_colors_info=&#8221;{}&#8221;][et_pb_text _builder_version=&#8221;4.16&#8243; _module_preset=&#8221;default&#8221; global_colors_info=&#8221;{}&#8221;]<\/p>\n<h2 style=\"text-align: center;\">Com arribar<\/h2>\n<p>[\/et_pb_text][\/et_pb_column][\/et_pb_row][et_pb_row module_class=&#8221; et_pb_row_fullwidth&#8221; _builder_version=&#8221;4.16&#8243; width=&#8221;100%&#8221; width_tablet=&#8221;100%&#8221; width_phone=&#8221;&#8221; width_last_edited=&#8221;on|desktop&#8221; max_width=&#8221;100%&#8221; max_width_tablet=&#8221;100%&#8221; max_width_phone=&#8221;&#8221; max_width_last_edited=&#8221;on|desktop&#8221; module_alignment=&#8221;center&#8221; make_fullwidth=&#8221;on&#8221; locked=&#8221;off&#8221; global_colors_info=&#8221;{}&#8221;][et_pb_column type=&#8221;4_4&#8243; _builder_version=&#8221;4.16&#8243; custom_padding=&#8221;|||&#8221; global_colors_info=&#8221;{}&#8221; custom_padding__hover=&#8221;|||&#8221;][et_pb_code admin_label=&#8221;Mapa&#8221; _builder_version=&#8221;4.16&#8243; global_colors_info=&#8221;{}&#8221;]<iframe loading=\"lazy\" src=\"https:\/\/maps.google.com\/maps?width=100%&#038;height=600&#038;coord=41.315741,2.082559&#038;q=Carrer%20Riu%20Anoia%2042-54%2008820%20El%20Prat%20de%20Llobregat+(Albergue%20Centre%20Esplai)&#038;ie=UTF8&#038;t=&#038;z=16&#038;iwloc=B&#038;output=embed\" width=\"2500\" height=\"400\" frameborder=\"0\" style=\"border:0\" allowfullscreen><\/iframe>[\/et_pb_code][et_pb_button button_url=&#8221;https:\/\/albergueesplaibarcelona.com\/ca\/com-arribar\/&#8221; button_text=&#8221;Consulta aqu\u00ed com arribar en transport p\u00fablic&#8221; button_alignment=&#8221;center&#8221; _builder_version=&#8221;4.16&#8243; _module_preset=&#8221;default&#8221; custom_margin=&#8221;30px||50px||false|false&#8221; global_colors_info=&#8221;{}&#8221;][\/et_pb_button][\/et_pb_column][\/et_pb_row][\/et_pb_section][et_pb_section fb_built=&#8221;1&#8243; admin_label=&#8221;Section: Som Fundesplai&#8221; module_class=&#8221;seccio-som-fundesplai&#8221; _builder_version=&#8221;4.16&#8243; background_color=&#8221;#c3c3c2&#8243; global_module=&#8221;428&#8243; locked=&#8221;off&#8221; collapsed=&#8221;on&#8221; global_colors_info=&#8221;{}&#8221;][et_pb_row column_structure=&#8221;1_3,2_3&#8243; make_equal=&#8221;on&#8221; _builder_version=&#8221;4.16&#8243; max_width=&#8221;1080px&#8221; global_colors_info=&#8221;{}&#8221;][et_pb_column type=&#8221;1_3&#8243; _builder_version=&#8221;4.16&#8243; background_image=&#8221;https:\/\/albergueesplaibarcelona.com\/wp-content\/uploads\/2018\/06\/ninots-1.png&#8221; background_size=&#8221;contain&#8221; background_position=&#8221;bottom_left&#8221; custom_padding=&#8221;|||&#8221; global_colors_info=&#8221;{}&#8221; custom_padding__hover=&#8221;|||&#8221;][\/et_pb_column][et_pb_column type=&#8221;2_3&#8243; _builder_version=&#8221;4.16&#8243; custom_padding=&#8221;50px||50px|50px&#8221; global_colors_info=&#8221;{}&#8221; custom_padding__hover=&#8221;|||&#8221;][et_pb_text admin_label=&#8221;Somos Fundesplai (CA)&#8221; _builder_version=&#8221;4.16&#8243; custom_margin=&#8221;||20px|&#8221; z_index_tablet=&#8221;500&#8243; global_colors_info=&#8221;{}&#8221;]\n\t\t\t<div>\n\t\t\t\t<h2>\n\t\t\t\t\tSom Fundesplai\n\t\t\t\t<\/h2>\n\t\t\t\t<p>\n\t\t\t\t\tSom <strong>Fundesplai<\/strong>, una entitat sense \u00e0nim de lucre amb la missi\u00f3 d'educar els infants i joves, enfortir les entitats de lleure i el Tercer Sector, millorar el medi ambient i promoure la ciutadania i la inclusi\u00f3 social, amb voluntat transformadora.\n\t\t\t\t<\/p>\n\t\t\t\t<p>\n\t\t\t\t\tL\u2019alberg Centre Esplai ens ajuda a complir amb la nostra missi\u00f3 educativa, social i ambiental.\n\t\t\t\t<\/p>\n\t\t\t\t<p>\n\t\t\t\t\t<a class='et_pb_button et_pb_custom_button_icon et_hover_enabled et_pb_bg_layout_light' href='https:\/\/fundesplai.org\/coneix-fundesplai\/' data-icon='' style='display: inline-block;'>\n\t\t\t\t\t\tConeix Fundesplai\n\t\t\t\t\t<\/a>\n\t\t\t\t<\/p>\n\t\t\t<\/div>\n\t\t[\/et_pb_text][et_pb_text disabled_on=&#8221;on|on|on&#8221; admin_label=&#8221;Somos Fundesplai (CA)&#8221; _builder_version=&#8221;4.16&#8243; custom_margin=&#8221;||20px|&#8221; z_index_tablet=&#8221;500&#8243; disabled=&#8221;on&#8221; global_colors_info=&#8221;{}&#8221;]<\/p>\n<h2>Som Fundesplai!<\/h2>\n<p><strong>Som una entitat sense \u00e0nim de lucre<\/strong> que treballa des de fa m\u00e9s de 45 anys a favor de l&#8217;educaci\u00f3 i la felicitat dels infants, l&#8217;equitat, la inclusi\u00f3 social, la protecci\u00f3 de la natura i el desenvolupament del Tercer Sector.<\/p>\n<p>L&#8217;alberg Centre Esplai ens ajuda a complir amb la nostra missi\u00f3 educativa, social i ambiental.<\/p>\n<p>[\/et_pb_text][et_pb_button button_url=&#8221;https:\/\/fundesplai.org\/coneix-fundesplai\/&#8221; url_new_window=&#8221;on&#8221; button_text=&#8221;Coneix Fundesplai&#8221; disabled_on=&#8221;on|on|on&#8221; admin_label=&#8221;Bot\u00f3 Conoce Fundesplai&#8221; _builder_version=&#8221;4.16&#8243; custom_button=&#8221;on&#8221; button_text_color=&#8221;#ffffff&#8221; button_bg_color=&#8221;#666666&#8243; button_icon=&#8221;&#x35;||divi||400&#8243; button_bg_color_hover=&#8221;#666666&#8243; disabled=&#8221;on&#8221; global_colors_info=&#8221;{}&#8221; button_text_size__hover_enabled=&#8221;off&#8221; button_text_size__hover=&#8221;null&#8221; button_one_text_size__hover_enabled=&#8221;off&#8221; button_one_text_size__hover=&#8221;null&#8221; button_two_text_size__hover_enabled=&#8221;off&#8221; button_two_text_size__hover=&#8221;null&#8221; button_text_color__hover_enabled=&#8221;off&#8221; button_text_color__hover=&#8221;null&#8221; button_one_text_color__hover_enabled=&#8221;off&#8221; button_one_text_color__hover=&#8221;null&#8221; button_two_text_color__hover_enabled=&#8221;off&#8221; button_two_text_color__hover=&#8221;null&#8221; button_border_width__hover_enabled=&#8221;off&#8221; button_border_width__hover=&#8221;null&#8221; button_one_border_width__hover_enabled=&#8221;off&#8221; button_one_border_width__hover=&#8221;null&#8221; button_two_border_width__hover_enabled=&#8221;off&#8221; button_two_border_width__hover=&#8221;null&#8221; button_border_color__hover_enabled=&#8221;off&#8221; button_border_color__hover=&#8221;null&#8221; button_one_border_color__hover_enabled=&#8221;off&#8221; button_one_border_color__hover=&#8221;null&#8221; button_two_border_color__hover_enabled=&#8221;off&#8221; button_two_border_color__hover=&#8221;null&#8221; button_border_radius__hover_enabled=&#8221;off&#8221; button_border_radius__hover=&#8221;null&#8221; button_one_border_radius__hover_enabled=&#8221;off&#8221; button_one_border_radius__hover=&#8221;null&#8221; button_two_border_radius__hover_enabled=&#8221;off&#8221; button_two_border_radius__hover=&#8221;null&#8221; button_letter_spacing__hover_enabled=&#8221;off&#8221; button_letter_spacing__hover=&#8221;null&#8221; button_one_letter_spacing__hover_enabled=&#8221;off&#8221; button_one_letter_spacing__hover=&#8221;null&#8221; button_two_letter_spacing__hover_enabled=&#8221;off&#8221; button_two_letter_spacing__hover=&#8221;null&#8221; button_bg_color__hover_enabled=&#8221;on&#8221; button_bg_color__hover=&#8221;#666666&#8243; button_one_bg_color__hover_enabled=&#8221;off&#8221; button_one_bg_color__hover=&#8221;null&#8221; button_two_bg_color__hover_enabled=&#8221;off&#8221; button_two_bg_color__hover=&#8221;null&#8221;][\/et_pb_button][\/et_pb_column][\/et_pb_row][\/et_pb_section]<\/p>\n","protected":false},"excerpt":{"rendered":"<p>Benvingut o benvinguda a l&#8217;Alberg Centre Esplai! Per facilitar-te l&#8217;estada, posem a la teva disposici\u00f3 diverses informacions pr\u00e0ctiques. Si tens qualsevol altre dubte, sempre pots anar a la recepci\u00f3 on t&#8217;atendrem les 24h del dia o trucar al +34 93 474 46 78. Bona estada!usuari: ALBERG-WIFIcontrasenya: EcoAlberg!@ 14:00h \/ 11:00hAbans de marxar: revisa que no [&hellip;]<\/p>\n","protected":false},"author":6,"featured_media":0,"parent":0,"menu_order":0,"comment_status":"closed","ping_status":"closed","template":"","meta":{"_et_pb_use_builder":"on","_et_pb_old_content":"","_et_gb_content_width":"","footnotes":""},"class_list":["post-16736","page","type-page","status-publish","hentry"],"yoast_head":"<!-- This site is optimized with the Yoast SEO plugin v27.4 - https:\/\/yoast.com\/product\/yoast-seo-wordpress\/ -->\n<title>Info pr\u00e0ctica - Alberg Centre Esplai<\/title>\n<meta name=\"robots\" content=\"index, follow, max-snippet:-1, max-image-preview:large, max-video-preview:-1\" \/>\n<link rel=\"canonical\" href=\"https:\/\/albergueesplaibarcelona.com\/ca\/info-practica\/\" \/>\n<meta property=\"og:locale\" content=\"ca_ES\" \/>\n<meta property=\"og:type\" content=\"article\" \/>\n<meta property=\"og:title\" content=\"Info pr\u00e0ctica - Alberg Centre Esplai\" \/>\n<meta property=\"og:description\" content=\"Benvingut o benvinguda a l&#039;Alberg Centre Esplai! Per facilitar-te l&#039;estada, posem a la teva disposici\u00f3 diverses informacions pr\u00e0ctiques. Si tens qualsevol altre dubte, sempre pots anar a la recepci\u00f3 on t&#039;atendrem les 24h del dia o trucar al +34 93 474 46 78. Bona estada!usuari: ALBERG-WIFIcontrasenya: EcoAlberg!@ 14:00h \/ 11:00hAbans de marxar: revisa que no [&hellip;]\" \/>\n<meta property=\"og:url\" content=\"https:\/\/albergueesplaibarcelona.com\/ca\/info-practica\/\" \/>\n<meta property=\"og:site_name\" content=\"Alberg Centre Esplai\" \/>\n<meta property=\"article:modified_time\" content=\"2025-06-25T11:18:56+00:00\" \/>\n<meta name=\"twitter:card\" content=\"summary_large_image\" \/>\n<meta name=\"twitter:label1\" content=\"Temps estimat de lectura\" \/>\n\t<meta name=\"twitter:data1\" content=\"2 minuts\" \/>\n<script type=\"application\/ld+json\" class=\"yoast-schema-graph\">{\"@context\":\"https:\\\/\\\/schema.org\",\"@graph\":[{\"@type\":\"WebPage\",\"@id\":\"https:\\\/\\\/albergueesplaibarcelona.com\\\/ca\\\/info-practica\\\/\",\"url\":\"https:\\\/\\\/albergueesplaibarcelona.com\\\/ca\\\/info-practica\\\/\",\"name\":\"Info pr\u00e0ctica - Alberg Centre Esplai\",\"isPartOf\":{\"@id\":\"https:\\\/\\\/albergueesplaibarcelona.com\\\/ca\\\/#website\"},\"datePublished\":\"2023-07-31T07:28:01+00:00\",\"dateModified\":\"2025-06-25T11:18:56+00:00\",\"breadcrumb\":{\"@id\":\"https:\\\/\\\/albergueesplaibarcelona.com\\\/ca\\\/info-practica\\\/#breadcrumb\"},\"inLanguage\":\"ca\",\"potentialAction\":[{\"@type\":\"ReadAction\",\"target\":[\"https:\\\/\\\/albergueesplaibarcelona.com\\\/ca\\\/info-practica\\\/\"]}]},{\"@type\":\"BreadcrumbList\",\"@id\":\"https:\\\/\\\/albergueesplaibarcelona.com\\\/ca\\\/info-practica\\\/#breadcrumb\",\"itemListElement\":[{\"@type\":\"ListItem\",\"position\":1,\"name\":\"Inici\",\"item\":\"https:\\\/\\\/albergueesplaibarcelona.com\\\/ca\\\/el-albergue\\\/\"},{\"@type\":\"ListItem\",\"position\":2,\"name\":\"Info pr\u00e0ctica\"}]},{\"@type\":\"WebSite\",\"@id\":\"https:\\\/\\\/albergueesplaibarcelona.com\\\/ca\\\/#website\",\"url\":\"https:\\\/\\\/albergueesplaibarcelona.com\\\/ca\\\/\",\"name\":\"Alberg Centre Esplai\",\"description\":\"Alberg\",\"publisher\":{\"@id\":\"https:\\\/\\\/albergueesplaibarcelona.com\\\/ca\\\/#organization\"},\"potentialAction\":[{\"@type\":\"SearchAction\",\"target\":{\"@type\":\"EntryPoint\",\"urlTemplate\":\"https:\\\/\\\/albergueesplaibarcelona.com\\\/ca\\\/?s={search_term_string}\"},\"query-input\":{\"@type\":\"PropertyValueSpecification\",\"valueRequired\":true,\"valueName\":\"search_term_string\"}}],\"inLanguage\":\"ca\"},{\"@type\":\"Organization\",\"@id\":\"https:\\\/\\\/albergueesplaibarcelona.com\\\/ca\\\/#organization\",\"name\":\"Albergue Centre Esplai\",\"url\":\"https:\\\/\\\/albergueesplaibarcelona.com\\\/ca\\\/\",\"logo\":{\"@type\":\"ImageObject\",\"inLanguage\":\"ca\",\"@id\":\"https:\\\/\\\/albergueesplaibarcelona.com\\\/ca\\\/#\\\/schema\\\/logo\\\/image\\\/\",\"url\":\"https:\\\/\\\/albergueesplaibarcelona.com\\\/wp-content\\\/uploads\\\/2020\\\/12\\\/logo_alberg_centre_esplai-e1608117409320.png\",\"contentUrl\":\"https:\\\/\\\/albergueesplaibarcelona.com\\\/wp-content\\\/uploads\\\/2020\\\/12\\\/logo_alberg_centre_esplai-e1608117409320.png\",\"width\":500,\"height\":241,\"caption\":\"Albergue Centre Esplai\"},\"image\":{\"@id\":\"https:\\\/\\\/albergueesplaibarcelona.com\\\/ca\\\/#\\\/schema\\\/logo\\\/image\\\/\"}}]}<\/script>\n<!-- \/ Yoast SEO plugin. -->","yoast_head_json":{"title":"Info pr\u00e0ctica - Alberg Centre Esplai","robots":{"index":"index","follow":"follow","max-snippet":"max-snippet:-1","max-image-preview":"max-image-preview:large","max-video-preview":"max-video-preview:-1"},"canonical":"https:\/\/albergueesplaibarcelona.com\/ca\/info-practica\/","og_locale":"ca_ES","og_type":"article","og_title":"Info pr\u00e0ctica - Alberg Centre Esplai","og_description":"Benvingut o benvinguda a l'Alberg Centre Esplai! Per facilitar-te l'estada, posem a la teva disposici\u00f3 diverses informacions pr\u00e0ctiques. Si tens qualsevol altre dubte, sempre pots anar a la recepci\u00f3 on t'atendrem les 24h del dia o trucar al +34 93 474 46 78. Bona estada!usuari: ALBERG-WIFIcontrasenya: EcoAlberg!@ 14:00h \/ 11:00hAbans de marxar: revisa que no [&hellip;]","og_url":"https:\/\/albergueesplaibarcelona.com\/ca\/info-practica\/","og_site_name":"Alberg Centre Esplai","article_modified_time":"2025-06-25T11:18:56+00:00","twitter_card":"summary_large_image","twitter_misc":{"Temps estimat de lectura":"2 minuts"},"schema":{"@context":"https:\/\/schema.org","@graph":[{"@type":"WebPage","@id":"https:\/\/albergueesplaibarcelona.com\/ca\/info-practica\/","url":"https:\/\/albergueesplaibarcelona.com\/ca\/info-practica\/","name":"Info pr\u00e0ctica - Alberg Centre Esplai","isPartOf":{"@id":"https:\/\/albergueesplaibarcelona.com\/ca\/#website"},"datePublished":"2023-07-31T07:28:01+00:00","dateModified":"2025-06-25T11:18:56+00:00","breadcrumb":{"@id":"https:\/\/albergueesplaibarcelona.com\/ca\/info-practica\/#breadcrumb"},"inLanguage":"ca","potentialAction":[{"@type":"ReadAction","target":["https:\/\/albergueesplaibarcelona.com\/ca\/info-practica\/"]}]},{"@type":"BreadcrumbList","@id":"https:\/\/albergueesplaibarcelona.com\/ca\/info-practica\/#breadcrumb","itemListElement":[{"@type":"ListItem","position":1,"name":"Inici","item":"https:\/\/albergueesplaibarcelona.com\/ca\/el-albergue\/"},{"@type":"ListItem","position":2,"name":"Info pr\u00e0ctica"}]},{"@type":"WebSite","@id":"https:\/\/albergueesplaibarcelona.com\/ca\/#website","url":"https:\/\/albergueesplaibarcelona.com\/ca\/","name":"Alberg Centre Esplai","description":"Alberg","publisher":{"@id":"https:\/\/albergueesplaibarcelona.com\/ca\/#organization"},"potentialAction":[{"@type":"SearchAction","target":{"@type":"EntryPoint","urlTemplate":"https:\/\/albergueesplaibarcelona.com\/ca\/?s={search_term_string}"},"query-input":{"@type":"PropertyValueSpecification","valueRequired":true,"valueName":"search_term_string"}}],"inLanguage":"ca"},{"@type":"Organization","@id":"https:\/\/albergueesplaibarcelona.com\/ca\/#organization","name":"Albergue Centre Esplai","url":"https:\/\/albergueesplaibarcelona.com\/ca\/","logo":{"@type":"ImageObject","inLanguage":"ca","@id":"https:\/\/albergueesplaibarcelona.com\/ca\/#\/schema\/logo\/image\/","url":"https:\/\/albergueesplaibarcelona.com\/wp-content\/uploads\/2020\/12\/logo_alberg_centre_esplai-e1608117409320.png","contentUrl":"https:\/\/albergueesplaibarcelona.com\/wp-content\/uploads\/2020\/12\/logo_alberg_centre_esplai-e1608117409320.png","width":500,"height":241,"caption":"Albergue Centre Esplai"},"image":{"@id":"https:\/\/albergueesplaibarcelona.com\/ca\/#\/schema\/logo\/image\/"}}]}},"_links":{"self":[{"href":"https:\/\/albergueesplaibarcelona.com\/ca\/wp-json\/wp\/v2\/pages\/16736","targetHints":{"allow":["GET"]}}],"collection":[{"href":"https:\/\/albergueesplaibarcelona.com\/ca\/wp-json\/wp\/v2\/pages"}],"about":[{"href":"https:\/\/albergueesplaibarcelona.com\/ca\/wp-json\/wp\/v2\/types\/page"}],"author":[{"embeddable":true,"href":"https:\/\/albergueesplaibarcelona.com\/ca\/wp-json\/wp\/v2\/users\/6"}],"replies":[{"embeddable":true,"href":"https:\/\/albergueesplaibarcelona.com\/ca\/wp-json\/wp\/v2\/comments?post=16736"}],"version-history":[{"count":71,"href":"https:\/\/albergueesplaibarcelona.com\/ca\/wp-json\/wp\/v2\/pages\/16736\/revisions"}],"predecessor-version":[{"id":21022,"href":"https:\/\/albergueesplaibarcelona.com\/ca\/wp-json\/wp\/v2\/pages\/16736\/revisions\/21022"}],"wp:attachment":[{"href":"https:\/\/albergueesplaibarcelona.com\/ca\/wp-json\/wp\/v2\/media?parent=16736"}],"curies":[{"name":"wp","href":"https:\/\/api.w.org\/{rel}","templated":true}]}}