{"id":453,"date":"2018-06-18T06:59:16","date_gmt":"2018-06-18T06:59:16","guid":{"rendered":"http:\/\/albergueesplaibarcelona.com\/como-llegar\/"},"modified":"2025-09-24T21:17:21","modified_gmt":"2025-09-24T19:17:21","slug":"com-arribar","status":"publish","type":"page","link":"https:\/\/albergueesplaibarcelona.com\/ca\/com-arribar\/","title":{"rendered":"Com arribar"},"content":{"rendered":"<p>[et_pb_section fb_built=&#8221;1&#8243; _builder_version=&#8221;4.16&#8243; global_colors_info=&#8221;{}&#8221;][et_pb_row _builder_version=&#8221;4.16&#8243; background_size=&#8221;initial&#8221; background_position=&#8221;top_left&#8221; background_repeat=&#8221;repeat&#8221; global_colors_info=&#8221;{}&#8221;][et_pb_column type=&#8221;4_4&#8243; _builder_version=&#8221;4.16&#8243; custom_padding=&#8221;|||&#8221; global_colors_info=&#8221;{}&#8221; custom_padding__hover=&#8221;|||&#8221;][et_pb_text admin_label=&#8221;C\u00d3MO LLEGAR&#8221; _builder_version=&#8221;4.24.2&#8243; global_colors_info=&#8221;{}&#8221;]<\/p>\n<h2>COM ARRIBAR<\/h2>\n<p>[\/et_pb_text][\/et_pb_column][\/et_pb_row][et_pb_row column_structure=&#8221;1_6,1_6,1_6,1_6,1_6,1_6&#8243; module_class=&#8221;llista-icones-blurb-awesome&#8221; _builder_version=&#8221;4.16&#8243; locked=&#8221;off&#8221; global_colors_info=&#8221;{}&#8221;][et_pb_column type=&#8221;1_6&#8243; _builder_version=&#8221;4.16&#8243; custom_padding=&#8221;|||&#8221; global_colors_info=&#8221;{}&#8221; custom_padding__hover=&#8221;|||&#8221;][\/et_pb_column][et_pb_column type=&#8221;1_6&#8243; _builder_version=&#8221;4.16&#8243; custom_padding=&#8221;|||&#8221; global_colors_info=&#8221;{}&#8221; custom_padding__hover=&#8221;|||&#8221;][\/et_pb_column][et_pb_column type=&#8221;1_6&#8243; _builder_version=&#8221;4.16&#8243; custom_padding=&#8221;|||&#8221; global_colors_info=&#8221;{}&#8221; custom_padding__hover=&#8221;|||&#8221;][et_pb_blurb title=&#8221;Transport p\u00fablic&#8221; url=&#8221;#public&#8221; use_icon=&#8221;on&#8221; font_icon=&#8221;&#xf239;||fa||900&#8243; admin_label=&#8221;TRANSPORT P\u00daBLIC&#8221; _builder_version=&#8221;4.24.2&#8243; link_option_url=&#8221;#public&#8221; global_colors_info=&#8221;{}&#8221;][\/et_pb_blurb][\/et_pb_column][et_pb_column type=&#8221;1_6&#8243; _builder_version=&#8221;4.16&#8243; custom_padding=&#8221;|||&#8221; global_colors_info=&#8221;{}&#8221; custom_padding__hover=&#8221;|||&#8221;][et_pb_blurb title=&#8221;Cotxe&#8221; url=&#8221;#cotxe&#8221; use_icon=&#8221;on&#8221; font_icon=&#8221;&#xf1b9;||fa||900&#8243; admin_label=&#8221;COTXE&#8221; _builder_version=&#8221;4.24.2&#8243; header_level=&#8221;h3&#8243; link_option_url=&#8221;#cotxe&#8221; global_colors_info=&#8221;{}&#8221;][\/et_pb_blurb][\/et_pb_column][et_pb_column type=&#8221;1_6&#8243; _builder_version=&#8221;4.16&#8243; custom_padding=&#8221;|||&#8221; global_colors_info=&#8221;{}&#8221; custom_padding__hover=&#8221;|||&#8221;][\/et_pb_column][et_pb_column type=&#8221;1_6&#8243; _builder_version=&#8221;4.16&#8243; custom_padding=&#8221;|||&#8221; global_colors_info=&#8221;{}&#8221; custom_padding__hover=&#8221;|||&#8221;][\/et_pb_column][\/et_pb_row][et_pb_row module_class=&#8221; et_pb_row_fullwidth&#8221; _builder_version=&#8221;4.16&#8243; width=&#8221;100%&#8221; width_tablet=&#8221;100%&#8221; width_phone=&#8221;&#8221; width_last_edited=&#8221;on|desktop&#8221; max_width=&#8221;100%&#8221; max_width_tablet=&#8221;100%&#8221; max_width_phone=&#8221;&#8221; max_width_last_edited=&#8221;on|desktop&#8221; module_alignment=&#8221;center&#8221; make_fullwidth=&#8221;on&#8221; global_colors_info=&#8221;{}&#8221;][et_pb_column type=&#8221;4_4&#8243; _builder_version=&#8221;4.16&#8243; custom_padding=&#8221;|||&#8221; global_colors_info=&#8221;{}&#8221; custom_padding__hover=&#8221;|||&#8221;][et_pb_code admin_label=&#8221;Mapa&#8221; _builder_version=&#8221;4.16&#8243; global_colors_info=&#8221;{}&#8221;]<iframe loading=\"lazy\" style=\"border: 0;\" src=\"https:\/\/maps.google.com\/maps?width=100%&amp;height=600&amp;coord=41.315741,2.082559&amp;q=Carrer%20Riu%20Anoia%2042-54%2008820%20El%20Prat%20de%20Llobregat+(Albergue%20Centre%20Esplai)&amp;ie=UTF8&amp;t=&amp;z=16&amp;iwloc=B&amp;output=embed\" width=\"2500\" height=\"600\" frameborder=\"0\" allowfullscreen=\"allowfullscreen\"><\/iframe>[\/et_pb_code][\/et_pb_column][\/et_pb_row][\/et_pb_section][et_pb_section fb_built=&#8221;1&#8243; admin_label=&#8221;Secci\u00f3n TRANSPORT P\u00daBLIC&#8221; module_id=&#8221;public&#8221; _builder_version=&#8221;4.24.2&#8243; collapsed=&#8221;on&#8221; global_colors_info=&#8221;{}&#8221;][et_pb_row _builder_version=&#8221;4.16&#8243; background_size=&#8221;initial&#8221; background_position=&#8221;top_left&#8221; background_repeat=&#8221;repeat&#8221; global_colors_info=&#8221;{}&#8221;][et_pb_column type=&#8221;4_4&#8243; _builder_version=&#8221;4.16&#8243; custom_padding=&#8221;|||&#8221; global_colors_info=&#8221;{}&#8221; custom_padding__hover=&#8221;|||&#8221;][et_pb_text admin_label=&#8221;EN TRANSPORTE PUBLICO &#8211; t\u00edtol&#8221; _builder_version=&#8221;4.24.2&#8243; global_colors_info=&#8221;{}&#8221;]<\/p>\n<h2>EN TRANSPORT P\u00daBLIC<\/h2>\n<p>[\/et_pb_text][\/et_pb_column][\/et_pb_row][et_pb_row _builder_version=&#8221;4.16&#8243; background_size=&#8221;initial&#8221; background_position=&#8221;top_left&#8221; background_repeat=&#8221;repeat&#8221; global_colors_info=&#8221;{}&#8221;][et_pb_column type=&#8221;4_4&#8243; _builder_version=&#8221;4.16&#8243; custom_padding=&#8221;|||&#8221; global_colors_info=&#8221;{}&#8221; custom_padding__hover=&#8221;|||&#8221;][et_pb_accordion _builder_version=&#8221;4.16&#8243; global_colors_info=&#8221;{}&#8221;][et_pb_accordion_item title=&#8221;Des de l&apos;AEROPORT BARCELONA &#8211; EL PRAT&#8221; open=&#8221;on&#8221; _builder_version=&#8221;4.16&#8243; global_colors_info=&#8221;{}&#8221;]<strong>METRO: L9 Sud<\/strong> (Terminal 1 i Terminal 2). Viatjar fins a l&#8217;estaci\u00f3 <strong>Parc Nou<\/strong> , situada a 550 metres (nom\u00e9s 7 minuts caminant fins a l&#8217;Alberg). <\/p>\n<p><strong>AUTOB\u00daS: PR1<\/strong> (T1\/T2 di\u00fcrn), <strong>N19<\/strong> (T1\/T2 nocturn) <strong>i N17<\/strong> (T1 nocturn). Servei cobert 24 hores, 365 dies de l&#8217;any. Parada: Av. Onze de Setembre &#8211; Riu Anoia (davant Comissaria Policia).   <\/p>\n<ul>\n<li>Terminal 1 i 2: <strong>PR1<\/strong> (5.05-23.05 hores de dilluns a diumenge) cada 30 minuts. Passatgers que arriben a la terminal 1, \u00e9s aconsellable agafar la llan\u00e7adora gratu\u00efta fins a la terminal 2 i agafar l&#8217;autob\u00fas PR1 (el trajecte \u00e9s m\u00e9s directe). <\/li>\n<li>Terminal 1 i 2: <strong>N17<\/strong> (21.55-04.50 hores de dilluns a diumenge), cada 15 minuts.<\/li>\n<li>Terminal 2: <strong>N19<\/strong> (23.45-05.48 hores de dilluns a diumenge), cada 30 minuts.<\/li>\n<\/ul>\n<p>[\/et_pb_accordion_item][et_pb_accordion_item title=&#8221;Des de BARCELONA &#8211; ESTACI\u00d3 DE SANTS&#8221; _builder_version=&#8221;4.16&#8243; global_colors_info=&#8221;{}&#8221;]<strong>METRO:<\/strong> <strong>L5<\/strong> fins a <strong>Collblanc<\/strong> i transbordament a <strong>L9 Sud.<\/strong> Estaci\u00f3 <strong>Parc Nou<\/strong> , situada a 550 metres (nom\u00e9s 7 minuts caminant fins a l&#8217;Alberg).<\/p>\n<p><strong>TREN: L\u00ednia rodalies R2 Nord i R2 Sud.<\/strong>  Parada a Estaci\u00f3 del Prat de Llobregat. Un cop all\u00e0, <strong>Metro L9<\/strong> i baixar a l&#8217;estaci\u00f3 Parc Nou; o b\u00e9, agafar l&#8217;autob\u00fas <strong>PR1, PR2 o PR3<\/strong> amb parada al c\/ Riu Llobregat.<br \/>\n[\/et_pb_accordion_item][et_pb_accordion_item title=&#8221;Des de BARCELONA &#8211; PLA\u00c7A ESPANYA&#8221; _builder_version=&#8221;4.16&#8243; global_colors_info=&#8221;{}&#8221;]<strong>Autob\u00fas 65<\/strong> Parada: C\/Riu Llobregat<\/p>\n<p><strong>Autob\u00fas 165<\/strong> <strong>Pratexpress<\/strong> Parada: Av.Remolar-Riu Guadalquivir<br \/>\n[\/et_pb_accordion_item][et_pb_accordion_item title=&#8221;Des de FIRA DE BARCELONA&#8221; _builder_version=&#8221;4.16&#8243; global_colors_info=&#8221;{}&#8221;]<strong>METRO: L9 Sud<\/strong> (prop de la Fira de Barcelona hi ha la parada Fira). Viatjar fins a l&#8217;estaci\u00f3 <strong>Parc Nou<\/strong> , situada a 550 metres (nom\u00e9s 7 minuts caminant fins a l&#8217;Alberg).<br \/>\n[\/et_pb_accordion_item][et_pb_accordion_item title=&#8221;Des de l\u00b4Estadi Ol\u00edmpic Llu\u00eds Companys (FC Barcelona)&#8221; _builder_version=&#8221;4.16&#8243; global_colors_info=&#8221;{}&#8221;]<span style=\"color: #ff0000;\">(Provisional 2023-24 per obres al Camp Nou Spotify)<\/span><\/p>\n<p><strong>METRO:<\/strong> Baixar caminant 20 minuts des de l&#8217;estadi fins a la parada d&#8217; <strong>Espanya<\/strong> , agafar la l\u00ednia <strong>L1<\/strong> (direcci\u00f3 Hospital de Bellvitge) i parar a <strong>Torrassa<\/strong> . Aqu\u00ed fer transbordament amb la l\u00ednia <strong>L9 Sud<\/strong> (direcci\u00f3 Aeroport) i baixar a <strong>Parc Nou<\/strong> (a 7 minuts caminant de l&#8217;Alberg). <\/p>\n<p><strong>BUS:<\/strong> Caminar uns 20 minuts fins a baixar a la parada del <strong>bus 65<\/strong> a <strong>Pla\u00e7a Espanya<\/strong> . O agafar des de l&#8217;estadi la <strong>l\u00ednia 150<\/strong> de bus que triga nom\u00e9s 13 minuts a baixar.<br \/>\n[\/et_pb_accordion_item][et_pb_accordion_item title=&#8221;Des de la Platja del Prat de Llobregat&#8221; _builder_version=&#8221;4.16&#8243; global_colors_info=&#8221;{}&#8221;]<strong>BUS:<\/strong> <strong>PR3<\/strong> Platja del Prat\/Mirador. &#8211; Riu Llobregat\/Pl. Antoni Mart\u00ed i S. (de dilluns a divendres del 01 de juny al 08 de setembre) cada 30 minuts. Bus <strong>PLATJA EXPRESS<\/strong> Platja del Prat\/Mirador. &#8211; Av. Remolar\/Riu Guadalquivir (dissabte, diumenge i festius, de juny, juliol i agost) cada 30 minuts.<br \/>\n[\/et_pb_accordion_item][\/et_pb_accordion][\/et_pb_column][\/et_pb_row][\/et_pb_section][et_pb_section fb_built=&#8221;1&#8243; admin_label=&#8221;Secci\u00f3n COTXE&#8221; module_id=&#8221;cotxe&#8221; _builder_version=&#8221;4.24.2&#8243; collapsed=&#8221;off&#8221; global_colors_info=&#8221;{}&#8221;][et_pb_row _builder_version=&#8221;4.16&#8243; background_size=&#8221;initial&#8221; background_position=&#8221;top_left&#8221; background_repeat=&#8221;repeat&#8221; global_colors_info=&#8221;{}&#8221;][et_pb_column type=&#8221;4_4&#8243; _builder_version=&#8221;4.16&#8243; custom_padding=&#8221;|||&#8221; global_colors_info=&#8221;{}&#8221; custom_padding__hover=&#8221;|||&#8221;][et_pb_text admin_label=&#8221;EN COCHE &#8211; t\u00edtol&#8221; _builder_version=&#8221;4.24.2&#8243; global_colors_info=&#8221;{}&#8221;]<\/p>\n<h2>EN COTXE<\/h2>\n<p>[\/et_pb_text][et_pb_text admin_label=&#8221;en coche explicaci\u00f3&#8221; _builder_version=&#8221;4.27.4&#8243; hover_enabled=&#8221;0&#8243; global_colors_info=&#8221;{}&#8221; sticky_enabled=&#8221;0&#8243;]<\/p>\n<p><span class=\"HwtZe\" lang=\"es\"><span class=\"jCAhz ChMk0b\"><span class=\"ryNqvb\">Si segueixes les <a href=\"https:\/\/www.google.com\/maps\/dir\/\/Carrer+del+Riu+Anoia,+42-54+08820+El+Prat+de+Llobregat+Barcelona\/@41.315625,2.0825474,16z\/data=!4m8!4m7!1m0!1m5!1m1!1s0x12a49e93c748ac33:0x200b90def9b8bb61!2m2!1d2.0825474!2d41.315625?entry=ttu&amp;g_ep=EgoyMDI0MTExMi4wIKXMDSoASAFQAw%3D%3D\">instruccions de Google Maps<\/a>, arribar\u00e0s sense problemes!<br \/><\/span><\/span><\/span><\/p>\n<p>L\u00b4alberg t\u00e9 acc\u00e9s directe per l\u00b4autovia C-31 i C-32. Est\u00e0 situat a 5 minuts de l&#8217;aeroport de Barcelona i a 15 minuts amb cotxe del centre de Barcelona. Hi ha una zona d&#8217;aparcament gratu\u00eft.  <\/p>\n<p>[\/et_pb_text][\/et_pb_column][\/et_pb_row][\/et_pb_section][et_pb_section fb_built=&#8221;1&#8243; disabled_on=&#8221;off|off|off&#8221; module_class=&#8221;seccio-segueix-nos&#8221; _builder_version=&#8221;3.22.3&#8243; custom_margin=&#8221;50px||50px|&#8221; global_module=&#8221;182&#8243; global_colors_info=&#8221;{}&#8221;][et_pb_row _builder_version=&#8221;4.16&#8243; background_size=&#8221;initial&#8221; background_position=&#8221;top_left&#8221; background_repeat=&#8221;repeat&#8221; locked=&#8221;off&#8221; global_colors_info=&#8221;{}&#8221;][et_pb_column type=&#8221;4_4&#8243; _builder_version=&#8221;4.16&#8243; custom_padding=&#8221;|||&#8221; global_colors_info=&#8221;{}&#8221; custom_padding__hover=&#8221;|||&#8221;][et_pb_text admin_label=&#8221;\u00a1Reserva ahora! (CA)&#8221; _builder_version=&#8221;4.16&#8243; text_orientation=&#8221;center&#8221; global_colors_info=&#8221;{}&#8221;]<\/p>\n<h2>Reserva ara!<\/h2>\n<p>[\/et_pb_text][et_pb_code admin_label=&#8221;Formulari de reserves (CA)&#8221; _builder_version=&#8221;4.16&#8243; z_index_tablet=&#8221;500&#8243; global_colors_info=&#8221;{}&#8221;]<\/p>\n<div class=\"form-reserva-inline\"><!-- [et_pb_line_break_holder] -->\t<\/p>\n<form action=\"\/ca\/reserva-ya\/\"><!-- [et_pb_line_break_holder] -->\t\t<label for=\"check_in_date\">Entrada<\/label><!-- [et_pb_line_break_holder] -->\t\t<input name=\"check_in_date\" id=\"check_in_date\" type=\"date\"><!-- [et_pb_line_break_holder] -->\t\t<label for=\"check_out_date\">Sortida<\/label><!-- [et_pb_line_break_holder] -->\t\t<input name=\"check_out_date\" id=\"check_out_date\" type=\"date\"><!-- [et_pb_line_break_holder] -->\t\t<label for=\"number_adults\" style=\"display:none\">Adults<\/label><!-- [et_pb_line_break_holder] -->\t\t<\/p>\n<div class=\"select-wrapper\"><!-- [et_pb_line_break_holder] -->\t\t\t<select name=\"number_adults\" id=\"number_adults\"><!-- [et_pb_line_break_holder] --><option value=\"1\">1 adult<\/option><!-- [et_pb_line_break_holder] --><option value=\"2\" selected>2 adults<\/option><!-- [et_pb_line_break_holder] --><option value=\"3\">3 adults<\/option><!-- [et_pb_line_break_holder] --><option value=\"4\">4 adults<\/option><!-- [et_pb_line_break_holder] --><option value=\"5\">5 adults<\/option><!-- [et_pb_line_break_holder] --><option value=\"6\">6 adults<\/option><!-- [et_pb_line_break_holder] --><option value=\"7\">7 adults<\/option><!-- [et_pb_line_break_holder] --><option value=\"8\">8 adults<\/option><!-- [et_pb_line_break_holder] --><option value=\"9\">9 adults<\/option><!-- [et_pb_line_break_holder] --><option value=\"10\">10 adults<\/option><!-- [et_pb_line_break_holder] --><option value=\"11\">11 adults<\/option><!-- [et_pb_line_break_holder] --><option value=\"12\">12 adults<\/option><!-- [et_pb_line_break_holder] --><option value=\"13\">13 adults<\/option><!-- [et_pb_line_break_holder] --><option value=\"14\">14 adults<\/option><!-- [et_pb_line_break_holder] --><option value=\"15\">15 adults<\/option><!-- [et_pb_line_break_holder] -->\t\t\t<\/select><!-- [et_pb_line_break_holder] -->\t\t<\/div>\n<p><!-- [et_pb_line_break_holder] -->\t\t<label for=\"number_children\" style=\"display:none\">Nens\/ns<\/label><!-- [et_pb_line_break_holder] -->\t\t<\/p>\n<div class=\"select-wrapper\"><!-- [et_pb_line_break_holder] -->\t\t\t<select name=\"number_children\" id=\"number_children\"><!-- [et_pb_line_break_holder] --><option value=\"0\" selected>0 infants<\/option><!-- [et_pb_line_break_holder] --><option value=\"1\">1 infant<\/option><!-- [et_pb_line_break_holder] --><option value=\"2\">2 infants<\/option><!-- [et_pb_line_break_holder] --><option value=\"3\">3 infants<\/option><!-- [et_pb_line_break_holder] --><option value=\"4\">4 infants<\/option><!-- [et_pb_line_break_holder] --><option value=\"5\">5 infants<\/option><!-- [et_pb_line_break_holder] --><option value=\"6\">6 infants<\/option><!-- [et_pb_line_break_holder] --><option value=\"7\">7 infants<\/option><!-- [et_pb_line_break_holder] --><option value=\"8\">8 infants<\/option><!-- [et_pb_line_break_holder] --><option value=\"9\">9 infants<\/option><!-- [et_pb_line_break_holder] --><option value=\"10\">10 infants<\/option><!-- [et_pb_line_break_holder] --><option value=\"11\">11 infants<\/option><!-- [et_pb_line_break_holder] --><option value=\"12\">12 infants<\/option><!-- [et_pb_line_break_holder] --><option value=\"13\">13 infants<\/option><!-- [et_pb_line_break_holder] --><option value=\"14\">14 infants<\/option><!-- [et_pb_line_break_holder] --><option value=\"15\">15 infants<\/option><!-- [et_pb_line_break_holder] -->\t\t\t<\/select><!-- [et_pb_line_break_holder] -->\t\t<\/div>\n<p><!-- [et_pb_line_break_holder] -->\t\t<label for=\"number_infants\" style=\"display:none\">Nedar<\/label><!-- [et_pb_line_break_holder] -->\t   <\/p>\n<div class=\"select-wrapper\"><!-- [et_pb_line_break_holder] -->\t\t   <select name=\"number_infants\" id=\"number_infants\"><!-- [et_pb_line_break_holder] --><option value=\"0\" selected>0 nadons (&lt;2)<\/option><!-- [et_pb_line_break_holder] --><option value=\"1\">1 ned\u00f3 (&lt;2)<\/option><!-- [et_pb_line_break_holder] --><option value=\"2\">2 nadons (&lt;2)<\/option><!-- [et_pb_line_break_holder] --><option value=\"3\">3 nadons (&lt;2)<\/option><!-- [et_pb_line_break_holder] --><option value=\"4\">4 nadons (&lt;2)<\/option><!-- [et_pb_line_break_holder] --><option value=\"5\">5 nadons (&lt;2)<\/option><!-- [et_pb_line_break_holder] --><option value=\"6\">6 nadons (&lt;2)<\/option><!-- [et_pb_line_break_holder] --><option value=\"7\">7 nadons (&lt;2)<\/option><!-- [et_pb_line_break_holder] --><option value=\"8\">8 nadons (&lt;2)<\/option><!-- [et_pb_line_break_holder] -->\t\t   <\/select><!-- [et_pb_line_break_holder] -->\t   <\/div>\n<p><!-- [et_pb_line_break_holder] -->\t\t<button type=\"submit\">Reserva<\/button><!-- [et_pb_line_break_holder] -->\t<\/form>\n<p><!-- [et_pb_line_break_holder] --><\/div>\n<p>[\/et_pb_code][\/et_pb_column][\/et_pb_row][\/et_pb_section][et_pb_section fb_built=&#8221;1&#8243; admin_label=&#8221;Section: Som Fundesplai&#8221; module_class=&#8221;seccio-som-fundesplai&#8221; _builder_version=&#8221;4.16&#8243; background_color=&#8221;#c3c3c2&#8243; global_module=&#8221;26&#8243; locked=&#8221;off&#8221; collapsed=&#8221;on&#8221; global_colors_info=&#8221;{}&#8221;][et_pb_row column_structure=&#8221;1_3,2_3&#8243; make_equal=&#8221;on&#8221; _builder_version=&#8221;4.16&#8243; max_width=&#8221;1080px&#8221; global_colors_info=&#8221;{}&#8221;][et_pb_column type=&#8221;1_3&#8243; _builder_version=&#8221;4.16&#8243; background_image=&#8221;https:\/\/albergueesplaibarcelona.com\/wp-content\/uploads\/2018\/06\/ninots-1.png&#8221; background_size=&#8221;contain&#8221; background_position=&#8221;bottom_left&#8221; custom_padding=&#8221;|||&#8221; global_colors_info=&#8221;{}&#8221; custom_padding__hover=&#8221;|||&#8221;][\/et_pb_column][et_pb_column type=&#8221;2_3&#8243; _builder_version=&#8221;4.16&#8243; custom_padding=&#8221;50px||50px|50px&#8221; global_colors_info=&#8221;{}&#8221; custom_padding__hover=&#8221;|||&#8221;][et_pb_text admin_label=&#8221;Somos Fundesplai (CA)&#8221; _builder_version=&#8221;4.16&#8243; custom_margin=&#8221;||20px|&#8221; z_index_tablet=&#8221;500&#8243; global_colors_info=&#8221;{}&#8221;]\n\t\t\t<div>\n\t\t\t\t<h2>\n\t\t\t\t\tSom Fundesplai\n\t\t\t\t<\/h2>\n\t\t\t\t<p>\n\t\t\t\t\tSom <strong>Fundesplai<\/strong>, una entitat sense \u00e0nim de lucre amb la missi\u00f3 d'educar els infants i joves, enfortir les entitats de lleure i el Tercer Sector, millorar el medi ambient i promoure la ciutadania i la inclusi\u00f3 social, amb voluntat transformadora.\n\t\t\t\t<\/p>\n\t\t\t\t<p>\n\t\t\t\t\tL\u2019alberg Centre Esplai ens ajuda a complir amb la nostra missi\u00f3 educativa, social i ambiental.\n\t\t\t\t<\/p>\n\t\t\t\t<p>\n\t\t\t\t\t<a class='et_pb_button et_pb_custom_button_icon et_hover_enabled et_pb_bg_layout_light' href='https:\/\/fundesplai.org\/coneix-fundesplai\/' data-icon='' style='display: inline-block;'>\n\t\t\t\t\t\tConeix Fundesplai\n\t\t\t\t\t<\/a>\n\t\t\t\t<\/p>\n\t\t\t<\/div>\n\t\t[\/et_pb_text][et_pb_text disabled_on=&#8221;on|on|on&#8221; admin_label=&#8221;Somos Fundesplai (CA)&#8221; _builder_version=&#8221;4.16&#8243; custom_margin=&#8221;||20px|&#8221; z_index_tablet=&#8221;500&#8243; disabled=&#8221;on&#8221; global_colors_info=&#8221;{}&#8221;]<\/p>\n<h2>Som Fundesplai!<\/h2>\n<p><strong>Som una entitat sense \u00e0nim de lucre<\/strong> que treballa des de fa m\u00e9s de 45 anys a favor de l&#8217;educaci\u00f3 i la felicitat dels infants, l&#8217;equitat, la inclusi\u00f3 social, la protecci\u00f3 de la natura i el desenvolupament del Tercer Sector.<\/p>\n<p>L&#8217;Alberg Centre Esplai ens ajuda a complir la nostra missi\u00f3 educativa, social i ambiental.<\/p>\n<p>[\/et_pb_text][et_pb_button button_url=&#8221;https:\/\/fundesplai.org\/coneix-fundesplai\/&#8221; url_new_window=&#8221;on&#8221; button_text=&#8221;Coneix Fundesplai&#8221; disabled_on=&#8221;on|on|on&#8221; admin_label=&#8221;Bot\u00f3 Conoce Fundesplai&#8221; _builder_version=&#8221;4.16&#8243; custom_button=&#8221;on&#8221; button_text_color=&#8221;#ffffff&#8221; button_bg_color=&#8221;#666666&#8243; button_icon=&#8221;&#x35;||divi||400&#8243; button_bg_color_hover=&#8221;#666666&#8243; disabled=&#8221;on&#8221; global_colors_info=&#8221;{}&#8221; button_text_size__hover_enabled=&#8221;off&#8221; button_text_size__hover=&#8221;null&#8221; button_one_text_size__hover_enabled=&#8221;off&#8221; button_one_text_size__hover=&#8221;null&#8221; button_two_text_size__hover_enabled=&#8221;off&#8221; button_two_text_size__hover=&#8221;null&#8221; button_text_color__hover_enabled=&#8221;off&#8221; button_text_color__hover=&#8221;null&#8221; button_one_text_color__hover_enabled=&#8221;off&#8221; button_one_text_color__hover=&#8221;null&#8221; button_two_text_color__hover_enabled=&#8221;off&#8221; button_two_text_color__hover=&#8221;null&#8221; button_border_width__hover_enabled=&#8221;off&#8221; button_border_width__hover=&#8221;null&#8221; button_one_border_width__hover_enabled=&#8221;off&#8221; button_one_border_width__hover=&#8221;null&#8221; button_two_border_width__hover_enabled=&#8221;off&#8221; button_two_border_width__hover=&#8221;null&#8221; button_border_color__hover_enabled=&#8221;off&#8221; button_border_color__hover=&#8221;null&#8221; button_one_border_color__hover_enabled=&#8221;off&#8221; button_one_border_color__hover=&#8221;null&#8221; button_two_border_color__hover_enabled=&#8221;off&#8221; button_two_border_color__hover=&#8221;null&#8221; button_border_radius__hover_enabled=&#8221;off&#8221; button_border_radius__hover=&#8221;null&#8221; button_one_border_radius__hover_enabled=&#8221;off&#8221; button_one_border_radius__hover=&#8221;null&#8221; button_two_border_radius__hover_enabled=&#8221;off&#8221; button_two_border_radius__hover=&#8221;null&#8221; button_letter_spacing__hover_enabled=&#8221;off&#8221; button_letter_spacing__hover=&#8221;null&#8221; button_one_letter_spacing__hover_enabled=&#8221;off&#8221; button_one_letter_spacing__hover=&#8221;null&#8221; button_two_letter_spacing__hover_enabled=&#8221;off&#8221; button_two_letter_spacing__hover=&#8221;null&#8221; button_bg_color__hover_enabled=&#8221;on&#8221; button_bg_color__hover=&#8221;#666666&#8243; button_one_bg_color__hover_enabled=&#8221;off&#8221; button_one_bg_color__hover=&#8221;null&#8221; button_two_bg_color__hover_enabled=&#8221;off&#8221; button_two_bg_color__hover=&#8221;null&#8221;][\/et_pb_button][\/et_pb_column][\/et_pb_row][\/et_pb_section]<\/p>\n","protected":false},"excerpt":{"rendered":"<p>COM ARRIBAR EN TRANSPORT P\u00daBLIC METRO: L9 Sud (Terminal 1 i Terminal 2). Viatjar fins a l&#8217;estaci\u00f3 Parc Nou , situada a 550 metres (nom\u00e9s 7 minuts caminant fins a l&#8217;Alberg). AUTOB\u00daS: PR1 (T1\/T2 di\u00fcrn), N19 (T1\/T2 nocturn) i N17 (T1 nocturn). Servei cobert 24 hores, 365 dies de l&#8217;any. Parada: Av. Onze de Setembre [&hellip;]<\/p>\n","protected":false},"author":1,"featured_media":0,"parent":0,"menu_order":0,"comment_status":"closed","ping_status":"closed","template":"","meta":{"_et_pb_use_builder":"on","_et_pb_old_content":"","_et_gb_content_width":"","footnotes":""},"class_list":["post-453","page","type-page","status-publish","hentry"],"yoast_head":"<!-- This site is optimized with the Yoast SEO plugin v27.5 - https:\/\/yoast.com\/product\/yoast-seo-wordpress\/ -->\n<title>Com arribar - Alberg Centre Esplai<\/title>\n<meta name=\"robots\" content=\"index, follow, max-snippet:-1, max-image-preview:large, max-video-preview:-1\" \/>\n<link rel=\"canonical\" href=\"https:\/\/albergueesplaibarcelona.com\/ca\/com-arribar\/\" \/>\n<meta property=\"og:locale\" content=\"ca_ES\" \/>\n<meta property=\"og:type\" content=\"article\" \/>\n<meta property=\"og:title\" content=\"Com arribar - Alberg Centre Esplai\" \/>\n<meta property=\"og:description\" content=\"COM ARRIBAR EN TRANSPORT P\u00daBLIC METRO: L9 Sud (Terminal 1 i Terminal 2). Viatjar fins a l&#039;estaci\u00f3 Parc Nou , situada a 550 metres (nom\u00e9s 7 minuts caminant fins a l&#039;Alberg). AUTOB\u00daS: PR1 (T1\/T2 di\u00fcrn), N19 (T1\/T2 nocturn) i N17 (T1 nocturn). Servei cobert 24 hores, 365 dies de l&#039;any. Parada: Av. Onze de Setembre [&hellip;]\" \/>\n<meta property=\"og:url\" content=\"https:\/\/albergueesplaibarcelona.com\/ca\/com-arribar\/\" \/>\n<meta property=\"og:site_name\" content=\"Alberg Centre Esplai\" \/>\n<meta property=\"article:modified_time\" content=\"2025-09-24T19:17:21+00:00\" \/>\n<meta name=\"twitter:card\" content=\"summary_large_image\" \/>\n<meta name=\"twitter:label1\" content=\"Temps estimat de lectura\" \/>\n\t<meta name=\"twitter:data1\" content=\"3 minuts\" \/>\n<script type=\"application\/ld+json\" class=\"yoast-schema-graph\">{\"@context\":\"https:\\\/\\\/schema.org\",\"@graph\":[{\"@type\":\"WebPage\",\"@id\":\"https:\\\/\\\/albergueesplaibarcelona.com\\\/ca\\\/com-arribar\\\/\",\"url\":\"https:\\\/\\\/albergueesplaibarcelona.com\\\/ca\\\/com-arribar\\\/\",\"name\":\"Com arribar - Alberg Centre Esplai\",\"isPartOf\":{\"@id\":\"https:\\\/\\\/albergueesplaibarcelona.com\\\/ca\\\/#website\"},\"datePublished\":\"2018-06-18T06:59:16+00:00\",\"dateModified\":\"2025-09-24T19:17:21+00:00\",\"breadcrumb\":{\"@id\":\"https:\\\/\\\/albergueesplaibarcelona.com\\\/ca\\\/com-arribar\\\/#breadcrumb\"},\"inLanguage\":\"ca\",\"potentialAction\":[{\"@type\":\"ReadAction\",\"target\":[\"https:\\\/\\\/albergueesplaibarcelona.com\\\/ca\\\/com-arribar\\\/\"]}]},{\"@type\":\"BreadcrumbList\",\"@id\":\"https:\\\/\\\/albergueesplaibarcelona.com\\\/ca\\\/com-arribar\\\/#breadcrumb\",\"itemListElement\":[{\"@type\":\"ListItem\",\"position\":1,\"name\":\"Inici\",\"item\":\"https:\\\/\\\/albergueesplaibarcelona.com\\\/ca\\\/el-albergue\\\/\"},{\"@type\":\"ListItem\",\"position\":2,\"name\":\"Com arribar\"}]},{\"@type\":\"WebSite\",\"@id\":\"https:\\\/\\\/albergueesplaibarcelona.com\\\/ca\\\/#website\",\"url\":\"https:\\\/\\\/albergueesplaibarcelona.com\\\/ca\\\/\",\"name\":\"Alberg Centre Esplai\",\"description\":\"Alberg\",\"publisher\":{\"@id\":\"https:\\\/\\\/albergueesplaibarcelona.com\\\/ca\\\/#organization\"},\"potentialAction\":[{\"@type\":\"SearchAction\",\"target\":{\"@type\":\"EntryPoint\",\"urlTemplate\":\"https:\\\/\\\/albergueesplaibarcelona.com\\\/ca\\\/?s={search_term_string}\"},\"query-input\":{\"@type\":\"PropertyValueSpecification\",\"valueRequired\":true,\"valueName\":\"search_term_string\"}}],\"inLanguage\":\"ca\"},{\"@type\":\"Organization\",\"@id\":\"https:\\\/\\\/albergueesplaibarcelona.com\\\/ca\\\/#organization\",\"name\":\"Albergue Centre Esplai\",\"url\":\"https:\\\/\\\/albergueesplaibarcelona.com\\\/ca\\\/\",\"logo\":{\"@type\":\"ImageObject\",\"inLanguage\":\"ca\",\"@id\":\"https:\\\/\\\/albergueesplaibarcelona.com\\\/ca\\\/#\\\/schema\\\/logo\\\/image\\\/\",\"url\":\"https:\\\/\\\/albergueesplaibarcelona.com\\\/wp-content\\\/uploads\\\/2020\\\/12\\\/logo_alberg_centre_esplai-e1608117409320.png\",\"contentUrl\":\"https:\\\/\\\/albergueesplaibarcelona.com\\\/wp-content\\\/uploads\\\/2020\\\/12\\\/logo_alberg_centre_esplai-e1608117409320.png\",\"width\":500,\"height\":241,\"caption\":\"Albergue Centre Esplai\"},\"image\":{\"@id\":\"https:\\\/\\\/albergueesplaibarcelona.com\\\/ca\\\/#\\\/schema\\\/logo\\\/image\\\/\"}}]}<\/script>\n<!-- \/ Yoast SEO plugin. -->","yoast_head_json":{"title":"Com arribar - Alberg Centre Esplai","robots":{"index":"index","follow":"follow","max-snippet":"max-snippet:-1","max-image-preview":"max-image-preview:large","max-video-preview":"max-video-preview:-1"},"canonical":"https:\/\/albergueesplaibarcelona.com\/ca\/com-arribar\/","og_locale":"ca_ES","og_type":"article","og_title":"Com arribar - Alberg Centre Esplai","og_description":"COM ARRIBAR EN TRANSPORT P\u00daBLIC METRO: L9 Sud (Terminal 1 i Terminal 2). Viatjar fins a l'estaci\u00f3 Parc Nou , situada a 550 metres (nom\u00e9s 7 minuts caminant fins a l'Alberg). AUTOB\u00daS: PR1 (T1\/T2 di\u00fcrn), N19 (T1\/T2 nocturn) i N17 (T1 nocturn). Servei cobert 24 hores, 365 dies de l'any. Parada: Av. Onze de Setembre [&hellip;]","og_url":"https:\/\/albergueesplaibarcelona.com\/ca\/com-arribar\/","og_site_name":"Alberg Centre Esplai","article_modified_time":"2025-09-24T19:17:21+00:00","twitter_card":"summary_large_image","twitter_misc":{"Temps estimat de lectura":"3 minuts"},"schema":{"@context":"https:\/\/schema.org","@graph":[{"@type":"WebPage","@id":"https:\/\/albergueesplaibarcelona.com\/ca\/com-arribar\/","url":"https:\/\/albergueesplaibarcelona.com\/ca\/com-arribar\/","name":"Com arribar - Alberg Centre Esplai","isPartOf":{"@id":"https:\/\/albergueesplaibarcelona.com\/ca\/#website"},"datePublished":"2018-06-18T06:59:16+00:00","dateModified":"2025-09-24T19:17:21+00:00","breadcrumb":{"@id":"https:\/\/albergueesplaibarcelona.com\/ca\/com-arribar\/#breadcrumb"},"inLanguage":"ca","potentialAction":[{"@type":"ReadAction","target":["https:\/\/albergueesplaibarcelona.com\/ca\/com-arribar\/"]}]},{"@type":"BreadcrumbList","@id":"https:\/\/albergueesplaibarcelona.com\/ca\/com-arribar\/#breadcrumb","itemListElement":[{"@type":"ListItem","position":1,"name":"Inici","item":"https:\/\/albergueesplaibarcelona.com\/ca\/el-albergue\/"},{"@type":"ListItem","position":2,"name":"Com arribar"}]},{"@type":"WebSite","@id":"https:\/\/albergueesplaibarcelona.com\/ca\/#website","url":"https:\/\/albergueesplaibarcelona.com\/ca\/","name":"Alberg Centre Esplai","description":"Alberg","publisher":{"@id":"https:\/\/albergueesplaibarcelona.com\/ca\/#organization"},"potentialAction":[{"@type":"SearchAction","target":{"@type":"EntryPoint","urlTemplate":"https:\/\/albergueesplaibarcelona.com\/ca\/?s={search_term_string}"},"query-input":{"@type":"PropertyValueSpecification","valueRequired":true,"valueName":"search_term_string"}}],"inLanguage":"ca"},{"@type":"Organization","@id":"https:\/\/albergueesplaibarcelona.com\/ca\/#organization","name":"Albergue Centre Esplai","url":"https:\/\/albergueesplaibarcelona.com\/ca\/","logo":{"@type":"ImageObject","inLanguage":"ca","@id":"https:\/\/albergueesplaibarcelona.com\/ca\/#\/schema\/logo\/image\/","url":"https:\/\/albergueesplaibarcelona.com\/wp-content\/uploads\/2020\/12\/logo_alberg_centre_esplai-e1608117409320.png","contentUrl":"https:\/\/albergueesplaibarcelona.com\/wp-content\/uploads\/2020\/12\/logo_alberg_centre_esplai-e1608117409320.png","width":500,"height":241,"caption":"Albergue Centre Esplai"},"image":{"@id":"https:\/\/albergueesplaibarcelona.com\/ca\/#\/schema\/logo\/image\/"}}]}},"_links":{"self":[{"href":"https:\/\/albergueesplaibarcelona.com\/ca\/wp-json\/wp\/v2\/pages\/453","targetHints":{"allow":["GET"]}}],"collection":[{"href":"https:\/\/albergueesplaibarcelona.com\/ca\/wp-json\/wp\/v2\/pages"}],"about":[{"href":"https:\/\/albergueesplaibarcelona.com\/ca\/wp-json\/wp\/v2\/types\/page"}],"author":[{"embeddable":true,"href":"https:\/\/albergueesplaibarcelona.com\/ca\/wp-json\/wp\/v2\/users\/1"}],"replies":[{"embeddable":true,"href":"https:\/\/albergueesplaibarcelona.com\/ca\/wp-json\/wp\/v2\/comments?post=453"}],"version-history":[{"count":16,"href":"https:\/\/albergueesplaibarcelona.com\/ca\/wp-json\/wp\/v2\/pages\/453\/revisions"}],"predecessor-version":[{"id":22835,"href":"https:\/\/albergueesplaibarcelona.com\/ca\/wp-json\/wp\/v2\/pages\/453\/revisions\/22835"}],"wp:attachment":[{"href":"https:\/\/albergueesplaibarcelona.com\/ca\/wp-json\/wp\/v2\/media?parent=453"}],"curies":[{"name":"wp","href":"https:\/\/api.w.org\/{rel}","templated":true}]}}