{"id":3825,"date":"2019-05-03T16:31:16","date_gmt":"2019-05-03T16:31:16","guid":{"rendered":"http:\/\/albergueesplaibarcelona.com\/services\/"},"modified":"2025-10-10T18:21:20","modified_gmt":"2025-10-10T16:21:20","slug":"services","status":"publish","type":"page","link":"https:\/\/albergueesplaibarcelona.com\/de\/services\/","title":{"rendered":"Services"},"content":{"rendered":"<p>[et_pb_section fb_built=&#8220;1&#8243; _builder_version=&#8220;4.16&#8243; custom_css_main_element=&#8220;margin: 0;&#8220; global_colors_info=&#8220;{}&#8220;][et_pb_row module_class=&#8220; et_pb_row_fullwidth et_pb_row_fullwidth et_pb_row_fullwidth et_pb_row_fullwidth et_pb_row_fullwidth&#8220; _builder_version=&#8220;4.16&#8243; width=&#8220;100%&#8220; width_tablet=&#8220;100%&#8220; width_phone=&#8220;&#8220; width_last_edited=&#8220;on|desktop&#8220; max_width=&#8220;100%&#8220; max_width_tablet=&#8220;100%&#8220; max_width_phone=&#8220;&#8220; max_width_last_edited=&#8220;on|desktop&#8220; make_fullwidth=&#8220;on&#8220; global_colors_info=&#8220;{}&#8220;][et_pb_column type=&#8220;4_4&#8243; _builder_version=&#8220;4.16&#8243; custom_padding=&#8220;|||&#8220; global_colors_info=&#8220;{}&#8220; custom_padding__hover=&#8220;|||&#8220;][et_pb_post_title meta=&#8220;off&#8220; featured_image=&#8220;off&#8220; _builder_version=&#8220;4.16&#8243; global_colors_info=&#8220;{}&#8220;]<br \/>\n[\/et_pb_post_title][et_pb_text admin_label=&#8220;Texto&#8220; _builder_version=&#8220;4.27.4&#8243; _module_preset=&#8220;default&#8220; custom_margin=&#8220;||30px||false|false&#8220; global_colors_info=&#8220;{}&#8220;]<\/p>\n<p style=\"text-align: center;\">Mit allen Annehmlichkeiten, die Sie brauchen, um Ihren Aufenthalt in Barcelona zu genie\u00dfen!<\/p>\n<p>[\/et_pb_text][\/et_pb_column][\/et_pb_row][\/et_pb_section][et_pb_section fb_built=&#8220;1&#8243; disabled_on=&#8220;off|off|off&#8220; module_class=&#8220;graella-moduls-grisa&#8220; _builder_version=&#8220;4.16&#8243; global_colors_info=&#8220;{}&#8220;][et_pb_row column_structure=&#8220;1_3,1_3,1_3&#8243; _builder_version=&#8220;4.16&#8243; max_width=&#8220;1080px&#8220; global_colors_info=&#8220;{}&#8220;][et_pb_column type=&#8220;1_3&#8243; _builder_version=&#8220;4.16&#8243; custom_padding=&#8220;|||&#8220; global_colors_info=&#8220;{}&#8220; custom_padding__hover=&#8220;|||&#8220;][et_pb_blurb title=&#8220;122 Privatzimmer&#8220; url=&#8220;https:\/\/albergueesplaibarcelona.com\/de\/die-herberge\/zimmer\/&#8220; use_icon=&#8220;on&#8220; font_icon=&#8220;&#xf236;||fa||900&#8243; admin_label=&#8220;124 Habitaciones privadas&#8220; _builder_version=&#8220;4.24.2&#8243; header_level=&#8220;h3&#8243; link_option_url=&#8220;https:\/\/albergueesplaibarcelona.com\/de\/die-herberge\/zimmer\/&#8220; z_index_tablet=&#8220;500&#8243; global_colors_info=&#8220;{}&#8220;]<\/p>\n<p style=\"text-align: center;\">457 Betten in 122 Privatzimmern f\u00fcr 1 bis 6 Personen mit Bad und Balkon.<\/p>\n<p>[\/et_pb_blurb][\/et_pb_column][et_pb_column type=&#8220;1_3&#8243; _builder_version=&#8220;4.16&#8243; custom_padding=&#8220;|||&#8220; global_colors_info=&#8220;{}&#8220; custom_padding__hover=&#8220;|||&#8220;][et_pb_blurb title=&#8220;Gratis-WLAN&#8220; use_icon=&#8220;on&#8220; font_icon=&#8220;&#xf1eb;||fa||900&#8243; admin_label=&#8220;Wifi (sin-icono-enlace)&#8220; module_class=&#8220;sin-icono-enlace&#8220; _builder_version=&#8220;4.24.2&#8243; header_level=&#8220;h3&#8243; z_index_tablet=&#8220;500&#8243; global_colors_info=&#8220;{}&#8220;]<\/p>\n<p style=\"text-align: center;\">Wir haben kostenloses High-Speed-WIFI f\u00fcr alle unsere G\u00e4ste. Fragen Sie an der Rezeption nach dem Passwort. <\/p>\n<p>[\/et_pb_blurb][\/et_pb_column][et_pb_column type=&#8220;1_3&#8243; _builder_version=&#8220;4.16&#8243; custom_padding=&#8220;|||&#8220; global_colors_info=&#8220;{}&#8220; custom_padding__hover=&#8220;|||&#8220;][et_pb_blurb title=&#8220;100% barrierefrei&#8220; url=&#8220;https:\/\/albergueesplaibarcelona.com\/de\/die-herberge\/100-barrierefrei\/&#8220; use_icon=&#8220;on&#8220; font_icon=&#8220;&#xf193;||fa||900&#8243; admin_label=&#8220;100% Accesible&#8220; _builder_version=&#8220;4.24.2&#8243; header_level=&#8220;h3&#8243; link_option_url=&#8220;https:\/\/albergueesplaibarcelona.com\/de\/die-herberge\/100-barrierefrei\/&#8220; global_colors_info=&#8220;{}&#8220;]<\/p>\n<p style=\"text-align: center;\">Alle Einrichtungen der Herberge sind f\u00fcr Menschen mit eingeschr\u00e4nkter Mobilit\u00e4t oder Blindheit zug\u00e4nglich &#8211; es ist eine Herberge f\u00fcr alle! <\/p>\n<p>[\/et_pb_blurb][\/et_pb_column][\/et_pb_row][et_pb_row column_structure=&#8220;1_3,1_3,1_3&#8243; _builder_version=&#8220;4.16&#8243; max_width=&#8220;1080px&#8220; global_colors_info=&#8220;{}&#8220;][et_pb_column type=&#8220;1_3&#8243; _builder_version=&#8220;4.16&#8243; custom_padding=&#8220;|||&#8220; global_colors_info=&#8220;{}&#8220; custom_padding__hover=&#8220;|||&#8220;][et_pb_blurb title=&#8220;Buffet-Restaurant und Men\u00fc&#8220; url=&#8220;https:\/\/albergueesplaibarcelona.com\/de\/die-herberge\/restaurant\/&#8220; use_icon=&#8220;on&#8220; font_icon=&#8220;&#xe559;||fa||900&#8243; admin_label=&#8220;Restaurante&#8220; _builder_version=&#8220;4.24.2&#8243; header_level=&#8220;h3&#8243; link_option_url=&#8220;https:\/\/albergueesplaibarcelona.com\/de\/die-herberge\/restaurant\/&#8220; global_colors_info=&#8220;{}&#8220;]<\/p>\n<p style=\"text-align: center;\">Im Restaurant k\u00f6nnen Sie das Fr\u00fchst\u00fccksbuffet genie\u00dfen sowie Mittag- und Abendessen in Form eines Men\u00fcs mit mediterraner und lokaler K\u00fcche.<\/p>\n<p>[\/et_pb_blurb][\/et_pb_column][et_pb_column type=&#8220;1_3&#8243; _builder_version=&#8220;4.16&#8243; custom_padding=&#8220;|||&#8220; global_colors_info=&#8220;{}&#8220; custom_padding__hover=&#8220;|||&#8220;][et_pb_blurb title=&#8220;Radverleih&#8220; use_icon=&#8220;on&#8220; font_icon=&#8220;&#xf206;||fa||900&#8243; admin_label=&#8220;Alquiler de bicicletas (sin-icono-enlace)&#8220; module_class=&#8220;sin-icono-enlace&#8220; _builder_version=&#8220;4.24.2&#8243; header_level=&#8220;h3&#8243; global_colors_info=&#8220;{}&#8220;]<\/p>\n<p style=\"text-align: center;\">M\u00f6chten Sie den Strand auf R\u00e4dern erreichen? Fragen Sie an der Rezeption nach einem Fahrradverleih. <\/p>\n<p>[\/et_pb_blurb][\/et_pb_column][et_pb_column type=&#8220;1_3&#8243; _builder_version=&#8220;4.16&#8243; custom_padding=&#8220;|||&#8220; global_colors_info=&#8220;{}&#8220; custom_padding__hover=&#8220;|||&#8220;][et_pb_blurb title=&#8220;Pool&#8220; url=&#8220;https:\/\/albergueesplaibarcelona.com\/de\/die-herberge\/pool\/&#8220; use_icon=&#8220;on&#8220; font_icon=&#8220;&#xf5c5;||fa||900&#8243; admin_label=&#8220;Piscina&#8220; _builder_version=&#8220;4.24.2&#8243; header_level=&#8220;h3&#8243; link_option_url=&#8220;https:\/\/albergueesplaibarcelona.com\/de\/die-herberge\/pool\/&#8220; global_colors_info=&#8220;{}&#8220;]<\/p>\n<p style=\"text-align: center;\">Im Sommer k\u00f6nnen Sie sich im beheizten Pool abk\u00fchlen und im Solarium ein Sonnenbad nehmen. Kostenlos f\u00fcr Einzelpersonen und erm\u00e4\u00dfigter Preis f\u00fcr Gruppen. <\/p>\n<p>[\/et_pb_blurb][\/et_pb_column][\/et_pb_row][et_pb_row column_structure=&#8220;1_3,1_3,1_3&#8243; _builder_version=&#8220;4.16&#8243; max_width=&#8220;1080px&#8220; global_colors_info=&#8220;{}&#8220;][et_pb_column type=&#8220;1_3&#8243; _builder_version=&#8220;4.16&#8243; custom_padding=&#8220;|||&#8220; global_colors_info=&#8220;{}&#8220; custom_padding__hover=&#8220;|||&#8220;][et_pb_blurb title=&#8220;Mehrzweckraum&#8220; url=&#8220;https:\/\/albergueesplaibarcelona.com\/de\/die-herberge\/mehrzweckraum\/&#8220; use_icon=&#8220;on&#8220; font_icon=&#8220;&#xf434;||fa||900&#8243; admin_label=&#8220;Espacio polivalente&#8220; _builder_version=&#8220;4.27.4&#8243; header_level=&#8220;h3&#8243; link_option_url=&#8220;https:\/\/albergueesplaibarcelona.com\/de\/die-herberge\/mehrzweckraum\/&#8220; hover_enabled=&#8220;0&#8243; global_colors_info=&#8220;{}&#8220; sticky_enabled=&#8220;0&#8243;]<\/p>\n<p style=\"text-align: center;\">Unser Mehrzweck- und Multifunktionspavillon ist f\u00fcr die Ausrichtung von Sport-, Kultur- und Gro\u00dfveranstaltungen konzipiert, ohne dass \u00dcbernachtungen erforderlich sind.<\/p>\n<p>[\/et_pb_blurb][\/et_pb_column][et_pb_column type=&#8220;1_3&#8243; _builder_version=&#8220;4.16&#8243; custom_padding=&#8220;|||&#8220; global_colors_info=&#8220;{}&#8220; custom_padding__hover=&#8220;|||&#8220;][et_pb_blurb title=&#8220;Bar-Cafeteria&#8220; url=&#8220;https:\/\/albergueesplaibarcelona.com\/de\/die-herberge\/cafeteria-aprop\/&#8220; use_icon=&#8220;on&#8220; font_icon=&#8220;&#xf6c5;||fa||900&#8243; admin_label=&#8220;Cafeter\u00eda&#8220; _builder_version=&#8220;4.27.4&#8243; header_level=&#8220;h3&#8243; link_option_url=&#8220;https:\/\/albergueesplaibarcelona.com\/de\/die-herberge\/cafeteria-aprop\/&#8220; global_colors_info=&#8220;{}&#8220;]<\/p>\n<p style=\"text-align: center;\">Die Bar-Cafeteria Aprop &#8211; Km0 bietet Ihnen jeden Tag lokale, hochwertige und gesunde Produkte mit vegetarischen, veganen, ECO-, BIO- und nat\u00fcrlichen Optionen f\u00fcr Ihre Pausen oder Meetings.<\/p>\n<p>&nbsp;<\/p>\n<p>[\/et_pb_blurb][\/et_pb_column][et_pb_column type=&#8220;1_3&#8243; _builder_version=&#8220;4.16&#8243; custom_padding=&#8220;|||&#8220; global_colors_info=&#8220;{}&#8220; custom_padding__hover=&#8220;|||&#8220;][et_pb_blurb title=&#8220;\u00d6kotourismus Barcelona&#8220; url=&#8220;https:\/\/albergueesplaibarcelona.com\/ecoturismo-barcelona\/&#8220; use_icon=&#8220;on&#8220; font_icon=&#8220;&#xf05a;||fa||900&#8243; admin_label=&#8220;Ecoturismo Barcelona&#8220; _builder_version=&#8220;4.27.4&#8243; header_level=&#8220;h3&#8243; link_option_url=&#8220;https:\/\/albergueesplaibarcelona.com\/ecoturismo-barcelona\/&#8220; global_colors_info=&#8220;{}&#8220;]<\/p>\n<p style=\"text-align: center;\">Wir bieten Ihnen die besten touristischen Informationen, um Barcelona auf nachhaltige und verantwortungsvolle Weise f\u00fcr den Planeten zu besuchen.<\/p>\n<p>&nbsp;<\/p>\n<p>[\/et_pb_blurb][\/et_pb_column][\/et_pb_row][et_pb_row column_structure=&#8220;1_3,1_3,1_3&#8243; _builder_version=&#8220;4.16&#8243; max_width=&#8220;1080px&#8220; global_colors_info=&#8220;{}&#8220;][et_pb_column type=&#8220;1_3&#8243; _builder_version=&#8220;4.16&#8243; custom_padding=&#8220;|||&#8220; global_colors_info=&#8220;{}&#8220; custom_padding__hover=&#8220;|||&#8220;][et_pb_blurb title=&#8220;Gef\u00fchrte Ausfl\u00fcge&#8220; use_icon=&#8220;on&#8220; font_icon=&#8220;&#xf1e5;||fa||900&#8243; admin_label=&#8220;Excursiones guiadas (sin-icono-enlace)&#8220; module_class=&#8220;sin-icono-enlace&#8220; _builder_version=&#8220;4.24.2&#8243; header_level=&#8220;h3&#8243; global_colors_info=&#8220;{}&#8220;]<\/p>\n<p style=\"text-align: center;\">Wir organisieren gef\u00fchrte \u00d6ko-Routen f\u00fcr Gruppen (+ 15 Personen) in Naturgebieten in der N\u00e4he von Barcelona mit erfahrenen Natur- und Trekkingf\u00fchrern. Fragen Sie nach Preisen und Bedingungen. <\/p>\n<p>[\/et_pb_blurb][\/et_pb_column][et_pb_column type=&#8220;1_3&#8243; _builder_version=&#8220;4.16&#8243; custom_padding=&#8220;|||&#8220; global_colors_info=&#8220;{}&#8220; custom_padding__hover=&#8220;|||&#8220;][et_pb_blurb title=&#8220;Auditorium&#8220; url=&#8220;https:\/\/albergueesplaibarcelona.com\/de\/die-herberge\/auditorium\/&#8220; use_icon=&#8220;on&#8220; font_icon=&#8220;&#xf63d;||fa||900&#8243; admin_label=&#8220;Auditorio &#8220; _builder_version=&#8220;4.24.2&#8243; header_level=&#8220;h3&#8243; link_option_url=&#8220;https:\/\/albergueesplaibarcelona.com\/de\/die-herberge\/auditorium\/&#8220; global_colors_info=&#8220;{}&#8220;]<\/p>\n<p style=\"text-align: center;\">Das Auditorium bietet Platz f\u00fcr 285 Personen und ist mit modernster Technik ausgestattet. Pr\u00fcfen Sie die Preise und Bedingungen. <\/p>\n<p>[\/et_pb_blurb][\/et_pb_column][et_pb_column type=&#8220;1_3&#8243; _builder_version=&#8220;4.16&#8243; custom_padding=&#8220;|||&#8220; global_colors_info=&#8220;{}&#8220; custom_padding__hover=&#8220;|||&#8220;][et_pb_blurb title=&#8220;Arbeitsr\u00e4ume&#8220; url=&#8220;https:\/\/albergueesplaibarcelona.com\/de\/die-herberge\/arbeitsraume\/&#8220; use_icon=&#8220;on&#8220; font_icon=&#8220;&#xf51c;||fa||900&#8243; admin_label=&#8220;Aulas de trabajo&#8220; _builder_version=&#8220;4.24.2&#8243; header_level=&#8220;h3&#8243; link_option_url=&#8220;https:\/\/albergueesplaibarcelona.com\/de\/die-herberge\/arbeitsraume\/&#8220; global_colors_info=&#8220;{}&#8220;]<\/p>\n<p style=\"text-align: center;\">In den 18 Mehrzweckr\u00e4umen und der Agora k\u00f6nnen Sie Meetings, Schulungen, Kurse, Versammlungen usw. abhalten. Informieren Sie sich \u00fcber Preise und Konditionen.<\/p>\n<p>[\/et_pb_blurb][\/et_pb_column][\/et_pb_row][et_pb_row column_structure=&#8220;1_3,1_3,1_3&#8243; _builder_version=&#8220;4.16&#8243; max_width=&#8220;1080px&#8220; global_colors_info=&#8220;{}&#8220;][et_pb_column type=&#8220;1_3&#8243; _builder_version=&#8220;4.16&#8243; custom_padding=&#8220;|||&#8220; global_colors_info=&#8220;{}&#8220; custom_padding__hover=&#8220;|||&#8220;][et_pb_blurb title=&#8220;Heizung und Klimaanlage&#8220; use_icon=&#8220;on&#8220; font_icon=&#8220;&#xf8f4;||fa||900&#8243; admin_label=&#8220;Calefacci\u00f3n y aire acondicionado&#8220; _builder_version=&#8220;4.24.2&#8243; header_level=&#8220;h3&#8243; z_index_tablet=&#8220;500&#8243; global_colors_info=&#8220;{}&#8220;]<\/p>\n<p style=\"text-align: center;\">Die Temperatur des gesamten Wohnheims wird durch ein zentrales Domotiksystem geregelt.<\/p>\n<p>[\/et_pb_blurb][\/et_pb_column][et_pb_column type=&#8220;1_3&#8243; _builder_version=&#8220;4.16&#8243; custom_padding=&#8220;|||&#8220; global_colors_info=&#8220;{}&#8220; custom_padding__hover=&#8220;|||&#8220;][et_pb_blurb title=&#8220;Picknick-Service&#8220; use_icon=&#8220;on&#8220; font_icon=&#8220;&#xe0af;||fa||900&#8243; admin_label=&#8220;Picnic  (sin-icono-enlace)&#8220; module_class=&#8220;sin-icono-enlace&#8220; _builder_version=&#8220;4.24.2&#8243; header_level=&#8220;h3&#8243; global_colors_info=&#8220;{}&#8220;]<\/p>\n<p style=\"text-align: center;\">Wir k\u00f6nnen ein Picknick f\u00fcr Sie vorbereiten, wenn Sie den ganzen Tag in Barcelona, am Strand oder anderswo unterwegs sind. Bitte informieren Sie uns im Voraus! <\/p>\n<p>[\/et_pb_blurb][\/et_pb_column][et_pb_column type=&#8220;1_3&#8243; _builder_version=&#8220;4.16&#8243; custom_padding=&#8220;|||&#8220; global_colors_info=&#8220;{}&#8220; custom_padding__hover=&#8220;|||&#8220;][et_pb_blurb title=&#8220;Terrasse und Garten&#8220; url=&#8220;https:\/\/albergueesplaibarcelona.com\/de\/die-herberge\/garten\/&#8220; use_icon=&#8220;on&#8220; font_icon=&#8220;&#xf400;||fa||900&#8243; admin_label=&#8220;Terraza y jardin&#8220; _builder_version=&#8220;4.24.2&#8243; header_level=&#8220;h3&#8243; link_option_url=&#8220;https:\/\/albergueesplaibarcelona.com\/de\/die-herberge\/garten\/&#8220; global_colors_info=&#8220;{}&#8220;]<\/p>\n<p style=\"text-align: center;\">Entspannen Sie sich im Schatten der B\u00e4ume und im Vogelgezwitscher auf der Terrasse und im mediterranen Garten.<\/p>\n<p>[\/et_pb_blurb][\/et_pb_column][\/et_pb_row][et_pb_row column_structure=&#8220;1_3,1_3,1_3&#8243; _builder_version=&#8220;4.16&#8243; max_width=&#8220;1080px&#8220; global_colors_info=&#8220;{}&#8220;][et_pb_column type=&#8220;1_3&#8243; _builder_version=&#8220;4.16&#8243; custom_padding=&#8220;|||&#8220; global_colors_info=&#8220;{}&#8220; custom_padding__hover=&#8220;|||&#8220;][et_pb_blurb title=&#8220;Spielebereich&#8220; use_icon=&#8220;on&#8220; font_icon=&#8220;&#xf45d;||fa||900&#8243; admin_label=&#8220;Area de juegos (sin-icono-enlace)&#8220; module_class=&#8220;sin-icono-enlace&#8220; _builder_version=&#8220;4.24.2&#8243; header_level=&#8220;h3&#8243; global_colors_info=&#8220;{}&#8220;]<\/p>\n<p style=\"text-align: center;\">Spa\u00df ist garantiert! Genie\u00dfen Sie den kostenlosen Spielbereich f\u00fcr Jung und Alt mit Ihren Freunden. <\/p>\n<p>[\/et_pb_blurb][\/et_pb_column][et_pb_column type=&#8220;1_3&#8243; _builder_version=&#8220;4.16&#8243; custom_padding=&#8220;|||&#8220; global_colors_info=&#8220;{}&#8220; custom_padding__hover=&#8220;|||&#8220;][et_pb_blurb title=&#8220;Autobus&#8220; use_icon=&#8220;on&#8220; font_icon=&#8220;&#xf207;||fa||900&#8243; admin_label=&#8220;Autocar (sin-icono-enlace)&#8220; module_class=&#8220;sin-icono-enlace&#8220; _builder_version=&#8220;4.24.2&#8243; header_level=&#8220;h3&#8243; global_colors_info=&#8220;{}&#8220;]<\/p>\n<p style=\"text-align: center;\">Wir bieten einen privaten Bustransport f\u00fcr Gruppen ab der T\u00fcr der Herberge. Pr\u00fcfen Sie Preise und Bedingungen, einfach und bequem!  <\/p>\n<p>[\/et_pb_blurb][\/et_pb_column][et_pb_column type=&#8220;1_3&#8243; _builder_version=&#8220;4.16&#8243; custom_padding=&#8220;|||&#8220; global_colors_info=&#8220;{}&#8220; custom_padding__hover=&#8220;|||&#8220;][et_pb_blurb title=&#8220;Nahe dem Flughafen&#8220; url=&#8220;https:\/\/albergueesplaibarcelona.com\/de\/anreise\/&#8220; use_icon=&#8220;on&#8220; font_icon=&#8220;&#xf072;||fa||900&#8243; admin_label=&#8220;Cerca del aeropuerto&#8220; _builder_version=&#8220;4.24.2&#8243; header_level=&#8220;h3&#8243; link_option_url=&#8220;https:\/\/albergueesplaibarcelona.com\/de\/anreise\/&#8220; global_colors_info=&#8220;{}&#8220;]<\/p>\n<p style=\"text-align: center;\">Wir sind 5 Minuten vom Flughafen entfernt (mit dem Auto) und 5 Minuten &#8211; zu Fu\u00df &#8211; von der U-Bahn (L9 &#8211; Haltestelle Parc Nou).<\/p>\n<p>[\/et_pb_blurb][\/et_pb_column][\/et_pb_row][et_pb_row column_structure=&#8220;1_3,1_3,1_3&#8243; _builder_version=&#8220;4.16&#8243; max_width=&#8220;1080px&#8220; global_colors_info=&#8220;{}&#8220;][et_pb_column type=&#8220;1_3&#8243; _builder_version=&#8220;4.16&#8243; custom_padding=&#8220;|||&#8220; global_colors_info=&#8220;{}&#8220; custom_padding__hover=&#8220;|||&#8220;][et_pb_blurb title=&#8220;Rezeption rund um die Uhr&#8220; use_icon=&#8220;on&#8220; font_icon=&#8220;&#xf1da;||fa||900&#8243; admin_label=&#8220;Recepci\u00f3n 24h (sin-icono-enlace)&#8220; module_class=&#8220;sin-icono-enlace&#8220; _builder_version=&#8220;4.24.2&#8243; header_level=&#8220;h3&#8243; global_colors_info=&#8220;{}&#8220;]<\/p>\n<p style=\"text-align: center;\">An der Rezeption finden Sie unser mehrsprachiges Personal, das Ihnen 24 Stunden am Tag mit allem, was Sie brauchen, zur Seite steht.<\/p>\n<p>[\/et_pb_blurb][\/et_pb_column][et_pb_column type=&#8220;1_3&#8243; _builder_version=&#8220;4.16&#8243; custom_padding=&#8220;|||&#8220; global_colors_info=&#8220;{}&#8220; custom_padding__hover=&#8220;|||&#8220;][et_pb_blurb title=&#8220;Kostenloses und kostenpflichtiges Parken&#8220; use_icon=&#8220;on&#8220; font_icon=&#8220;&#xf540;||fa||900&#8243; admin_label=&#8220;Parking gratuito (sin-icono-enlace)&#8220; module_class=&#8220;sin-icono-enlace&#8220; _builder_version=&#8220;4.24.2&#8243; header_level=&#8220;h3&#8243; global_colors_info=&#8220;{}&#8220;]<\/p>\n<p style=\"text-align: center;\">Machen Sie sich keine Sorgen um das Parken Ihres Autos! Sie haben einen kostenlosen Parkplatz und einen Privatparkplatz mit reservierten Pl\u00e4tzen f\u00fcr Elektroautos. <\/p>\n<p>[\/et_pb_blurb][\/et_pb_column][et_pb_column type=&#8220;1_3&#8243; _builder_version=&#8220;4.16&#8243; custom_padding=&#8220;|||&#8220; global_colors_info=&#8220;{}&#8220; custom_padding__hover=&#8220;|||&#8220;][et_pb_blurb title=&#8220;Ladestation f\u00fcr Elektroautos&#8220; use_icon=&#8220;on&#8220; font_icon=&#8220;&#xf5e7;||fa||900&#8243; admin_label=&#8220;Coche el\u00e9ctrico (sin-icono-enlace)&#8220; module_class=&#8220;sin-icono-enlace&#8220; _builder_version=&#8220;4.24.2&#8243; header_level=&#8220;h3&#8243; global_colors_info=&#8220;{}&#8220;]<\/p>\n<p style=\"text-align: center;\">Wenn Sie in der Jugendherberge \u00fcbernachten und Ihr Elektroauto mitbringen, k\u00f6nnen Sie es tags\u00fcber in der Jugendherberge aufladen.<\/p>\n<p>[\/et_pb_blurb][\/et_pb_column][\/et_pb_row][et_pb_row column_structure=&#8220;1_3,1_3,1_3&#8243; _builder_version=&#8220;4.16&#8243; max_width=&#8220;1080px&#8220; global_colors_info=&#8220;{}&#8220;][et_pb_column type=&#8220;1_3&#8243; _builder_version=&#8220;4.16&#8243; custom_padding=&#8220;|||&#8220; global_colors_info=&#8220;{}&#8220; custom_padding__hover=&#8220;|||&#8220;][et_pb_blurb title=&#8220;Kaffeepause&#8220; use_icon=&#8220;on&#8220; font_icon=&#8220;&#xf0f4;||fa||900&#8243; admin_label=&#8220;Coffe break (sin-icono-enlace)&#8220; module_class=&#8220;sin-icono-enlace&#8220; _builder_version=&#8220;4.24.2&#8243; header_level=&#8220;h3&#8243; global_colors_info=&#8220;{}&#8220;]<\/p>\n<p style=\"text-align: center;\">F\u00fcr Gruppen, die zu Meetings, Schulungen oder anderen Veranstaltungen kommen, bieten wir einen Kaffeepausenservice an. Informieren Sie sich bei Ihrer Reservierung \u00fcber Preise und Konditionen. <\/p>\n<p>[\/et_pb_blurb][\/et_pb_column][et_pb_column type=&#8220;1_3&#8243; _builder_version=&#8220;4.16&#8243; custom_padding=&#8220;|||&#8220; global_colors_info=&#8220;{}&#8220; custom_padding__hover=&#8220;|||&#8220;][et_pb_blurb title=&#8220;24-Stunden-Gep\u00e4ckaufbewahrung&#8220; use_icon=&#8220;on&#8220; font_icon=&#8220;&#xf30d;||fa||900&#8243; admin_label=&#8220;Consigna 24 horas (sin-icono-enlace)&#8220; module_class=&#8220;sin-icono-enlace&#8220; _builder_version=&#8220;4.24.2&#8243; header_level=&#8220;h3&#8243; global_colors_info=&#8220;{}&#8220;]<\/p>\n<p style=\"text-align: center;\">Wenn Sie Ihr Gep\u00e4ck oder Ihre Wertsachen aufbewahren m\u00fcssen, fragen Sie an der Rezeption nach dem Gep\u00e4ckraum und dem Safe.<\/p>\n<p>[\/et_pb_blurb][\/et_pb_column][et_pb_column type=&#8220;1_3&#8243; _builder_version=&#8220;4.16&#8243; custom_padding=&#8220;|||&#8220; global_colors_info=&#8220;{}&#8220; custom_padding__hover=&#8220;|||&#8220;][et_pb_blurb title=&#8220;W\u00e4scherei&#8220; use_icon=&#8220;on&#8220; font_icon=&#8220;&#xf898;||fa||900&#8243; admin_label=&#8220;Lavander\u00eda (sin-icono-enlace)&#8220; module_class=&#8220;sin-icono-enlace&#8220; _builder_version=&#8220;4.24.2&#8243; header_level=&#8220;h3&#8243; global_colors_info=&#8220;{}&#8220;]<\/p>\n<p style=\"text-align: center;\">Wenn Sie Ihre W\u00e4sche waschen m\u00fcssen, keine Sorge, wir haben einen sehr g\u00fcnstigen W\u00e4scheservice mit Waschmaschine und Trockner.  <\/p>\n<p>[\/et_pb_blurb][\/et_pb_column][\/et_pb_row][et_pb_row column_structure=&#8220;1_3,1_3,1_3&#8243; _builder_version=&#8220;4.16&#8243; max_width=&#8220;1080px&#8220; global_colors_info=&#8220;{}&#8220;][et_pb_column type=&#8220;1_3&#8243; _builder_version=&#8220;4.16&#8243; custom_padding=&#8220;|||&#8220; global_colors_info=&#8220;{}&#8220; custom_padding__hover=&#8220;|||&#8220;][et_pb_blurb title=&#8220;Desktop&#8220; use_icon=&#8220;on&#8220; font_icon=&#8220;&#xf390;||fa||900&#8243; admin_label=&#8220;Desktop (sin-icono-enlace)&#8220; module_class=&#8220;sin-icono-enlace&#8220; _builder_version=&#8220;4.24.2&#8243; header_level=&#8220;h3&#8243; global_colors_info=&#8220;{}&#8220;]<\/p>\n<p style=\"text-align: center;\">In der Herberge finden Sie einen kostenlosen Computerraum mit WIFI f\u00fcr alle G\u00e4ste.<\/p>\n<p>[\/et_pb_blurb][\/et_pb_column][et_pb_column type=&#8220;1_3&#8243; _builder_version=&#8220;4.16&#8243; custom_padding=&#8220;|||&#8220; global_colors_info=&#8220;{}&#8220; custom_padding__hover=&#8220;|||&#8220;][et_pb_blurb title=&#8220;Defibrillator&#8220; use_icon=&#8220;on&#8220; font_icon=&#8220;&#xf21e;||fa||900&#8243; admin_label=&#8220;Desfibrilador (sin-icono-enlace)&#8220; module_class=&#8220;sin-icono-enlace&#8220; _builder_version=&#8220;4.24.2&#8243; header_level=&#8220;h3&#8243; global_colors_info=&#8220;{}&#8220;]<\/p>\n<p style=\"text-align: center;\">Centre Esplai ist eine kardiologisch gesch\u00fctzte Herberge, die mit einem automatischen Defibrillator (AED) ausgestattet ist.<\/p>\n<p>[\/et_pb_blurb][\/et_pb_column][et_pb_column type=&#8220;1_3&#8243; _builder_version=&#8220;4.16&#8243; custom_padding=&#8220;|||&#8220; global_colors_info=&#8220;{}&#8220; custom_padding__hover=&#8220;|||&#8220;][et_pb_blurb title=&#8220;Aufenthaltsraum&#8220; use_icon=&#8220;on&#8220; font_icon=&#8220;&#xf4b8;||fa||900&#8243; admin_label=&#8220;Sal\u00f3n (sin-icono-enlace)&#8220; module_class=&#8220;sin-icono-enlace&#8220; _builder_version=&#8220;4.24.2&#8243; header_level=&#8220;h3&#8243; global_colors_info=&#8220;{}&#8220;]<\/p>\n<p style=\"text-align: center;\">In der Lounge mit TV und<em> Verkaufsautomaten<\/em> k\u00f6nnen Sie sich zu jeder Tageszeit entspannen und einen Drink zu sich nehmen.<\/p>\n<p>[\/et_pb_blurb][\/et_pb_column][\/et_pb_row][\/et_pb_section][et_pb_section fb_built=&#8220;1&#8243; disabled_on=&#8220;off|off|off&#8220; module_class=&#8220;seccio-segueix-nos&#8220; _builder_version=&#8220;3.22.3&#8243; custom_margin=&#8220;50px||50px|&#8220; global_module=&#8220;182&#8243; global_colors_info=&#8220;{}&#8220;][et_pb_row _builder_version=&#8220;4.16&#8243; background_size=&#8220;initial&#8220; background_position=&#8220;top_left&#8220; background_repeat=&#8220;repeat&#8220; locked=&#8220;off&#8220; global_colors_info=&#8220;{}&#8220;][et_pb_column type=&#8220;4_4&#8243; _builder_version=&#8220;4.16&#8243; custom_padding=&#8220;|||&#8220; global_colors_info=&#8220;{}&#8220; custom_padding__hover=&#8220;|||&#8220;][et_pb_text admin_label=&#8220;\u00a1Reserva ahora! (CA)&#8220; _builder_version=&#8220;4.16&#8243; text_orientation=&#8220;center&#8220; global_colors_info=&#8220;{}&#8220;]<\/p>\n<h2>Buchen Sie jetzt!<\/h2>\n<p>[\/et_pb_text][et_pb_code admin_label=&#8220;Buchungsformular (CA)&#8220; _builder_version=&#8220;4.16&#8243; z_index_tablet=&#8220;500&#8243; global_colors_info=&#8220;{}&#8220;]<\/p>\n<div class=\"form-reserva-inline\"><!-- [et_pb_line_break_holder] -->\t<\/p>\n<form action=\"\/ca\/reserva-ya\/\"><!-- [et_pb_line_break_holder] -->\t\t<label for=\"check_in_date\">Eingang<\/label><!-- [et_pb_line_break_holder] -->\t\t<input name=\"check_in_date\" id=\"check_in_date\" type=\"date\"><!-- [et_pb_line_break_holder] -->\t\t<label for=\"check_out_date\">Sortida<\/label><!-- [et_pb_line_break_holder] -->\t\t<input name=\"check_out_date\" id=\"check_out_date\" type=\"date\"><!-- [et_pb_line_break_holder] -->\t\t<label for=\"number_adults\" style=\"display:none\">Erwachsene<\/label><!-- [et_pb_line_break_holder] -->\t\t<\/p>\n<div class=\"select-wrapper\"><!-- [et_pb_line_break_holder] -->\t\t\t<select name=\"number_adults\" id=\"number_adults\"><!-- [et_pb_line_break_holder] --><option value=\"1\">1 Erwachsener<\/option><!-- [et_pb_line_break_holder] --><option value=\"2\" selected>2 Erwachsene<\/option><!-- [et_pb_line_break_holder] --><option value=\"3\">3 Erwachsene<\/option><!-- [et_pb_line_break_holder] --><option value=\"4\">4 Erwachsene<\/option><!-- [et_pb_line_break_holder] --><option value=\"5\">5 Erwachsene<\/option><!-- [et_pb_line_break_holder] --><option value=\"6\">6 Erwachsene<\/option><!-- [et_pb_line_break_holder] --><option value=\"7\">7 Erwachsene<\/option><!-- [et_pb_line_break_holder] --><option value=\"8\">8 Erwachsene<\/option><!-- [et_pb_line_break_holder] --><option value=\"9\">9 Erwachsene<\/option><!-- [et_pb_line_break_holder] --><option value=\"10\">10 Erwachsene<\/option><!-- [et_pb_line_break_holder] --><option value=\"11\">11 Erwachsene<\/option><!-- [et_pb_line_break_holder] --><option value=\"12\">12 Erwachsene<\/option><!-- [et_pb_line_break_holder] --><option value=\"13\">13 Erwachsene<\/option><!-- [et_pb_line_break_holder] --><option value=\"14\">14 Erwachsene<\/option><!-- [et_pb_line_break_holder] --><option value=\"15\">15 Erwachsene<\/option><!-- [et_pb_line_break_holder] -->\t\t\t<\/select><!-- [et_pb_line_break_holder] -->\t\t<\/div>\n<p><!-- [et_pb_line_break_holder] -->\t\t<label for=\"number_children\" style=\"display:none\">Kinder<\/label><!-- [et_pb_line_break_holder] -->\t\t<\/p>\n<div class=\"select-wrapper\"><!-- [et_pb_line_break_holder] -->\t\t\t<select name=\"number_children\" id=\"number_children\"><!-- [et_pb_line_break_holder] --><option value=\"0\" selected>0 Kleinkinder<\/option><!-- [et_pb_line_break_holder] --><option value=\"1\">1 Kleinkind<\/option><!-- [et_pb_line_break_holder] --><option value=\"2\">2 Kleinkinder<\/option><!-- [et_pb_line_break_holder] --><option value=\"3\">3 Kleinkinder<\/option><!-- [et_pb_line_break_holder] --><option value=\"4\">4 S\u00e4uglinge<\/option><!-- [et_pb_line_break_holder] --><option value=\"5\">5 Kleinkinder<\/option><!-- [et_pb_line_break_holder] --><option value=\"6\">6 Kleinkinder<\/option><!-- [et_pb_line_break_holder] --><option value=\"7\">7 Kleinkinder<\/option><!-- [et_pb_line_break_holder] --><option value=\"8\">8 Kleinkinder<\/option><!-- [et_pb_line_break_holder] --><option value=\"9\">9 Kleinkinder<\/option><!-- [et_pb_line_break_holder] --><option value=\"10\">10 Kleinkinder<\/option><!-- [et_pb_line_break_holder] --><option value=\"11\">11 Kleinkinder<\/option><!-- [et_pb_line_break_holder] --><option value=\"12\">12 Kleinkinder<\/option><!-- [et_pb_line_break_holder] --><option value=\"13\">13 S\u00e4uglinge<\/option><!-- [et_pb_line_break_holder] --><option value=\"14\">14 Kleinkinder<\/option><!-- [et_pb_line_break_holder] --><option value=\"15\">15 S\u00e4uglinge<\/option><!-- [et_pb_line_break_holder] -->\t\t\t<\/select><!-- [et_pb_line_break_holder] -->\t\t<\/div>\n<p><!-- [et_pb_line_break_holder] -->\t\t<label for=\"number_infants\" style=\"display:none\">Er schwamm<\/label><!-- [et_pb_line_break_holder] -->\t   <\/p>\n<div class=\"select-wrapper\"><!-- [et_pb_line_break_holder] -->\t\t   <select name=\"number_infants\" id=\"number_infants\"><!-- [et_pb_line_break_holder] --><option value=\"0\" selected>0 schwimmt (&lt;2)<\/option><!-- [et_pb_line_break_holder] --><option value=\"1\">1 geschwommen (&lt;2)<\/option><!-- [et_pb_line_break_holder] --><option value=\"2\">2 Nadonen (&lt;2)<\/option><!-- [et_pb_line_break_holder] --><option value=\"3\">3 Nadonen (&lt;2)<\/option><!-- [et_pb_line_break_holder] --><option value=\"4\">4 Nadonen (&lt;2)<\/option><!-- [et_pb_line_break_holder] --><option value=\"5\">5 Nadonen (&lt;2)<\/option><!-- [et_pb_line_break_holder] --><option value=\"6\">6 Nadonen (&lt;2)<\/option><!-- [et_pb_line_break_holder] --><option value=\"7\">7 Nadonen (&lt;2)<\/option><!-- [et_pb_line_break_holder] --><option value=\"8\">8 Nadonen (&lt;2)<\/option><!-- [et_pb_line_break_holder] -->\t\t   <\/select><!-- [et_pb_line_break_holder] -->\t   <\/div>\n<p><!-- [et_pb_line_break_holder] -->\t\t<button type=\"submit\">Reservierung<\/button><!-- [et_pb_line_break_holder] -->\t<\/form>\n<p><!-- [et_pb_line_break_holder] --><\/div>\n<p>[\/et_pb_code][\/et_pb_column][\/et_pb_row][\/et_pb_section][et_pb_section fb_built=&#8220;1&#8243; admin_label=&#8220;Section: Som Fundesplai&#8220; module_class=&#8220;seccio-som-fundesplai&#8220; _builder_version=&#8220;4.16&#8243; background_color=&#8220;#c3c3c2&#8243; global_module=&#8220;26&#8243; locked=&#8220;off&#8220; collapsed=&#8220;on&#8220; global_colors_info=&#8220;{}&#8220;][et_pb_row column_structure=&#8220;1_3,2_3&#8243; make_equal=&#8220;on&#8220; _builder_version=&#8220;4.16&#8243; max_width=&#8220;1080px&#8220; global_colors_info=&#8220;{}&#8220;][et_pb_column type=&#8220;1_3&#8243; _builder_version=&#8220;4.16&#8243; background_image=&#8220;https:\/\/albergueesplaibarcelona.com\/wp-content\/uploads\/2018\/06\/ninots-1.png&#8220; background_size=&#8220;contain&#8220; background_position=&#8220;bottom_left&#8220; custom_padding=&#8220;|||&#8220; global_colors_info=&#8220;{}&#8220; custom_padding__hover=&#8220;|||&#8220;][\/et_pb_column][et_pb_column type=&#8220;2_3&#8243; _builder_version=&#8220;4.16&#8243; custom_padding=&#8220;50px||50px|50px&#8220; global_colors_info=&#8220;{}&#8220; custom_padding__hover=&#8220;|||&#8220;][et_pb_text admin_label=&#8220;Somos Fundesplai (CA)&#8220; _builder_version=&#8220;4.16&#8243; custom_margin=&#8220;||20px|&#8220; z_index_tablet=&#8220;500&#8243; global_colors_info=&#8220;{}&#8220;]\n\t\t\t<div>\n\t\t\t\t<h2>\n\t\t\t\t\tWir sind Fundesplai\n\t\t\t\t<\/h2>\n\t\t\t\t<p>\n\t\t\t\t\tWir sind <strong>Fundesplai<\/strong>, eine gemeinn\u00fctzige Organisation mit der Mission, Kinder und Jugendliche zu erziehen, Freizeitorganisationen und den Dritten Sektor zu st\u00e4rken, die Umwelt zu verbessern und Staatsb\u00fcrgerschaft und soziale Eingliederung mit transformativem Willen zu f\u00f6rdern.\n\t\t\t\t<\/p>\n\t\t\t\t<p>\n\t\t\t\t\tDie Herberge Centre Esplai hilft uns dabei, unsere erzieherischen, sozialen und umweltsch\u00fctzerischen Ziele zu verwirklichen.\n\t\t\t\t<\/p>\n\t\t\t\t<p>\n\t\t\t\t\t<a class='et_pb_button et_pb_custom_button_icon et_hover_enabled et_pb_bg_layout_light' href='https:\/\/fundesplai.org\/coneix-fundesplai\/' data-icon='' style='display: inline-block;'>\n\t\t\t\t\t\tLernen Sie Fundesplai kennen\n\t\t\t\t\t<\/a>\n\t\t\t\t<\/p>\n\t\t\t<\/div>\n\t\t[\/et_pb_text][et_pb_text disabled_on=&#8220;on|on|on&#8220; admin_label=&#8220;Somos Fundesplai (CA)&#8220; _builder_version=&#8220;4.16&#8243; custom_margin=&#8220;||20px|&#8220; z_index_tablet=&#8220;500&#8243; disabled=&#8220;on&#8220; global_colors_info=&#8220;{}&#8220;]<\/p>\n<h2>Som Fundesplai!<\/h2>\n<p><strong>Wir sind eine gemeinn\u00fctzige Organisation<\/strong>, die sich seit mehr als 45 Jahren f\u00fcr die Bildung und das Gl\u00fcck von Kindern, Gerechtigkeit, soziale Eingliederung, den Schutz der Natur und die Entwicklung des Dritten Sektors einsetzt.<\/p>\n<p>Das alberg Centre Esplai hilft uns, unseren Bildungs-, Sozial- und Umweltauftrag zu erf\u00fcllen.<\/p>\n<p>[\/et_pb_text][et_pb_button button_url=&#8220;https:\/\/fundesplai.org\/coneix-fundesplai\/&#8220; url_new_window=&#8220;on&#8220; button_text=&#8220;Lernen Sie Fundesplai kennen&#8220; disabled_on=&#8220;on|on|on&#8220; admin_label=&#8220;Bot\u00f3 Conoce Fundesplai&#8220; _builder_version=&#8220;4.16&#8243; custom_button=&#8220;on&#8220; button_text_color=&#8220;#ffffff&#8220; button_bg_color=&#8220;#666666&#8243; button_icon=&#8220;&#x35;||divi||400&#8243; button_bg_color_hover=&#8220;#666666&#8243; disabled=&#8220;on&#8220; global_colors_info=&#8220;{}&#8220; button_text_size__hover_enabled=&#8220;off&#8220; button_text_size__hover=&#8220;null&#8220; button_one_text_size__hover_enabled=&#8220;off&#8220; button_one_text_size__hover=&#8220;null&#8220; button_two_text_size__hover_enabled=&#8220;off&#8220; button_two_text_size__hover=&#8220;null&#8220; button_text_color__hover_enabled=&#8220;off&#8220; button_text_color__hover=&#8220;null&#8220; button_one_text_color__hover_enabled=&#8220;off&#8220; button_one_text_color__hover=&#8220;null&#8220; button_two_text_color__hover_enabled=&#8220;off&#8220; button_two_text_color__hover=&#8220;null&#8220; button_border_width__hover_enabled=&#8220;off&#8220; button_border_width__hover=&#8220;null&#8220; button_one_border_width__hover_enabled=&#8220;off&#8220; button_one_border_width__hover=&#8220;null&#8220; button_two_border_width__hover_enabled=&#8220;off&#8220; button_two_border_width__hover=&#8220;null&#8220; button_border_color__hover_enabled=&#8220;off&#8220; button_border_color__hover=&#8220;null&#8220; button_one_border_color__hover_enabled=&#8220;off&#8220; button_one_border_color__hover=&#8220;null&#8220; button_two_border_color__hover_enabled=&#8220;off&#8220; button_two_border_color__hover=&#8220;null&#8220; button_border_radius__hover_enabled=&#8220;off&#8220; button_border_radius__hover=&#8220;null&#8220; button_one_border_radius__hover_enabled=&#8220;off&#8220; button_one_border_radius__hover=&#8220;null&#8220; button_two_border_radius__hover_enabled=&#8220;off&#8220; button_two_border_radius__hover=&#8220;null&#8220; button_letter_spacing__hover_enabled=&#8220;off&#8220; button_letter_spacing__hover=&#8220;null&#8220; button_one_letter_spacing__hover_enabled=&#8220;off&#8220; button_one_letter_spacing__hover=&#8220;null&#8220; button_two_letter_spacing__hover_enabled=&#8220;off&#8220; button_two_letter_spacing__hover=&#8220;null&#8220; button_bg_color__hover_enabled=&#8220;on&#8220; button_bg_color__hover=&#8220;#666666&#8243; button_one_bg_color__hover_enabled=&#8220;off&#8220; button_one_bg_color__hover=&#8220;null&#8220; button_two_bg_color__hover_enabled=&#8220;off&#8220; button_two_bg_color__hover=&#8220;null&#8220;][\/et_pb_button][\/et_pb_column][\/et_pb_row][\/et_pb_section]<\/p>\n","protected":false},"excerpt":{"rendered":"<p>Mit allen Annehmlichkeiten, die Sie brauchen, um Ihren Aufenthalt in Barcelona zu genie\u00dfen!457 Betten in 122 Privatzimmern f\u00fcr 1 bis 6 Personen mit Bad und Balkon.Wir haben kostenloses High-Speed-WIFI f\u00fcr alle unsere G\u00e4ste. Fragen Sie an der Rezeption nach dem Passwort. Alle Einrichtungen der Herberge sind f\u00fcr Menschen mit eingeschr\u00e4nkter Mobilit\u00e4t oder Blindheit zug\u00e4nglich &#8211; [&hellip;]<\/p>\n","protected":false},"author":1,"featured_media":0,"parent":0,"menu_order":0,"comment_status":"closed","ping_status":"closed","template":"","meta":{"_et_pb_use_builder":"on","_et_pb_old_content":"","_et_gb_content_width":"","footnotes":""},"class_list":["post-3825","page","type-page","status-publish","hentry"],"yoast_head":"<!-- This site is optimized with the Yoast SEO plugin v27.5 - https:\/\/yoast.com\/product\/yoast-seo-wordpress\/ -->\n<title>Services - Alberg Centre Esplai<\/title>\n<meta name=\"robots\" content=\"index, follow, max-snippet:-1, max-image-preview:large, max-video-preview:-1\" \/>\n<link rel=\"canonical\" href=\"https:\/\/albergueesplaibarcelona.com\/de\/services\/\" \/>\n<meta property=\"og:locale\" content=\"de_DE\" \/>\n<meta property=\"og:type\" content=\"article\" \/>\n<meta property=\"og:title\" content=\"Services - Alberg Centre Esplai\" \/>\n<meta property=\"og:description\" content=\"Mit allen Annehmlichkeiten, die Sie brauchen, um Ihren Aufenthalt in Barcelona zu genie\u00dfen!457 Betten in 122 Privatzimmern f\u00fcr 1 bis 6 Personen mit Bad und Balkon.Wir haben kostenloses High-Speed-WIFI f\u00fcr alle unsere G\u00e4ste. Fragen Sie an der Rezeption nach dem Passwort. Alle Einrichtungen der Herberge sind f\u00fcr Menschen mit eingeschr\u00e4nkter Mobilit\u00e4t oder Blindheit zug\u00e4nglich - [&hellip;]\" \/>\n<meta property=\"og:url\" content=\"https:\/\/albergueesplaibarcelona.com\/de\/services\/\" \/>\n<meta property=\"og:site_name\" content=\"Alberg Centre Esplai\" \/>\n<meta property=\"article:modified_time\" content=\"2025-10-10T16:21:20+00:00\" \/>\n<meta name=\"twitter:card\" content=\"summary_large_image\" \/>\n<meta name=\"twitter:label1\" content=\"Gesch\u00e4tzte Lesezeit\" \/>\n\t<meta name=\"twitter:data1\" content=\"4\u00a0Minuten\" \/>\n<script type=\"application\/ld+json\" class=\"yoast-schema-graph\">{\"@context\":\"https:\\\/\\\/schema.org\",\"@graph\":[{\"@type\":\"WebPage\",\"@id\":\"https:\\\/\\\/albergueesplaibarcelona.com\\\/de\\\/services\\\/\",\"url\":\"https:\\\/\\\/albergueesplaibarcelona.com\\\/de\\\/services\\\/\",\"name\":\"Services - Alberg Centre Esplai\",\"isPartOf\":{\"@id\":\"https:\\\/\\\/albergueesplaibarcelona.com\\\/de\\\/#website\"},\"datePublished\":\"2019-05-03T16:31:16+00:00\",\"dateModified\":\"2025-10-10T16:21:20+00:00\",\"breadcrumb\":{\"@id\":\"https:\\\/\\\/albergueesplaibarcelona.com\\\/de\\\/services\\\/#breadcrumb\"},\"inLanguage\":\"de\",\"potentialAction\":[{\"@type\":\"ReadAction\",\"target\":[\"https:\\\/\\\/albergueesplaibarcelona.com\\\/de\\\/services\\\/\"]}]},{\"@type\":\"BreadcrumbList\",\"@id\":\"https:\\\/\\\/albergueesplaibarcelona.com\\\/de\\\/services\\\/#breadcrumb\",\"itemListElement\":[{\"@type\":\"ListItem\",\"position\":1,\"name\":\"Startseite\",\"item\":\"https:\\\/\\\/albergueesplaibarcelona.com\\\/de\\\/die-herberge\\\/\"},{\"@type\":\"ListItem\",\"position\":2,\"name\":\"Services\"}]},{\"@type\":\"WebSite\",\"@id\":\"https:\\\/\\\/albergueesplaibarcelona.com\\\/de\\\/#website\",\"url\":\"https:\\\/\\\/albergueesplaibarcelona.com\\\/de\\\/\",\"name\":\"Alberg Centre Esplai\",\"description\":\"Alberg\",\"publisher\":{\"@id\":\"https:\\\/\\\/albergueesplaibarcelona.com\\\/de\\\/#organization\"},\"potentialAction\":[{\"@type\":\"SearchAction\",\"target\":{\"@type\":\"EntryPoint\",\"urlTemplate\":\"https:\\\/\\\/albergueesplaibarcelona.com\\\/de\\\/?s={search_term_string}\"},\"query-input\":{\"@type\":\"PropertyValueSpecification\",\"valueRequired\":true,\"valueName\":\"search_term_string\"}}],\"inLanguage\":\"de\"},{\"@type\":\"Organization\",\"@id\":\"https:\\\/\\\/albergueesplaibarcelona.com\\\/de\\\/#organization\",\"name\":\"Albergue Centre Esplai\",\"url\":\"https:\\\/\\\/albergueesplaibarcelona.com\\\/de\\\/\",\"logo\":{\"@type\":\"ImageObject\",\"inLanguage\":\"de\",\"@id\":\"https:\\\/\\\/albergueesplaibarcelona.com\\\/de\\\/#\\\/schema\\\/logo\\\/image\\\/\",\"url\":\"https:\\\/\\\/albergueesplaibarcelona.com\\\/wp-content\\\/uploads\\\/2020\\\/12\\\/logo_alberg_centre_esplai-e1608117409320.png\",\"contentUrl\":\"https:\\\/\\\/albergueesplaibarcelona.com\\\/wp-content\\\/uploads\\\/2020\\\/12\\\/logo_alberg_centre_esplai-e1608117409320.png\",\"width\":500,\"height\":241,\"caption\":\"Albergue Centre Esplai\"},\"image\":{\"@id\":\"https:\\\/\\\/albergueesplaibarcelona.com\\\/de\\\/#\\\/schema\\\/logo\\\/image\\\/\"}}]}<\/script>\n<!-- \/ Yoast SEO plugin. -->","yoast_head_json":{"title":"Services - Alberg Centre Esplai","robots":{"index":"index","follow":"follow","max-snippet":"max-snippet:-1","max-image-preview":"max-image-preview:large","max-video-preview":"max-video-preview:-1"},"canonical":"https:\/\/albergueesplaibarcelona.com\/de\/services\/","og_locale":"de_DE","og_type":"article","og_title":"Services - Alberg Centre Esplai","og_description":"Mit allen Annehmlichkeiten, die Sie brauchen, um Ihren Aufenthalt in Barcelona zu genie\u00dfen!457 Betten in 122 Privatzimmern f\u00fcr 1 bis 6 Personen mit Bad und Balkon.Wir haben kostenloses High-Speed-WIFI f\u00fcr alle unsere G\u00e4ste. Fragen Sie an der Rezeption nach dem Passwort. Alle Einrichtungen der Herberge sind f\u00fcr Menschen mit eingeschr\u00e4nkter Mobilit\u00e4t oder Blindheit zug\u00e4nglich - [&hellip;]","og_url":"https:\/\/albergueesplaibarcelona.com\/de\/services\/","og_site_name":"Alberg Centre Esplai","article_modified_time":"2025-10-10T16:21:20+00:00","twitter_card":"summary_large_image","twitter_misc":{"Gesch\u00e4tzte Lesezeit":"4\u00a0Minuten"},"schema":{"@context":"https:\/\/schema.org","@graph":[{"@type":"WebPage","@id":"https:\/\/albergueesplaibarcelona.com\/de\/services\/","url":"https:\/\/albergueesplaibarcelona.com\/de\/services\/","name":"Services - Alberg Centre Esplai","isPartOf":{"@id":"https:\/\/albergueesplaibarcelona.com\/de\/#website"},"datePublished":"2019-05-03T16:31:16+00:00","dateModified":"2025-10-10T16:21:20+00:00","breadcrumb":{"@id":"https:\/\/albergueesplaibarcelona.com\/de\/services\/#breadcrumb"},"inLanguage":"de","potentialAction":[{"@type":"ReadAction","target":["https:\/\/albergueesplaibarcelona.com\/de\/services\/"]}]},{"@type":"BreadcrumbList","@id":"https:\/\/albergueesplaibarcelona.com\/de\/services\/#breadcrumb","itemListElement":[{"@type":"ListItem","position":1,"name":"Startseite","item":"https:\/\/albergueesplaibarcelona.com\/de\/die-herberge\/"},{"@type":"ListItem","position":2,"name":"Services"}]},{"@type":"WebSite","@id":"https:\/\/albergueesplaibarcelona.com\/de\/#website","url":"https:\/\/albergueesplaibarcelona.com\/de\/","name":"Alberg Centre Esplai","description":"Alberg","publisher":{"@id":"https:\/\/albergueesplaibarcelona.com\/de\/#organization"},"potentialAction":[{"@type":"SearchAction","target":{"@type":"EntryPoint","urlTemplate":"https:\/\/albergueesplaibarcelona.com\/de\/?s={search_term_string}"},"query-input":{"@type":"PropertyValueSpecification","valueRequired":true,"valueName":"search_term_string"}}],"inLanguage":"de"},{"@type":"Organization","@id":"https:\/\/albergueesplaibarcelona.com\/de\/#organization","name":"Albergue Centre Esplai","url":"https:\/\/albergueesplaibarcelona.com\/de\/","logo":{"@type":"ImageObject","inLanguage":"de","@id":"https:\/\/albergueesplaibarcelona.com\/de\/#\/schema\/logo\/image\/","url":"https:\/\/albergueesplaibarcelona.com\/wp-content\/uploads\/2020\/12\/logo_alberg_centre_esplai-e1608117409320.png","contentUrl":"https:\/\/albergueesplaibarcelona.com\/wp-content\/uploads\/2020\/12\/logo_alberg_centre_esplai-e1608117409320.png","width":500,"height":241,"caption":"Albergue Centre Esplai"},"image":{"@id":"https:\/\/albergueesplaibarcelona.com\/de\/#\/schema\/logo\/image\/"}}]}},"_links":{"self":[{"href":"https:\/\/albergueesplaibarcelona.com\/de\/wp-json\/wp\/v2\/pages\/3825","targetHints":{"allow":["GET"]}}],"collection":[{"href":"https:\/\/albergueesplaibarcelona.com\/de\/wp-json\/wp\/v2\/pages"}],"about":[{"href":"https:\/\/albergueesplaibarcelona.com\/de\/wp-json\/wp\/v2\/types\/page"}],"author":[{"embeddable":true,"href":"https:\/\/albergueesplaibarcelona.com\/de\/wp-json\/wp\/v2\/users\/1"}],"replies":[{"embeddable":true,"href":"https:\/\/albergueesplaibarcelona.com\/de\/wp-json\/wp\/v2\/comments?post=3825"}],"version-history":[{"count":16,"href":"https:\/\/albergueesplaibarcelona.com\/de\/wp-json\/wp\/v2\/pages\/3825\/revisions"}],"predecessor-version":[{"id":21726,"href":"https:\/\/albergueesplaibarcelona.com\/de\/wp-json\/wp\/v2\/pages\/3825\/revisions\/21726"}],"wp:attachment":[{"href":"https:\/\/albergueesplaibarcelona.com\/de\/wp-json\/wp\/v2\/media?parent=3825"}],"curies":[{"name":"wp","href":"https:\/\/api.w.org\/{rel}","templated":true}]}}