{"id":3839,"date":"2019-05-03T16:31:24","date_gmt":"2019-05-03T16:31:24","guid":{"rendered":"http:\/\/albergueesplaibarcelona.com\/zimmer\/"},"modified":"2024-03-22T11:57:33","modified_gmt":"2024-03-22T10:57:33","slug":"zimmer","status":"publish","type":"page","link":"https:\/\/albergueesplaibarcelona.com\/de\/die-herberge\/zimmer\/","title":{"rendered":"Zimmer"},"content":{"rendered":"<p>[et_pb_section fb_built=&#8220;1&#8243; fullwidth=&#8220;on&#8220; _builder_version=&#8220;4.16&#8243; global_colors_info=&#8220;{}&#8220;][et_pb_fullwidth_slider module_class=&#8220;slider-capcalera&#8220; _builder_version=&#8220;4.16&#8243; auto=&#8220;on&#8220; global_colors_info=&#8220;{}&#8220; button_text_size__hover_enabled=&#8220;off&#8220; button_text_size__hover=&#8220;null&#8220; button_one_text_size__hover_enabled=&#8220;off&#8220; button_one_text_size__hover=&#8220;null&#8220; button_two_text_size__hover_enabled=&#8220;off&#8220; button_two_text_size__hover=&#8220;null&#8220; button_text_color__hover_enabled=&#8220;off&#8220; button_text_color__hover=&#8220;null&#8220; button_one_text_color__hover_enabled=&#8220;off&#8220; button_one_text_color__hover=&#8220;null&#8220; button_two_text_color__hover_enabled=&#8220;off&#8220; button_two_text_color__hover=&#8220;null&#8220; button_border_width__hover_enabled=&#8220;off&#8220; button_border_width__hover=&#8220;null&#8220; button_one_border_width__hover_enabled=&#8220;off&#8220; button_one_border_width__hover=&#8220;null&#8220; button_two_border_width__hover_enabled=&#8220;off&#8220; button_two_border_width__hover=&#8220;null&#8220; button_border_color__hover_enabled=&#8220;off&#8220; button_border_color__hover=&#8220;null&#8220; button_one_border_color__hover_enabled=&#8220;off&#8220; button_one_border_color__hover=&#8220;null&#8220; button_two_border_color__hover_enabled=&#8220;off&#8220; button_two_border_color__hover=&#8220;null&#8220; button_border_radius__hover_enabled=&#8220;off&#8220; button_border_radius__hover=&#8220;null&#8220; button_one_border_radius__hover_enabled=&#8220;off&#8220; button_one_border_radius__hover=&#8220;null&#8220; button_two_border_radius__hover_enabled=&#8220;off&#8220; button_two_border_radius__hover=&#8220;null&#8220; button_letter_spacing__hover_enabled=&#8220;off&#8220; button_letter_spacing__hover=&#8220;null&#8220; button_one_letter_spacing__hover_enabled=&#8220;off&#8220; button_one_letter_spacing__hover=&#8220;null&#8220; button_two_letter_spacing__hover_enabled=&#8220;off&#8220; button_two_letter_spacing__hover=&#8220;null&#8220; button_bg_color__hover_enabled=&#8220;off&#8220; button_bg_color__hover=&#8220;null&#8220; button_one_bg_color__hover_enabled=&#8220;off&#8220; button_one_bg_color__hover=&#8220;null&#8220; button_two_bg_color__hover_enabled=&#8220;off&#8220; button_two_bg_color__hover=&#8220;null&#8220;][et_pb_slide use_bg_overlay=&#8220;off&#8220; use_text_overlay=&#8220;off&#8220; _builder_version=&#8220;4.16&#8243; background_image=&#8220;https:\/\/albergueesplaibarcelona.com\/wp-content\/uploads\/2018\/09\/habitacion_confort.jpg&#8220; button_on_hover=&#8220;on&#8220; global_colors_info=&#8220;{}&#8220; sticky_transition=&#8220;on&#8220;][\/et_pb_slide][et_pb_slide use_bg_overlay=&#8220;off&#8220; use_text_overlay=&#8220;off&#8220; _builder_version=&#8220;4.16&#8243; background_image=&#8220;https:\/\/albergueesplaibarcelona.com\/wp-content\/uploads\/2019\/01\/Habitacions_slider_Fundesplai1.jpg&#8220; button_on_hover=&#8220;on&#8220; global_colors_info=&#8220;{}&#8220; sticky_transition=&#8220;on&#8220;][\/et_pb_slide][et_pb_slide use_bg_overlay=&#8220;off&#8220; use_text_overlay=&#8220;off&#8220; _builder_version=&#8220;4.16&#8243; background_image=&#8220;https:\/\/albergueesplaibarcelona.com\/wp-content\/uploads\/2019\/01\/Habitacions_slider_Fundesplai2.jpg&#8220; button_on_hover=&#8220;on&#8220; global_colors_info=&#8220;{}&#8220; sticky_transition=&#8220;on&#8220;][\/et_pb_slide][\/et_pb_fullwidth_slider][\/et_pb_section][et_pb_section fb_built=&#8220;1&#8243; _builder_version=&#8220;4.16&#8243; global_colors_info=&#8220;{}&#8220;][et_pb_row _builder_version=&#8220;4.16&#8243; background_size=&#8220;initial&#8220; background_position=&#8220;top_left&#8220; background_repeat=&#8220;repeat&#8220; global_colors_info=&#8220;{}&#8220;][et_pb_column type=&#8220;4_4&#8243; _builder_version=&#8220;4.16&#8243; custom_padding=&#8220;|||&#8220; global_colors_info=&#8220;{}&#8220; custom_padding__hover=&#8220;|||&#8220;][et_pb_text admin_label=&#8220;HABITACIONES&#8220; _builder_version=&#8220;4.16&#8243; global_colors_info=&#8220;{}&#8220;]<\/p>\n<h2>ZIMMER<\/h2>\n<p>Wir bieten 122 einzelne, \u00e4u\u00dferst komfortable Zimmer, die Ihren Besuch erwarten. Insgesamt k\u00f6nnen wir 457 Personen beherbergen! <strong>Alle Zimmer verf\u00fcgen \u00fcber voll ausgestattete Badezimmer, einen Arbeitsbereich, Balkon und WLAN<\/strong>. So k\u00f6nnen Sie das Zimmer ausw\u00e4hlen, das Ihnen am meisten zusagt &#8230; <strong>Worauf warten Sie noch?<\/strong><\/p>\n<p>[\/et_pb_text][\/et_pb_column][\/et_pb_row][\/et_pb_section][et_pb_section fb_built=&#8220;1&#8243; module_class=&#8220;llista-icones-blurb-awesome icones-hover&#8220; _builder_version=&#8220;4.16&#8243; global_colors_info=&#8220;{}&#8220;][et_pb_row column_structure=&#8220;1_5,1_5,1_5,1_5,1_5&#8243; module_class=&#8220;llista-icones-blurb-awesome icones-hover&#8220; _builder_version=&#8220;4.16&#8243; global_colors_info=&#8220;{}&#8220;][et_pb_column type=&#8220;1_5&#8243; _builder_version=&#8220;4.16&#8243; custom_padding=&#8220;|||&#8220; global_colors_info=&#8220;{}&#8220; custom_padding__hover=&#8220;|||&#8220;][et_pb_blurb title=&#8220;WLAN&#8220; use_icon=&#8220;on&#8220; font_icon=&#8220;&#xf1eb;||fa||900&#8243; admin_label=&#8220;Wifi&#8220; _builder_version=&#8220;4.24.2&#8243; header_level=&#8220;h3&#8243; animation=&#8220;off&#8220; hover_enabled=&#8220;0&#8243; global_colors_info=&#8220;{}&#8220; sticky_enabled=&#8220;0&#8243;][\/et_pb_blurb][et_pb_blurb title=&#8220;100% barrierefrei&#8220; url=&#8220;\/?page_id=92&#8243; use_icon=&#8220;on&#8220; disabled_on=&#8220;on|on|on&#8220; admin_label=&#8220;100% accesible&#8220; _builder_version=&#8220;4.16&#8243; header_level=&#8220;h3&#8243; animation=&#8220;off&#8220; link_option_url=&#8220;\/?page_id=92&#8243; disabled=&#8220;on&#8220; global_colors_info=&#8220;{}&#8220;][\/et_pb_blurb][\/et_pb_column][et_pb_column type=&#8220;1_5&#8243; _builder_version=&#8220;4.16&#8243; custom_padding=&#8220;|||&#8220; global_colors_info=&#8220;{}&#8220; custom_padding__hover=&#8220;|||&#8220;][et_pb_blurb title=&#8220;T\u00e4gliche Zimmerreinigung&#8220; url=&#8220;https:\/\/albergueesplaibarcelona.com\/de\/eco-albergue\/&#8220; use_icon=&#8220;on&#8220; font_icon=&#8220;&#xf5d0;||fa||900&#8243; admin_label=&#8220;Limpieza diaria de las habitaciones&#8220; _builder_version=&#8220;4.24.2&#8243; header_level=&#8220;h3&#8243; animation=&#8220;off&#8220; link_option_url=&#8220;https:\/\/albergueesplaibarcelona.com\/de\/eco-albergue\/&#8220; hover_enabled=&#8220;0&#8243; global_colors_info=&#8220;{}&#8220; sticky_enabled=&#8220;0&#8243;][\/et_pb_blurb][\/et_pb_column][et_pb_column type=&#8220;1_5&#8243; _builder_version=&#8220;4.16&#8243; custom_padding=&#8220;|||&#8220; global_colors_info=&#8220;{}&#8220; custom_padding__hover=&#8220;|||&#8220;][et_pb_blurb title=&#8220;Eigenes Badezimmer und Balkon&#8220; use_icon=&#8220;on&#8220; font_icon=&#8220;&#xf2cc;||fa||900&#8243; admin_label=&#8220;Ba\u00f1os y balc\u00f3n privados&#8220; _builder_version=&#8220;4.24.2&#8243; header_level=&#8220;h3&#8243; animation=&#8220;off&#8220; hover_enabled=&#8220;0&#8243; global_colors_info=&#8220;{}&#8220; sticky_enabled=&#8220;0&#8243;][\/et_pb_blurb][\/et_pb_column][et_pb_column type=&#8220;1_5&#8243; _builder_version=&#8220;4.16&#8243; custom_padding=&#8220;|||&#8220; global_colors_info=&#8220;{}&#8220; custom_padding__hover=&#8220;|||&#8220;][et_pb_blurb title=&#8220;Klimaanlage und Heizung&#8220; use_icon=&#8220;on&#8220; font_icon=&#8220;&#xf8f4;||fa||900&#8243; admin_label=&#8220;Aire acondicionado y calefacci\u00f3n&#8220; _builder_version=&#8220;4.24.2&#8243; animation=&#8220;off&#8220; hover_enabled=&#8220;0&#8243; global_colors_info=&#8220;{}&#8220; sticky_enabled=&#8220;0&#8243;][\/et_pb_blurb][\/et_pb_column][et_pb_column type=&#8220;1_5&#8243; _builder_version=&#8220;4.16&#8243; custom_padding=&#8220;|||&#8220; global_colors_info=&#8220;{}&#8220; custom_padding__hover=&#8220;|||&#8220;][et_pb_blurb title=&#8220;Verleih von Bettw\u00e4sche und Handt\u00fcchern&#8220; url=&#8220;\/?page_id=98&#8243; use_icon=&#8220;on&#8220; font_icon=&#8220;&#xf498;||fa||900&#8243; admin_label=&#8220;Alquiler de s\u00e1banas y toallas&#8220; _builder_version=&#8220;4.24.2&#8243; animation=&#8220;off&#8220; link_option_url=&#8220;\/?page_id=98&#8243; hover_enabled=&#8220;0&#8243; global_colors_info=&#8220;{}&#8220; sticky_enabled=&#8220;0&#8243;][\/et_pb_blurb][\/et_pb_column][\/et_pb_row][\/et_pb_section][et_pb_section fb_built=&#8220;1&#8243; _builder_version=&#8220;4.16&#8243; global_colors_info=&#8220;{}&#8220;][et_pb_row module_class=&#8220;graella-fotos graella-fotos-equipaments et_pb_row_fullwidth&#8220; _builder_version=&#8220;4.16&#8243; width=&#8220;100%&#8220; width_tablet=&#8220;100%&#8220; width_phone=&#8220;&#8220; width_last_edited=&#8220;on|desktop&#8220; max_width=&#8220;100%&#8220; max_width_tablet=&#8220;100%&#8220; max_width_phone=&#8220;&#8220; max_width_last_edited=&#8220;on|desktop&#8220; make_fullwidth=&#8220;on&#8220; global_colors_info=&#8220;{}&#8220;][et_pb_column type=&#8220;4_4&#8243; _builder_version=&#8220;4.16&#8243; custom_padding=&#8220;|||&#8220; global_colors_info=&#8220;{}&#8220; custom_padding__hover=&#8220;|||&#8220;][et_pb_code admin_label=&#8220;Graella fotos habitacions&#8220; _builder_version=&#8220;4.16&#8243; global_colors_info=&#8220;{}&#8220;]<\/p>\n<div class=\"graella-fotos-alberg\"><!-- [et_pb_line_break_holder] -->\t<a href=\"https:\/\/albergueesplaibarcelona.com\/de\/reservieren-sie-jetzt\/\" class=\"foto-amb-overlay equipament\" style=\"background-image:url('\/wp-content\/uploads\/2019\/01\/confort2.jpg')\"><!-- [et_pb_line_break_holder] -->\t<\/p>\n<div class=\"overlay\"><!-- [et_pb_line_break_holder] -->\t<\/p>\n<div class=\"overlay-title\"><!-- [et_pb_line_break_holder] -->\tComfort-Zimmer<!-- [et_pb_line_break_holder] -->\t<\/div>\n<p><!-- [et_pb_line_break_holder] -->\t<\/p>\n<div class=\"overlay-body\"><!-- [et_pb_line_break_holder] -->\t1 &#8211; 3 personen, Tv, haartrockner<!\u2013- [et_pb_br_holder] -\u2013> Fr\u00fchst\u00fcck inkludiert<!-- [et_pb_line_break_holder] -->\t<\/div>\n<p><!-- [et_pb_line_break_holder] -->\t<\/div>\n<p><!-- [et_pb_line_break_holder] -->\t<\/p>\n<div class=\"overlay-expanded\"><!-- [et_pb_line_break_holder] -->\t<\/p>\n<div class=\"overlay-expanded-title\"><!-- [et_pb_line_break_holder] -->\tComfort-Zimmer<!-- [et_pb_line_break_holder] -->\t<\/div>\n<p><!-- [et_pb_line_break_holder] -->\t<\/p>\n<div class=\"overlay-expanded-body\"><!-- [et_pb_line_break_holder] -->\tBook<!-- [et_pb_line_break_holder] -->\t<\/div>\n<p><!-- [et_pb_line_break_holder] -->\t<\/p>\n<div class=\"overlay-expanded-footer\"><!-- [et_pb_line_break_holder] -->\t<span class=\"boto\"><i class=\"fas fa-plus\"><\/i><\/span><!-- [et_pb_line_break_holder] -->\t<\/div>\n<p><!-- [et_pb_line_break_holder] -->\t<\/div>\n<p><!-- [et_pb_line_break_holder] -->\t<\/a><!-- [et_pb_line_break_holder] -->\t<a href=\"https:\/\/albergueesplaibarcelona.com\/de\/reservieren-sie-jetzt\/\" class=\"foto-amb-overlay equipament\" style=\"background-image:url('\/wp-content\/uploads\/2022\/02\/Nuevo-proyecto-44.jpg')\"><!-- [et_pb_line_break_holder] -->\t<\/p>\n<div class=\"overlay\"><!-- [et_pb_line_break_holder] -->\t<\/p>\n<div class=\"overlay-title\"><!-- [et_pb_line_break_holder] -->\tSuperior-Zimmer<!-- [et_pb_line_break_holder] -->\t<\/div>\n<p><!-- [et_pb_line_break_holder] -->\t<\/p>\n<div class=\"overlay-body\"><!-- [et_pb_line_break_holder] -->\t1 &#8211; 3 personen, Tv, haartrockner<!\u2013- [et_pb_br_holder] -\u2013> Fr\u00fchst\u00fcck inkludiert<!-- [et_pb_line_break_holder] -->\t<\/div>\n<p><!-- [et_pb_line_break_holder] -->\t<\/div>\n<p><!-- [et_pb_line_break_holder] -->\t<\/p>\n<div class=\"overlay-expanded\"><!-- [et_pb_line_break_holder] -->\t<\/p>\n<div class=\"overlay-expanded-title\"><!-- [et_pb_line_break_holder] -->\tSuperior-Zimmer<!-- [et_pb_line_break_holder] -->\t<\/div>\n<p><!-- [et_pb_line_break_holder] -->\t<\/p>\n<div class=\"overlay-expanded-body\"><!-- [et_pb_line_break_holder] -->\tBook<!-- [et_pb_line_break_holder] -->\t<\/div>\n<p><!-- [et_pb_line_break_holder] -->\t<\/p>\n<div class=\"overlay-expanded-footer\"><!-- [et_pb_line_break_holder] -->\t<span class=\"boto\"><i class=\"fas fa-plus\"><\/i><\/span><!-- [et_pb_line_break_holder] -->\t<\/div>\n<p><!-- [et_pb_line_break_holder] -->\t<\/div>\n<p><!-- [et_pb_line_break_holder] -->\t<\/a><!-- [et_pb_line_break_holder] -->\t<a href=\"https:\/\/albergueesplaibarcelona.com\/de\/reservieren-sie-jetzt\/\" class=\"foto-amb-overlay equipament\" style=\"background-image:url('\/wp-content\/uploads\/2019\/01\/lliteres.jpg')\"><!-- [et_pb_line_break_holder] -->\t<\/p>\n<div class=\"overlay\"><!-- [et_pb_line_break_holder] -->\t<\/p>\n<div class=\"overlay-title\"><!-- [et_pb_line_break_holder] -->\tEtagenbettzimmer<!-- [et_pb_line_break_holder] -->\t<\/div>\n<p><!-- [et_pb_line_break_holder] -->\t<\/p>\n<div class=\"overlay-body\"><!-- [et_pb_line_break_holder] -->\t1 &#8211; 4 personen, Tv, haartrockner<!\u2013- [et_pb_br_holder] -\u2013> Fr\u00fchst\u00fcck inkludiert<!-- [et_pb_line_break_holder] -->\t<\/div>\n<p><!-- [et_pb_line_break_holder] -->\t<\/div>\n<p><!-- [et_pb_line_break_holder] -->\t<\/p>\n<div class=\"overlay-expanded\"><!-- [et_pb_line_break_holder] -->\t<\/p>\n<div class=\"overlay-expanded-title\"><!-- [et_pb_line_break_holder] -->\tEtagenbettzimmer<!-- [et_pb_line_break_holder] -->\t<\/div>\n<p><!-- [et_pb_line_break_holder] -->\t<\/p>\n<div class=\"overlay-expanded-body\"><!-- [et_pb_line_break_holder] -->\tBook<!-- [et_pb_line_break_holder] -->\t<\/div>\n<p><!-- [et_pb_line_break_holder] -->\t<\/p>\n<div class=\"overlay-expanded-footer\"><!-- [et_pb_line_break_holder] -->\t<span class=\"boto\"><i class=\"fas fa-plus\"><\/i><\/span><!-- [et_pb_line_break_holder] -->\t<\/div>\n<p><!-- [et_pb_line_break_holder] -->\t<\/div>\n<p><!-- [et_pb_line_break_holder] -->\t<\/a><!-- [et_pb_line_break_holder] -->\t<a href=\"https:\/\/albergueesplaibarcelona.com\/de\/reservieren-sie-jetzt\/\" class=\"foto-amb-overlay equipament\" style=\"background-image:url('\/wp-content\/uploads\/2019\/01\/habitacio-gran.jpeg')\"><!-- [et_pb_line_break_holder] -->\t<\/p>\n<div class=\"overlay\"><!-- [et_pb_line_break_holder] -->\t<\/p>\n<div class=\"overlay-title\"><!-- [et_pb_line_break_holder] -->\tEtagenbettzimmer Plus<!-- [et_pb_line_break_holder] -->\t<\/div>\n<p><!-- [et_pb_line_break_holder] -->\t<\/p>\n<div class=\"overlay-body\"><!-- [et_pb_line_break_holder] -->\t1 &#8211; 6 personen, Tv, haartrockner<!\u2013- [et_pb_br_holder] -\u2013> Fr\u00fchst\u00fcck inkludiert<!-- [et_pb_line_break_holder] -->\t<\/div>\n<p><!-- [et_pb_line_break_holder] -->\t<\/div>\n<p><!-- [et_pb_line_break_holder] -->\t<\/p>\n<div class=\"overlay-expanded\"><!-- [et_pb_line_break_holder] -->\t<\/p>\n<div class=\"overlay-expanded-title\"><!-- [et_pb_line_break_holder] -->\tEtagenbettzimmer Plus<!-- [et_pb_line_break_holder] -->\t<\/div>\n<p><!-- [et_pb_line_break_holder] -->\t<\/p>\n<div class=\"overlay-expanded-body\"><!-- [et_pb_line_break_holder] -->\tBook<!-- [et_pb_line_break_holder] -->\t<\/div>\n<p><!-- [et_pb_line_break_holder] -->\t<\/p>\n<div class=\"overlay-expanded-footer\"><!-- [et_pb_line_break_holder] -->\t<span class=\"boto\"><i class=\"fas fa-plus\"><\/i><\/span><!-- [et_pb_line_break_holder] -->\t<\/div>\n<p><!-- [et_pb_line_break_holder] -->\t<\/div>\n<p><!-- [et_pb_line_break_holder] -->\t<\/a><!-- [et_pb_line_break_holder] -->   <\/div>\n<p>[\/et_pb_code][\/et_pb_column][\/et_pb_row][\/et_pb_section][et_pb_section fb_built=&#8220;1&#8243; _builder_version=&#8220;4.16&#8243; global_colors_info=&#8220;{}&#8220;][et_pb_row _builder_version=&#8220;4.16&#8243; background_size=&#8220;initial&#8220; background_position=&#8220;top_left&#8220; background_repeat=&#8220;repeat&#8220; global_colors_info=&#8220;{}&#8220;][et_pb_column type=&#8220;4_4&#8243; _builder_version=&#8220;4.16&#8243; custom_padding=&#8220;|||&#8220; global_colors_info=&#8220;{}&#8220; custom_padding__hover=&#8220;|||&#8220;][et_pb_text admin_label=&#8220;VISITA VIRTUAL &#8211; HABITACIONES&#8220; _builder_version=&#8220;4.16&#8243; global_colors_info=&#8220;{}&#8220;]<\/p>\n<h2>VIRTUELLE BESICHTIGUNG &#8211; ZIMMER<\/h2>\n<p>[\/et_pb_text][\/et_pb_column][\/et_pb_row][et_pb_row _builder_version=&#8220;4.16&#8243; global_colors_info=&#8220;{}&#8220;][et_pb_column type=&#8220;4_4&#8243; _builder_version=&#8220;4.16&#8243; custom_padding=&#8220;|||&#8220; global_colors_info=&#8220;{}&#8220; custom_padding__hover=&#8220;|||&#8220;][et_pb_code admin_label=&#8220;iframe VR&#8220; module_class=&#8220;modul-visita-virtual&#8220; _builder_version=&#8220;4.16&#8243; text_orientation=&#8220;center&#8220; global_colors_info=&#8220;{}&#8220;]<iframe width='853' height='480' src='https:\/\/mpembed.com\/show\/?m=oqPWrE7LSmY&#038;brand=0&#038;lang=es&#038;qs=1' frameborder='0' allowfullscreen allow='vr'><\/iframe>[\/et_pb_code][\/et_pb_column][\/et_pb_row][\/et_pb_section][et_pb_section fb_built=&#8220;1&#8243; module_class=&#8220;seccio-segueix-nos&#8220; _builder_version=&#8220;3.22.3&#8243; custom_margin=&#8220;50px||50px|&#8220; global_module=&#8220;182&#8243; global_colors_info=&#8220;{}&#8220;][et_pb_row _builder_version=&#8220;4.16&#8243; background_size=&#8220;initial&#8220; background_position=&#8220;top_left&#8220; background_repeat=&#8220;repeat&#8220; locked=&#8220;off&#8220; global_colors_info=&#8220;{}&#8220;][et_pb_column type=&#8220;4_4&#8243; _builder_version=&#8220;4.16&#8243; custom_padding=&#8220;|||&#8220; global_colors_info=&#8220;{}&#8220; custom_padding__hover=&#8220;|||&#8220;][et_pb_text admin_label=&#8220;\u00a1Reserva ahora! (DE)&#8220; _builder_version=&#8220;4.16&#8243; text_orientation=&#8220;center&#8220; z_index_tablet=&#8220;500&#8243; global_colors_info=&#8220;{}&#8220;]<\/p>\n<h2>Reservieren Sie jetzt<\/h2>\n<p>[\/et_pb_text][et_pb_code admin_label=&#8220;Formulario de reservas (DE)&#8220; _builder_version=&#8220;4.16&#8243; z_index_tablet=&#8220;500&#8243; global_colors_info=&#8220;{}&#8220;]<\/p>\n<div class=\"form-reserva-inline\"><!-- [et_pb_line_break_holder] -->\t<\/p>\n<form action=\"\/de\/reservieren-sie-jetzt\/\"><!-- [et_pb_line_break_holder] -->\t\t<label for=\"check_in_date\">Ankunft<\/label><!-- [et_pb_line_break_holder] -->\t\t<input name=\"check_in_date\" id=\"check_in_date\" type=\"date\" \/><!-- [et_pb_line_break_holder] -->\t\t<label for=\"check_out_date\">Abreise<\/label><!-- [et_pb_line_break_holder] -->\t\t<input name=\"check_out_date\" id=\"check_out_date\" type=\"date\" \/><!-- [et_pb_line_break_holder] -->\t\t<label for=\"number_adults\" style=\"display:none\">Erwachsener<\/label><!-- [et_pb_line_break_holder] -->\t\t<\/p>\n<div class=\"select-wrapper\"><!-- [et_pb_line_break_holder] -->\t\t\t<select name=\"number_adults\" id=\"number_adults\"><!-- [et_pb_line_break_holder] --><option value=\"1\">1 erwachsene<\/option><!-- [et_pb_line_break_holder] --><option value=\"2\" selected>2 erwachsener<\/option><!-- [et_pb_line_break_holder] --><option value=\"3\">3 erwachsener<\/option><!-- [et_pb_line_break_holder] --><option value=\"4\">4 erwachsener<\/option><!-- [et_pb_line_break_holder] --><option value=\"5\">5 erwachsener<\/option><!-- [et_pb_line_break_holder] --><option value=\"6\">6 erwachsener<\/option><!-- [et_pb_line_break_holder] --><option value=\"7\">7 erwachsener<\/option><!-- [et_pb_line_break_holder] --><option value=\"8\">8 erwachsener<\/option><!-- [et_pb_line_break_holder] --><option value=\"9\">9 erwachsener<\/option><!-- [et_pb_line_break_holder] --><option value=\"10\">10 erwachsener<\/option><!-- [et_pb_line_break_holder] --><option value=\"11\">11 erwachsener<\/option><!-- [et_pb_line_break_holder] --><option value=\"12\">12 erwachsener<\/option><!-- [et_pb_line_break_holder] --><option value=\"13\">13 erwachsener<\/option><!-- [et_pb_line_break_holder] --><option value=\"14\">14 erwachsener<\/option><!-- [et_pb_line_break_holder] --><option value=\"15\">15 erwachsener<\/option><!-- [et_pb_line_break_holder] -->\t\t\t<\/select><!-- [et_pb_line_break_holder] -->\t\t<\/div>\n<p><!-- [et_pb_line_break_holder] -->\t\t<label for=\"number_children\" style=\"display:none\">Kind<\/label><!-- [et_pb_line_break_holder] -->\t\t<\/p>\n<div class=\"select-wrapper\"><!-- [et_pb_line_break_holder] -->\t\t\t<select name=\"number_children\" id=\"number_children\"><!-- [et_pb_line_break_holder] --><option value=\"0\" selected>0 kind<\/option><!-- [et_pb_line_break_holder] --><option value=\"1\">1 kind<\/option><!-- [et_pb_line_break_holder] --><option value=\"2\">2 kind<\/option><!-- [et_pb_line_break_holder] --><option value=\"3\">3 kind<\/option><!-- [et_pb_line_break_holder] --><option value=\"4\">4 kind<\/option><!-- [et_pb_line_break_holder] --><option value=\"5\">5 kind<\/option><!-- [et_pb_line_break_holder] --><option value=\"6\">6 kind<\/option><!-- [et_pb_line_break_holder] --><option value=\"7\">7 kind<\/option><!-- [et_pb_line_break_holder] --><option value=\"8\">8 kind<\/option><!-- [et_pb_line_break_holder] --><option value=\"9\">9 kind<\/option><!-- [et_pb_line_break_holder] --><option value=\"10\">10 kind<\/option><!-- [et_pb_line_break_holder] --><option value=\"11\">11 kind<\/option><!-- [et_pb_line_break_holder] --><option value=\"12\">12 kind<\/option><!-- [et_pb_line_break_holder] --><option value=\"13\">13 kind<\/option><!-- [et_pb_line_break_holder] --><option value=\"14\">14 kind<\/option><!-- [et_pb_line_break_holder] --><option value=\"15\">15 kind<\/option><!-- [et_pb_line_break_holder] -->\t\t\t<\/select><!-- [et_pb_line_break_holder] -->\t\t<\/div>\n<p><!-- [et_pb_line_break_holder] -->\t\t<label for=\"number_infants\" style=\"display:none\">Baby<\/label><!-- [et_pb_line_break_holder] -->\t   <\/p>\n<div class=\"select-wrapper\"><!-- [et_pb_line_break_holder] -->\t\t   <select name=\"number_infants\" id=\"number_infants\"><!-- [et_pb_line_break_holder] --><option value=\"0\" selected>0 baby (<2)<\/option><!-- [et_pb_line_break_holder] --><option value=\"1\">1 baby (<2)<\/option><!-- [et_pb_line_break_holder] --><option value=\"2\">2 baby (<2)<\/option><!-- [et_pb_line_break_holder] --><option value=\"3\">3 baby (<2)<\/option><!-- [et_pb_line_break_holder] --><option value=\"4\">4 baby (<2)<\/option><!-- [et_pb_line_break_holder] --><option value=\"5\">5 baby (<2)<\/option><!-- [et_pb_line_break_holder] --><option value=\"6\">6 baby (<2)<\/option><!-- [et_pb_line_break_holder] --><option value=\"7\">7 baby (<2)<\/option><!-- [et_pb_line_break_holder] --><option value=\"8\">8 baby (<2)<\/option><!-- [et_pb_line_break_holder] -->\t\t   <\/select><!-- [et_pb_line_break_holder] -->\t   <\/div>\n<p><!-- [et_pb_line_break_holder] -->\t\t<button type=\"submit\">Reservieren<\/button><!-- [et_pb_line_break_holder] -->\t<\/form>\n<p><!-- [et_pb_line_break_holder] --><\/div>\n<p>[\/et_pb_code][\/et_pb_column][\/et_pb_row][\/et_pb_section][et_pb_section fb_built=&#8220;1&#8243; module_class=&#8220;seccio-som-fundesplai&#8220; _builder_version=&#8220;3.22&#8243; background_color=&#8220;#c3c3c2&#8243; global_module=&#8220;26&#8243; global_colors_info=&#8220;{}&#8220;][et_pb_row column_structure=&#8220;1_3,2_3&#8243; make_equal=&#8220;on&#8220; _builder_version=&#8220;4.16&#8243; max_width=&#8220;1080px&#8220; global_colors_info=&#8220;{}&#8220;][et_pb_column type=&#8220;1_3&#8243; _builder_version=&#8220;4.16&#8243; background_image=&#8220;https:\/\/albergueesplaibarcelona.com\/wp-content\/uploads\/2018\/06\/ninots-1.png&#8220; background_size=&#8220;contain&#8220; background_position=&#8220;bottom_left&#8220; custom_padding=&#8220;|||&#8220; global_colors_info=&#8220;{}&#8220; custom_padding__hover=&#8220;|||&#8220;][\/et_pb_column][et_pb_column type=&#8220;2_3&#8243; _builder_version=&#8220;4.16&#8243; custom_padding=&#8220;50px||50px|50px&#8220; global_colors_info=&#8220;{}&#8220; custom_padding__hover=&#8220;|||&#8220;][et_pb_text admin_label=&#8220;Somos Fundesplai (DE)&#8220; _builder_version=&#8220;4.16&#8243; custom_margin=&#8220;||20px|&#8220; z_index_tablet=&#8220;500&#8243; global_colors_info=&#8220;{}&#8220;]\n\t\t\t<div>\n\t\t\t\t<h2>\n\t\t\t\t\tWir sind Fundesplai\n\t\t\t\t<\/h2>\n\t\t\t\t<p>\n\t\t\t\t\tWir sind <strong>Fundesplai<\/strong>, eine gemeinn\u00fctzige Organisation mit der Mission, Kinder und Jugendliche zu erziehen, Freizeitorganisationen und den Dritten Sektor zu st\u00e4rken, die Umwelt zu verbessern und Staatsb\u00fcrgerschaft und soziale Eingliederung mit transformativem Willen zu f\u00f6rdern.\n\t\t\t\t<\/p>\n\t\t\t\t<p>\n\t\t\t\t\tDie Herberge Centre Esplai hilft uns dabei, unsere erzieherischen, sozialen und umweltsch\u00fctzerischen Ziele zu verwirklichen.\n\t\t\t\t<\/p>\n\t\t\t\t<p>\n\t\t\t\t\t<a class='et_pb_button et_pb_custom_button_icon et_hover_enabled et_pb_bg_layout_light' href='https:\/\/fundesplai.org\/coneix-fundesplai\/' data-icon='' style='display: inline-block;'>\n\t\t\t\t\t\tLernen Sie Fundesplai kennen\n\t\t\t\t\t<\/a>\n\t\t\t\t<\/p>\n\t\t\t<\/div>\n\t\t[\/et_pb_text][\/et_pb_column][\/et_pb_row][\/et_pb_section]<\/p>\n","protected":false},"excerpt":{"rendered":"<p>ZIMMER Wir bieten 122 einzelne, \u00e4u\u00dferst komfortable Zimmer, die Ihren Besuch erwarten. Insgesamt k\u00f6nnen wir 457 Personen beherbergen! Alle Zimmer verf\u00fcgen \u00fcber voll ausgestattete Badezimmer, einen Arbeitsbereich, Balkon und WLAN. So k\u00f6nnen Sie das Zimmer ausw\u00e4hlen, das Ihnen am meisten zusagt &#8230; Worauf warten Sie noch?VIRTUELLE BESICHTIGUNG &#8211; ZIMMER Reservieren Sie jetzt Ankunft Abreise Erwachsener [&hellip;]<\/p>\n","protected":false},"author":1,"featured_media":0,"parent":3987,"menu_order":0,"comment_status":"closed","ping_status":"closed","template":"","meta":{"_et_pb_use_builder":"on","_et_pb_old_content":"","_et_gb_content_width":"","footnotes":""},"class_list":["post-3839","page","type-page","status-publish","hentry"],"yoast_head":"<!-- This site is optimized with the Yoast SEO plugin v27.4 - https:\/\/yoast.com\/product\/yoast-seo-wordpress\/ -->\n<title>Zimmer - Alberg Centre Esplai<\/title>\n<meta name=\"robots\" content=\"index, follow, max-snippet:-1, max-image-preview:large, max-video-preview:-1\" \/>\n<link rel=\"canonical\" href=\"https:\/\/albergueesplaibarcelona.com\/de\/die-herberge\/zimmer\/\" \/>\n<meta property=\"og:locale\" content=\"de_DE\" \/>\n<meta property=\"og:type\" content=\"article\" \/>\n<meta property=\"og:title\" content=\"Zimmer - Alberg Centre Esplai\" \/>\n<meta property=\"og:description\" content=\"ZIMMER Wir bieten 122 einzelne, \u00e4u\u00dferst komfortable Zimmer, die Ihren Besuch erwarten. Insgesamt k\u00f6nnen wir 457 Personen beherbergen! Alle Zimmer verf\u00fcgen \u00fcber voll ausgestattete Badezimmer, einen Arbeitsbereich, Balkon und WLAN. So k\u00f6nnen Sie das Zimmer ausw\u00e4hlen, das Ihnen am meisten zusagt ... Worauf warten Sie noch?VIRTUELLE BESICHTIGUNG - ZIMMER Reservieren Sie jetzt Ankunft Abreise Erwachsener [&hellip;]\" \/>\n<meta property=\"og:url\" content=\"https:\/\/albergueesplaibarcelona.com\/de\/die-herberge\/zimmer\/\" \/>\n<meta property=\"og:site_name\" content=\"Alberg Centre Esplai\" \/>\n<meta property=\"article:modified_time\" content=\"2024-03-22T10:57:33+00:00\" \/>\n<meta name=\"twitter:card\" content=\"summary_large_image\" \/>\n<meta name=\"twitter:label1\" content=\"Gesch\u00e4tzte Lesezeit\" \/>\n\t<meta name=\"twitter:data1\" content=\"2\u00a0Minuten\" \/>\n<script type=\"application\/ld+json\" class=\"yoast-schema-graph\">{\"@context\":\"https:\\\/\\\/schema.org\",\"@graph\":[{\"@type\":\"WebPage\",\"@id\":\"https:\\\/\\\/albergueesplaibarcelona.com\\\/de\\\/die-herberge\\\/zimmer\\\/\",\"url\":\"https:\\\/\\\/albergueesplaibarcelona.com\\\/de\\\/die-herberge\\\/zimmer\\\/\",\"name\":\"Zimmer - Alberg Centre Esplai\",\"isPartOf\":{\"@id\":\"https:\\\/\\\/albergueesplaibarcelona.com\\\/de\\\/#website\"},\"datePublished\":\"2019-05-03T16:31:24+00:00\",\"dateModified\":\"2024-03-22T10:57:33+00:00\",\"breadcrumb\":{\"@id\":\"https:\\\/\\\/albergueesplaibarcelona.com\\\/de\\\/die-herberge\\\/zimmer\\\/#breadcrumb\"},\"inLanguage\":\"de\",\"potentialAction\":[{\"@type\":\"ReadAction\",\"target\":[\"https:\\\/\\\/albergueesplaibarcelona.com\\\/de\\\/die-herberge\\\/zimmer\\\/\"]}]},{\"@type\":\"BreadcrumbList\",\"@id\":\"https:\\\/\\\/albergueesplaibarcelona.com\\\/de\\\/die-herberge\\\/zimmer\\\/#breadcrumb\",\"itemListElement\":[{\"@type\":\"ListItem\",\"position\":1,\"name\":\"Startseite\",\"item\":\"https:\\\/\\\/albergueesplaibarcelona.com\\\/de\\\/die-herberge\\\/\"},{\"@type\":\"ListItem\",\"position\":2,\"name\":\"Die Herberge\",\"item\":\"https:\\\/\\\/albergueesplaibarcelona.com\\\/de\\\/die-herberge\\\/\"},{\"@type\":\"ListItem\",\"position\":3,\"name\":\"Zimmer\"}]},{\"@type\":\"WebSite\",\"@id\":\"https:\\\/\\\/albergueesplaibarcelona.com\\\/de\\\/#website\",\"url\":\"https:\\\/\\\/albergueesplaibarcelona.com\\\/de\\\/\",\"name\":\"Alberg Centre Esplai\",\"description\":\"Alberg\",\"publisher\":{\"@id\":\"https:\\\/\\\/albergueesplaibarcelona.com\\\/de\\\/#organization\"},\"potentialAction\":[{\"@type\":\"SearchAction\",\"target\":{\"@type\":\"EntryPoint\",\"urlTemplate\":\"https:\\\/\\\/albergueesplaibarcelona.com\\\/de\\\/?s={search_term_string}\"},\"query-input\":{\"@type\":\"PropertyValueSpecification\",\"valueRequired\":true,\"valueName\":\"search_term_string\"}}],\"inLanguage\":\"de\"},{\"@type\":\"Organization\",\"@id\":\"https:\\\/\\\/albergueesplaibarcelona.com\\\/de\\\/#organization\",\"name\":\"Albergue Centre Esplai\",\"url\":\"https:\\\/\\\/albergueesplaibarcelona.com\\\/de\\\/\",\"logo\":{\"@type\":\"ImageObject\",\"inLanguage\":\"de\",\"@id\":\"https:\\\/\\\/albergueesplaibarcelona.com\\\/de\\\/#\\\/schema\\\/logo\\\/image\\\/\",\"url\":\"https:\\\/\\\/albergueesplaibarcelona.com\\\/wp-content\\\/uploads\\\/2020\\\/12\\\/logo_alberg_centre_esplai-e1608117409320.png\",\"contentUrl\":\"https:\\\/\\\/albergueesplaibarcelona.com\\\/wp-content\\\/uploads\\\/2020\\\/12\\\/logo_alberg_centre_esplai-e1608117409320.png\",\"width\":500,\"height\":241,\"caption\":\"Albergue Centre Esplai\"},\"image\":{\"@id\":\"https:\\\/\\\/albergueesplaibarcelona.com\\\/de\\\/#\\\/schema\\\/logo\\\/image\\\/\"}}]}<\/script>\n<!-- \/ Yoast SEO plugin. -->","yoast_head_json":{"title":"Zimmer - Alberg Centre Esplai","robots":{"index":"index","follow":"follow","max-snippet":"max-snippet:-1","max-image-preview":"max-image-preview:large","max-video-preview":"max-video-preview:-1"},"canonical":"https:\/\/albergueesplaibarcelona.com\/de\/die-herberge\/zimmer\/","og_locale":"de_DE","og_type":"article","og_title":"Zimmer - Alberg Centre Esplai","og_description":"ZIMMER Wir bieten 122 einzelne, \u00e4u\u00dferst komfortable Zimmer, die Ihren Besuch erwarten. Insgesamt k\u00f6nnen wir 457 Personen beherbergen! Alle Zimmer verf\u00fcgen \u00fcber voll ausgestattete Badezimmer, einen Arbeitsbereich, Balkon und WLAN. So k\u00f6nnen Sie das Zimmer ausw\u00e4hlen, das Ihnen am meisten zusagt ... Worauf warten Sie noch?VIRTUELLE BESICHTIGUNG - ZIMMER Reservieren Sie jetzt Ankunft Abreise Erwachsener [&hellip;]","og_url":"https:\/\/albergueesplaibarcelona.com\/de\/die-herberge\/zimmer\/","og_site_name":"Alberg Centre Esplai","article_modified_time":"2024-03-22T10:57:33+00:00","twitter_card":"summary_large_image","twitter_misc":{"Gesch\u00e4tzte Lesezeit":"2\u00a0Minuten"},"schema":{"@context":"https:\/\/schema.org","@graph":[{"@type":"WebPage","@id":"https:\/\/albergueesplaibarcelona.com\/de\/die-herberge\/zimmer\/","url":"https:\/\/albergueesplaibarcelona.com\/de\/die-herberge\/zimmer\/","name":"Zimmer - Alberg Centre Esplai","isPartOf":{"@id":"https:\/\/albergueesplaibarcelona.com\/de\/#website"},"datePublished":"2019-05-03T16:31:24+00:00","dateModified":"2024-03-22T10:57:33+00:00","breadcrumb":{"@id":"https:\/\/albergueesplaibarcelona.com\/de\/die-herberge\/zimmer\/#breadcrumb"},"inLanguage":"de","potentialAction":[{"@type":"ReadAction","target":["https:\/\/albergueesplaibarcelona.com\/de\/die-herberge\/zimmer\/"]}]},{"@type":"BreadcrumbList","@id":"https:\/\/albergueesplaibarcelona.com\/de\/die-herberge\/zimmer\/#breadcrumb","itemListElement":[{"@type":"ListItem","position":1,"name":"Startseite","item":"https:\/\/albergueesplaibarcelona.com\/de\/die-herberge\/"},{"@type":"ListItem","position":2,"name":"Die Herberge","item":"https:\/\/albergueesplaibarcelona.com\/de\/die-herberge\/"},{"@type":"ListItem","position":3,"name":"Zimmer"}]},{"@type":"WebSite","@id":"https:\/\/albergueesplaibarcelona.com\/de\/#website","url":"https:\/\/albergueesplaibarcelona.com\/de\/","name":"Alberg Centre Esplai","description":"Alberg","publisher":{"@id":"https:\/\/albergueesplaibarcelona.com\/de\/#organization"},"potentialAction":[{"@type":"SearchAction","target":{"@type":"EntryPoint","urlTemplate":"https:\/\/albergueesplaibarcelona.com\/de\/?s={search_term_string}"},"query-input":{"@type":"PropertyValueSpecification","valueRequired":true,"valueName":"search_term_string"}}],"inLanguage":"de"},{"@type":"Organization","@id":"https:\/\/albergueesplaibarcelona.com\/de\/#organization","name":"Albergue Centre Esplai","url":"https:\/\/albergueesplaibarcelona.com\/de\/","logo":{"@type":"ImageObject","inLanguage":"de","@id":"https:\/\/albergueesplaibarcelona.com\/de\/#\/schema\/logo\/image\/","url":"https:\/\/albergueesplaibarcelona.com\/wp-content\/uploads\/2020\/12\/logo_alberg_centre_esplai-e1608117409320.png","contentUrl":"https:\/\/albergueesplaibarcelona.com\/wp-content\/uploads\/2020\/12\/logo_alberg_centre_esplai-e1608117409320.png","width":500,"height":241,"caption":"Albergue Centre Esplai"},"image":{"@id":"https:\/\/albergueesplaibarcelona.com\/de\/#\/schema\/logo\/image\/"}}]}},"_links":{"self":[{"href":"https:\/\/albergueesplaibarcelona.com\/de\/wp-json\/wp\/v2\/pages\/3839","targetHints":{"allow":["GET"]}}],"collection":[{"href":"https:\/\/albergueesplaibarcelona.com\/de\/wp-json\/wp\/v2\/pages"}],"about":[{"href":"https:\/\/albergueesplaibarcelona.com\/de\/wp-json\/wp\/v2\/types\/page"}],"author":[{"embeddable":true,"href":"https:\/\/albergueesplaibarcelona.com\/de\/wp-json\/wp\/v2\/users\/1"}],"replies":[{"embeddable":true,"href":"https:\/\/albergueesplaibarcelona.com\/de\/wp-json\/wp\/v2\/comments?post=3839"}],"version-history":[{"count":6,"href":"https:\/\/albergueesplaibarcelona.com\/de\/wp-json\/wp\/v2\/pages\/3839\/revisions"}],"predecessor-version":[{"id":18372,"href":"https:\/\/albergueesplaibarcelona.com\/de\/wp-json\/wp\/v2\/pages\/3839\/revisions\/18372"}],"up":[{"embeddable":true,"href":"https:\/\/albergueesplaibarcelona.com\/de\/wp-json\/wp\/v2\/pages\/3987"}],"wp:attachment":[{"href":"https:\/\/albergueesplaibarcelona.com\/de\/wp-json\/wp\/v2\/media?parent=3839"}],"curies":[{"name":"wp","href":"https:\/\/api.w.org\/{rel}","templated":true}]}}