{"id":17023,"date":"2023-07-31T09:43:21","date_gmt":"2023-07-31T07:43:21","guid":{"rendered":"https:\/\/albergueesplaibarcelona.com\/infos-pratiques\/"},"modified":"2025-06-25T13:22:19","modified_gmt":"2025-06-25T11:22:19","slug":"infos-pratiques","status":"publish","type":"page","link":"https:\/\/albergueesplaibarcelona.com\/fr\/infos-pratiques\/","title":{"rendered":"Infos pratiques"},"content":{"rendered":"<p>[et_pb_section fb_built=\u00a0\u00bb1&Prime; _builder_version=\u00a0\u00bb4.16&Prime; global_colors_info=\u00a0\u00bb{}\u00a0\u00bb][et_pb_row _builder_version=\u00a0\u00bb4.16&Prime; global_colors_info=\u00a0\u00bb{}\u00a0\u00bb][et_pb_column type=\u00a0\u00bb4_4&Prime; _builder_version=\u00a0\u00bb4.16&Prime; global_colors_info=\u00a0\u00bb{}\u00a0\u00bb][et_pb_post_title meta=\u00a0\u00bboff\u00a0\u00bb featured_image=\u00a0\u00bboff\u00a0\u00bb _builder_version=\u00a0\u00bb4.16&Prime; global_colors_info=\u00a0\u00bb{}\u00a0\u00bb][\/et_pb_post_title][et_pb_text _builder_version=\u00a0\u00bb4.16&Prime; global_colors_info=\u00a0\u00bb{}\u00a0\u00bb]<\/p>\n<p style=\"text-align: center;\">Bienvenue \u00e0 l&rsquo;Alberg<a href=\"https:\/\/albergueesplaibarcelona.com\/ca\"> Centre Esplai!<\/a> Pour faciliter votre s\u00e9jour, nous mettons \u00e0 votre disposition diverses informations pratiques. Si vous avez d&rsquo;autres questions, vous pouvez toujours vous adresser \u00e0 la r\u00e9ception o\u00f9 nous vous assisterons 24h\/24 ou appeler le +34 93 474 46 78. Bon s\u00e9jour !<\/p>\n<p>[\/et_pb_text][\/et_pb_column][\/et_pb_row][\/et_pb_section][et_pb_section fb_built=\u00a0\u00bb1&Prime; _builder_version=\u00a0\u00bb4.16&Prime; custom_margin=\u00a0\u00bb50px||||false|false\u00a0\u00bb custom_margin_tablet=\u00a0\u00bb\u00a0\u00bb custom_margin_phone=\u00a0\u00bb30px||||false|false\u00a0\u00bb custom_margin_last_edited=\u00a0\u00bbon|phone\u00a0\u00bb collapsed=\u00a0\u00bboff\u00a0\u00bb global_colors_info=\u00a0\u00bb{}\u00a0\u00bb][et_pb_row column_structure=\u00a0\u00bb1_2,1_2&Prime; use_custom_gutter=\u00a0\u00bbon\u00a0\u00bb gutter_width=\u00a0\u00bb4&Prime; module_class=\u00a0\u00bbgraella-icona-circular-giratoria\u00a0\u00bb _builder_version=\u00a0\u00bb4.16&Prime; custom_margin=\u00a0\u00bb||||false|false\u00a0\u00bb locked=\u00a0\u00bboff\u00a0\u00bb global_colors_info=\u00a0\u00bb{}\u00a0\u00bb][et_pb_column type=\u00a0\u00bb1_2&Prime; _builder_version=\u00a0\u00bb4.16&Prime; custom_padding=\u00a0\u00bb|||\u00a0\u00bb global_colors_info=\u00a0\u00bb{}\u00a0\u00bb custom_padding__hover=\u00a0\u00bb|||\u00a0\u00bb][et_pb_blurb title=\u00a0\u00bbWIFI\u00a0\u00bb use_icon=\u00a0\u00bbon\u00a0\u00bb font_icon=\u00a0\u00bb&#xf1eb;||fa||900&Prime; icon_color=\u00a0\u00bb#333333&Prime; icon_placement=\u00a0\u00bbleft\u00a0\u00bb disabled_on=\u00a0\u00bboff|off|off\u00a0\u00bb admin_label=\u00a0\u00bbWIFI\u00a0\u00bb _builder_version=\u00a0\u00bb4.24.2&Prime; custom_margin=\u00a0\u00bb||0px|\u00a0\u00bb z_index_tablet=\u00a0\u00bb500&Prime; global_colors_info=\u00a0\u00bb{}\u00a0\u00bb]<\/p>\n<p>utilisateur: ALBERG-WIFI<br \/>mot de passe : EcoAlberg!<\/p>\n<p>[\/et_pb_blurb][et_pb_blurb title=\u00a0\u00bbENREGISTREMENT \/ D\u00c9PART\u00a0\u00bb use_icon=\u00a0\u00bbon\u00a0\u00bb font_icon=\u00a0\u00bb&#xf084;||fa||900&Prime; icon_color=\u00a0\u00bb#333333&Prime; icon_placement=\u00a0\u00bbleft\u00a0\u00bb admin_label=\u00a0\u00bbCHECK IN I OUT\u00a0\u00bb module_id=\u00a0\u00bbno-pointer\u00a0\u00bb _builder_version=\u00a0\u00bb4.24.2&Prime; custom_margin=\u00a0\u00bb||0px|\u00a0\u00bb z_index_tablet=\u00a0\u00bb500&Prime; global_colors_info=\u00a0\u00bb{}\u00a0\u00bb]<\/p>\n<p>@ 14h00 \/ 11h00<br \/>Avant de partir : v\u00e9rifiez que vous n&rsquo;avez laiss\u00e9 aucun objet personnel dans la chambre.<\/p>\n<p>[\/et_pb_blurb][et_pb_blurb title=\u00a0\u00bbRESTAURANT\u00a0\u00bb use_icon=\u00a0\u00bbon\u00a0\u00bb font_icon=\u00a0\u00bb&#xe559;||fa||900&Prime; icon_color=\u00a0\u00bb#333333&Prime; icon_placement=\u00a0\u00bbleft\u00a0\u00bb admin_label=\u00a0\u00bbRESTAURANT\u00a0\u00bb _builder_version=\u00a0\u00bb4.24.2&Prime; custom_margin=\u00a0\u00bb||0px|\u00a0\u00bb z_index_tablet=\u00a0\u00bb500&Prime; global_colors_info=\u00a0\u00bb{}\u00a0\u00bb]<\/p>\n<p>\u00b7 Petit d\u00e9jeuner de 7h \u00e0 10h : buffet continental<br \/>\u00b7 D\u00e9jeuner de 13h30 \u00e0 15h30 : menu<br \/>\u00b7 D\u00eener de 20h \u00e0 22h : menu<\/p>\n<p>[\/et_pb_blurb][et_pb_blurb title=\u00a0\u00bbLes serviettes\u00a0\u00bb use_icon=\u00a0\u00bbon\u00a0\u00bb font_icon=\u00a0\u00bb&#xf498;||fa||900&Prime; icon_placement=\u00a0\u00bbleft\u00a0\u00bb admin_label=\u00a0\u00bbTovalloles\u00a0\u00bb _builder_version=\u00a0\u00bb4.24.2&Prime; custom_margin=\u00a0\u00bb||0px|\u00a0\u00bb z_index_tablet=\u00a0\u00bb500&Prime; global_colors_info=\u00a0\u00bb{}\u00a0\u00bb]<\/p>\n<p>Rejoignez notre campagne \u00e9cologique ! Si vous r\u00e9utilisez les serviettes, nous \u00e9conomisons de l&rsquo;eau et de l&rsquo;\u00e9nergie. Laissez-le suspendu pour le r\u00e9utiliser ou sur le sol si vous pr\u00e9f\u00e9rez un changement quotidien.  <\/p>\n<p>[\/et_pb_blurb][et_pb_blurb title=\u00a0\u00bbPlan des Installations\u00a0\u00bb use_icon=\u00a0\u00bbon\u00a0\u00bb font_icon=\u00a0\u00bb&#xf279;||fa||900&Prime; icon_color=\u00a0\u00bb#333333&Prime; icon_placement=\u00a0\u00bbleft\u00a0\u00bb admin_label=\u00a0\u00bbMapa de les Instal\u00b7lacions\u00a0\u00bb _builder_version=\u00a0\u00bb4.24.2&Prime; custom_margin=\u00a0\u00bb||0px|\u00a0\u00bb z_index_tablet=\u00a0\u00bb500&Prime; global_colors_info=\u00a0\u00bb{}\u00a0\u00bb]<\/p>\n<p>T\u00e9l\u00e9charger ici<\/p>\n<p>[\/et_pb_blurb][et_pb_blurb title=\u00a0\u00bbSALLE DES NUSOS &#8211; ORDINATEURS\u00a0\u00bb use_icon=\u00a0\u00bbon\u00a0\u00bb font_icon=\u00a0\u00bb&#xf390;||fa||900&Prime; icon_color=\u00a0\u00bb#333333&Prime; icon_placement=\u00a0\u00bbleft\u00a0\u00bb admin_label=\u00a0\u00bbSALA NUSOS &#8211; ORDINADORS\u00a0\u00bb _builder_version=\u00a0\u00bb4.24.2&Prime; custom_margin=\u00a0\u00bb||0px|\u00a0\u00bb link_option_url_new_window=\u00a0\u00bbon\u00a0\u00bb z_index_tablet=\u00a0\u00bb500&Prime; global_colors_info=\u00a0\u00bb{}\u00a0\u00bb]<\/p>\n<p>Salle informatique gratuite avec WIFI.<\/p>\n<p>[\/et_pb_blurb][et_pb_blurb title=\u00a0\u00bbLocation de v\u00e9los\u00a0\u00bb use_icon=\u00a0\u00bbon\u00a0\u00bb font_icon=\u00a0\u00bb&#xf206;||fa||900&Prime; icon_color=\u00a0\u00bb#333333&Prime; icon_placement=\u00a0\u00bbleft\u00a0\u00bb admin_label=\u00a0\u00bbLloguer de bicicletes\u00a0\u00bb _builder_version=\u00a0\u00bb4.24.2&Prime; custom_margin=\u00a0\u00bb||0px|\u00a0\u00bb z_index_tablet=\u00a0\u00bb500&Prime; global_colors_info=\u00a0\u00bb{}\u00a0\u00bb]<\/p>\n<p>Renseignez-vous \u00e0 la r\u00e9ception sur la location de v\u00e9los.<\/p>\n<p>[\/et_pb_blurb][et_pb_blurb title=\u00a0\u00bbConsignation\u00a0\u00bb use_icon=\u00a0\u00bbon\u00a0\u00bb font_icon=\u00a0\u00bb&#xf30d;||fa||900&Prime; icon_color=\u00a0\u00bb#333333&Prime; icon_placement=\u00a0\u00bbleft\u00a0\u00bb admin_label=\u00a0\u00bbConsigna\u00a0\u00bb _builder_version=\u00a0\u00bb4.24.2&Prime; custom_margin=\u00a0\u00bb||0px|\u00a0\u00bb z_index_tablet=\u00a0\u00bb500&Prime; global_colors_info=\u00a0\u00bb{}\u00a0\u00bb]<\/p>\n<p>Demandez \u00e0 la r\u00e9ception pour les bagages.<\/p>\n<p>[\/et_pb_blurb][et_pb_blurb title=\u00a0\u00bbGestion des d\u00e9chets\u00a0\u00bb use_icon=\u00a0\u00bbon\u00a0\u00bb font_icon=\u00a0\u00bb&#xf1b8;||fa||900&Prime; icon_color=\u00a0\u00bb#333333&Prime; icon_placement=\u00a0\u00bbleft\u00a0\u00bb admin_label=\u00a0\u00bbGESTI\u00d3 RESIDUS\u00a0\u00bb _builder_version=\u00a0\u00bb4.27.4&Prime; custom_margin=\u00a0\u00bb||0px|\u00a0\u00bb hover_enabled=\u00a0\u00bb0&Prime; z_index_tablet=\u00a0\u00bb500&Prime; global_colors_info=\u00a0\u00bb{}\u00a0\u00bb sticky_enabled=\u00a0\u00bb0&Prime;]<\/p>\n<p>Triez vos d\u00e9chets correctement pour pr\u00e9server l&rsquo;environnement. \u00c0 chaque \u00e9tage, vous trouverez des poubelles pour la collecte s\u00e9lective et le recyclage des d\u00e9chets. <\/p>\n<p>[\/et_pb_blurb][\/et_pb_column][et_pb_column type=\u00a0\u00bb1_2&Prime; _builder_version=\u00a0\u00bb4.16&Prime; custom_padding=\u00a0\u00bb|||\u00a0\u00bb global_colors_info=\u00a0\u00bb{}\u00a0\u00bb custom_padding__hover=\u00a0\u00bb|||\u00a0\u00bb][et_pb_blurb title=\u00a0\u00bbT\u00c9L\u00c9PHONES D&#039;INT\u00c9R\u00caT\u00a0\u00bb use_icon=\u00a0\u00bbon\u00a0\u00bb font_icon=\u00a0\u00bb&#xf095;||fa||900&Prime; icon_color=\u00a0\u00bb#333333&Prime; icon_placement=\u00a0\u00bbleft\u00a0\u00bb admin_label=\u00a0\u00bbTEL\u00c8FONS D&rsquo;INTER\u00c8S\u00a0\u00bb _builder_version=\u00a0\u00bb4.24.2&Prime; custom_margin=\u00a0\u00bb||0px|\u00a0\u00bb z_index_tablet=\u00a0\u00bb500&Prime; global_colors_info=\u00a0\u00bb{}\u00a0\u00bb]<\/p>\n<p>R\u00e9ception de l&rsquo;auberge : +34 93 474 46 78<br \/>Urgences : 112<\/p>\n<p>[\/et_pb_blurb][et_pb_blurb title=\u00a0\u00bbPARKING\u00a0\u00bb use_icon=\u00a0\u00bbon\u00a0\u00bb font_icon=\u00a0\u00bb&#xf540;||fa||900&Prime; icon_color=\u00a0\u00bb#333333&Prime; icon_placement=\u00a0\u00bbleft\u00a0\u00bb admin_label=\u00a0\u00bbP\u00c0RQUING\u00a0\u00bb _builder_version=\u00a0\u00bb4.24.2&Prime; custom_margin=\u00a0\u00bb||0px|\u00a0\u00bb link_option_url_new_window=\u00a0\u00bbon\u00a0\u00bb z_index_tablet=\u00a0\u00bb500&Prime; global_colors_info=\u00a0\u00bb{}\u00a0\u00bb]<\/p>\n<p>Parking ext\u00e9rieur gratuit<br \/>Parking priv\u00e9 payant avec surveillance 24h\/24 et parking souterrain<\/p>\n<p>[\/et_pb_blurb][et_pb_blurb title=\u00a0\u00bbPISCINE\u00a0\u00bb url=\u00a0\u00bbhttps:\/\/albergueesplaibarcelona.com\/fr\/hebergement\/piscine\/\u00a0\u00bb use_icon=\u00a0\u00bbon\u00a0\u00bb font_icon=\u00a0\u00bb&#xf5c5;||fa||900&Prime; icon_color=\u00a0\u00bb#333333&Prime; icon_placement=\u00a0\u00bbleft\u00a0\u00bb disabled_on=\u00a0\u00bboff|off|off\u00a0\u00bb admin_label=\u00a0\u00bbPISCINA\u00a0\u00bb _builder_version=\u00a0\u00bb4.24.2&Prime; header_font=\u00a0\u00bb|700|||||||\u00a0\u00bb custom_margin=\u00a0\u00bb||0px|\u00a0\u00bb z_index_tablet=\u00a0\u00bb500&Prime; global_colors_info=\u00a0\u00bb{}\u00a0\u00bb]<\/p>\n<p>\u00b7 P\u00e9riode d&rsquo;ouverture : du 15\/06 au 30\/09<br \/>\u00b7 Horaires : 8h \u00e0 20h<br \/>\u00b7 Piscine chauff\u00e9e avec solarium<\/p>\n<p>[\/et_pb_blurb][et_pb_blurb title=\u00a0\u00bbCLIMATISATION\u00a0\u00bb use_icon=\u00a0\u00bbon\u00a0\u00bb font_icon=\u00a0\u00bb&#xf8f4;||fa||900&Prime; icon_color=\u00a0\u00bb#333333&Prime; icon_placement=\u00a0\u00bbleft\u00a0\u00bb admin_label=\u00a0\u00bbAIRE CONDICIONAT\u00a0\u00bb _builder_version=\u00a0\u00bb4.24.2&Prime; custom_margin=\u00a0\u00bb||0px|\u00a0\u00bb link_option_url_new_window=\u00a0\u00bbon\u00a0\u00bb z_index_tablet=\u00a0\u00bb500&Prime; global_colors_info=\u00a0\u00bb{}\u00a0\u00bb]<\/p>\n<p>Temp\u00e9rature \u00e9tablie sur la base des mesures d&rsquo;\u00e9conomie d&rsquo;\u00e9nergie, RD-Loi 14\/2022, du 1\/8. Un minimum de 27 \u00baC en \u00e9t\u00e9 et un maximum de 19 \u00baC en hiver. <\/p>\n<p>[\/et_pb_blurb][et_pb_blurb title=\u00a0\u00bbINTERDICTION DE FUMER\u00a0\u00bb use_icon=\u00a0\u00bbon\u00a0\u00bb font_icon=\u00a0\u00bb&#xf54d;||fa||900&Prime; icon_color=\u00a0\u00bb#333333&Prime; icon_placement=\u00a0\u00bbleft\u00a0\u00bb admin_label=\u00a0\u00bbPROHIBIT FUMAR\u00a0\u00bb _builder_version=\u00a0\u00bb4.24.2&Prime; custom_margin=\u00a0\u00bb||0px|\u00a0\u00bb z_index_tablet=\u00a0\u00bb500&Prime; global_colors_info=\u00a0\u00bb{}\u00a0\u00bb]<\/p>\n<p>Il est interdit de fumer dans les chambres.<\/p>\n<p>[\/et_pb_blurb][et_pb_blurb title=\u00a0\u00bbSalle de jeux\u00a0\u00bb use_icon=\u00a0\u00bbon\u00a0\u00bb font_icon=\u00a0\u00bb&#xf45d;||fa||900&Prime; icon_color=\u00a0\u00bb#333333&Prime; icon_placement=\u00a0\u00bbleft\u00a0\u00bb admin_label=\u00a0\u00bbSala de jocs\u00a0\u00bb _builder_version=\u00a0\u00bb4.24.2&Prime; custom_margin=\u00a0\u00bb||0px|\u00a0\u00bb link_option_url_new_window=\u00a0\u00bbon\u00a0\u00bb z_index_tablet=\u00a0\u00bb500&Prime; global_colors_info=\u00a0\u00bb{}\u00a0\u00bb]<\/p>\n<p>Profitez d&rsquo;un baby-foot et d&rsquo;une table de ping-pong.<\/p>\n<p>[\/et_pb_blurb][et_pb_blurb title=\u00a0\u00bbPIQUE-NIQUE\u00a0\u00bb use_icon=\u00a0\u00bbon\u00a0\u00bb font_icon=\u00a0\u00bb&#xe0af;||fa||900&Prime; icon_color=\u00a0\u00bb#333333&Prime; icon_placement=\u00a0\u00bbleft\u00a0\u00bb admin_label=\u00a0\u00bbP\u00cdCNIC\u00a0\u00bb _builder_version=\u00a0\u00bb4.24.2&Prime; custom_margin=\u00a0\u00bb||0px|\u00a0\u00bb z_index_tablet=\u00a0\u00bb500&Prime; global_colors_info=\u00a0\u00bb{}\u00a0\u00bb]<\/p>\n<p>Pr\u00e9venez la r\u00e9ception si vous souhaitez que nous vous pr\u00e9parions un pique-nique.<\/p>\n<p>[\/et_pb_blurb][et_pb_blurb title=\u00a0\u00bbLESSIVE\u00a0\u00bb use_icon=\u00a0\u00bbon\u00a0\u00bb font_icon=\u00a0\u00bb&#xf898;||fa||900&Prime; icon_color=\u00a0\u00bb#333333&Prime; icon_placement=\u00a0\u00bbleft\u00a0\u00bb admin_label=\u00a0\u00bbBUGADERIA\u00a0\u00bb _builder_version=\u00a0\u00bb4.27.4&Prime; custom_margin=\u00a0\u00bb||0px|\u00a0\u00bb z_index_tablet=\u00a0\u00bb500&Prime; global_colors_info=\u00a0\u00bb{}\u00a0\u00bb]<\/p>\n<p>Effectuez le paiement \u00e0 la r\u00e9ception pour recevoir des jetons pour les machines \u00e0 laver.<\/p>\n<p>[\/et_pb_blurb][et_pb_blurb title=\u00a0\u00bbSILENCE\u00a0\u00bb use_icon=\u00a0\u00bbon\u00a0\u00bb font_icon=\u00a0\u00bb&#xf2e2;||fa||900&Prime; icon_color=\u00a0\u00bb#333333&Prime; icon_placement=\u00a0\u00bbleft\u00a0\u00bb admin_label=\u00a0\u00bbSILENCI\u00a0\u00bb _builder_version=\u00a0\u00bb4.27.4&Prime; custom_margin=\u00a0\u00bb||0px|\u00a0\u00bb z_index_tablet=\u00a0\u00bb500&Prime; global_colors_info=\u00a0\u00bb{}\u00a0\u00bb]<\/p>\n<p>Horaires de silence : de 23h \u00e0 7h.<br \/>Durant cette p\u00e9riode, le silence doit \u00eatre maintenu dans l&rsquo;ensemble des locaux afin de respecter le repos de tous.<\/p>\n<p>[\/et_pb_blurb][\/et_pb_column][\/et_pb_row][\/et_pb_section][et_pb_section fb_built=\u00a0\u00bb1&Prime; _builder_version=\u00a0\u00bb4.16&Prime; _module_preset=\u00a0\u00bbdefault\u00a0\u00bb custom_margin=\u00a0\u00bb30px||||false|false\u00a0\u00bb global_colors_info=\u00a0\u00bb{}\u00a0\u00bb][et_pb_row _builder_version=\u00a0\u00bb4.16&Prime; _module_preset=\u00a0\u00bbdefault\u00a0\u00bb global_colors_info=\u00a0\u00bb{}\u00a0\u00bb][et_pb_column type=\u00a0\u00bb4_4&Prime; _builder_version=\u00a0\u00bb4.16&Prime; _module_preset=\u00a0\u00bbdefault\u00a0\u00bb global_colors_info=\u00a0\u00bb{}\u00a0\u00bb][et_pb_text _builder_version=\u00a0\u00bb4.16&Prime; _module_preset=\u00a0\u00bbdefault\u00a0\u00bb global_colors_info=\u00a0\u00bb{}\u00a0\u00bb]<\/p>\n<h2 style=\"text-align: center;\">Comment arriver<\/h2>\n<p>[\/et_pb_text][\/et_pb_column][\/et_pb_row][et_pb_row module_class=\u00a0\u00bb et_pb_row_fullwidth\u00a0\u00bb _builder_version=\u00a0\u00bb4.16&Prime; width=\u00a0\u00bb100%\u00a0\u00bb width_tablet=\u00a0\u00bb100%\u00a0\u00bb width_phone=\u00a0\u00bb\u00a0\u00bb width_last_edited=\u00a0\u00bbon|desktop\u00a0\u00bb max_width=\u00a0\u00bb100%\u00a0\u00bb max_width_tablet=\u00a0\u00bb100%\u00a0\u00bb max_width_phone=\u00a0\u00bb\u00a0\u00bb max_width_last_edited=\u00a0\u00bbon|desktop\u00a0\u00bb module_alignment=\u00a0\u00bbcenter\u00a0\u00bb make_fullwidth=\u00a0\u00bbon\u00a0\u00bb locked=\u00a0\u00bboff\u00a0\u00bb global_colors_info=\u00a0\u00bb{}\u00a0\u00bb][et_pb_column type=\u00a0\u00bb4_4&Prime; _builder_version=\u00a0\u00bb4.16&Prime; custom_padding=\u00a0\u00bb|||\u00a0\u00bb global_colors_info=\u00a0\u00bb{}\u00a0\u00bb custom_padding__hover=\u00a0\u00bb|||\u00a0\u00bb][et_pb_code admin_label=\u00a0\u00bbCarte\u00a0\u00bb _builder_version=\u00a0\u00bb4.16&Prime; global_colors_info=\u00a0\u00bb{}\u00a0\u00bb]<iframe loading=\"lazy\" src=\"https:\/\/maps.google.com\/maps?width=100%&amp;height=600&amp;coord=41.315741,2.082559&amp;q=Carrer%20Riu%20Anoia%2042-54%2008820%20El%20Prat%20de%20Llobregat+(Albergue%20Centre%20Esplai)&amp;ie=UTF8&amp;t=&amp;z=16&amp;iwloc=B&amp;output=embed\" width=\"2500\" height=\"400\" frameborder=\"0\" style=\"border:0\" allowfullscreen=\"\"><\/iframe>[\/et_pb_code][et_pb_button button_url=\u00a0\u00bbhttps:\/\/albergueesplaibarcelona.com\/fr\/comment-venir\/\u00a0\u00bb button_text=\u00a0\u00bbV\u00e9rifiez ici comment vous y rendre en transports en commun\u00a0\u00bb button_alignment=\u00a0\u00bbcenter\u00a0\u00bb _builder_version=\u00a0\u00bb4.16&Prime; _module_preset=\u00a0\u00bbdefault\u00a0\u00bb custom_margin=\u00a0\u00bb30px||50px||false|false\u00a0\u00bb global_colors_info=\u00a0\u00bb{}\u00a0\u00bb][\/et_pb_button][\/et_pb_column][\/et_pb_row][\/et_pb_section][et_pb_section fb_built=\u00a0\u00bb1&Prime; admin_label=\u00a0\u00bbSection: Som Fundesplai\u00a0\u00bb module_class=\u00a0\u00bbseccio-som-fundesplai\u00a0\u00bb _builder_version=\u00a0\u00bb4.16&Prime; background_color=\u00a0\u00bb#c3c3c2&Prime; global_module=\u00a0\u00bb428&Prime; locked=\u00a0\u00bboff\u00a0\u00bb collapsed=\u00a0\u00bbon\u00a0\u00bb global_colors_info=\u00a0\u00bb{}\u00a0\u00bb][et_pb_row column_structure=\u00a0\u00bb1_3,2_3&Prime; make_equal=\u00a0\u00bbon\u00a0\u00bb _builder_version=\u00a0\u00bb4.16&Prime; max_width=\u00a0\u00bb1080px\u00a0\u00bb global_colors_info=\u00a0\u00bb{}\u00a0\u00bb][et_pb_column type=\u00a0\u00bb1_3&Prime; _builder_version=\u00a0\u00bb4.16&Prime; background_image=\u00a0\u00bbhttps:\/\/albergueesplaibarcelona.com\/wp-content\/uploads\/2018\/06\/ninots-1.png\u00a0\u00bb background_size=\u00a0\u00bbcontain\u00a0\u00bb background_position=\u00a0\u00bbbottom_left\u00a0\u00bb custom_padding=\u00a0\u00bb|||\u00a0\u00bb global_colors_info=\u00a0\u00bb{}\u00a0\u00bb custom_padding__hover=\u00a0\u00bb|||\u00a0\u00bb][\/et_pb_column][et_pb_column type=\u00a0\u00bb2_3&Prime; _builder_version=\u00a0\u00bb4.16&Prime; custom_padding=\u00a0\u00bb50px||50px|50px\u00a0\u00bb global_colors_info=\u00a0\u00bb{}\u00a0\u00bb custom_padding__hover=\u00a0\u00bb|||\u00a0\u00bb][et_pb_text admin_label=\u00a0\u00bbSomos Fundesplai (CA)\u00a0\u00bb _builder_version=\u00a0\u00bb4.16&Prime; custom_margin=\u00a0\u00bb||20px|\u00a0\u00bb z_index_tablet=\u00a0\u00bb500&Prime; global_colors_info=\u00a0\u00bb{}\u00a0\u00bb]\n\t\t\t<div>\n\t\t\t\t<h2>\n\t\t\t\t\tNous sommes Fundesplai\n\t\t\t\t<\/h2>\n\t\t\t\t<p>\n\t\t\t\t\tNous sommes <strong>Fundesplai<\/strong>, une organisation \u00e0 but non lucratif dont la mission est d'\u00e9duquer les enfants et les jeunes, de renforcer les organisations de loisirs et le secteur associatif, d'am\u00e9liorer l'environnement et de promouvoir la citoyennet\u00e9 et l'inclusion sociale, avec une volont\u00e9 de transformation.\n\t\t\t\t<\/p>\n\t\t\t\t<p>\n\t\t\t\t\tL'auberg de jeunesse Centre Esplai nous aide \u00e0 remplir notre mission \u00e9ducative, sociale et environnementale.\n\t\t\t\t<\/p>\n\t\t\t\t<p>\n\t\t\t\t\t<a class='et_pb_button et_pb_custom_button_icon et_hover_enabled et_pb_bg_layout_light' href='https:\/\/fundesplai.org\/coneix-fundesplai\/' data-icon='' style='display: inline-block;'>\n\t\t\t\t\t\tFaites connaissance avec Fundesplai\n\t\t\t\t\t<\/a>\n\t\t\t\t<\/p>\n\t\t\t<\/div>\n\t\t[\/et_pb_text][et_pb_text disabled_on=\u00a0\u00bbon|on|on\u00a0\u00bb admin_label=\u00a0\u00bbSomos Fundesplai (CA)\u00a0\u00bb _builder_version=\u00a0\u00bb4.16&Prime; custom_margin=\u00a0\u00bb||20px|\u00a0\u00bb z_index_tablet=\u00a0\u00bb500&Prime; disabled=\u00a0\u00bbon\u00a0\u00bb global_colors_info=\u00a0\u00bb{}\u00a0\u00bb]<\/p>\n<h2>Nous sommes Fundesplai!<\/h2>\n<p><strong>Nous sommes une association \u00e0 but non lucratif<\/strong> qui \u0153uvre depuis plus de 45 ans en faveur de l&rsquo;\u00e9ducation et du bonheur des enfants, de l&rsquo;\u00e9quit\u00e9, de l&rsquo;inclusion sociale, de la protection de la nature et du d\u00e9veloppement du Tiers Secteur.<\/p>\n<p>L&rsquo;auberge Centre Esplai nous aide \u00e0 remplir notre mission \u00e9ducative, sociale et environnementale.<\/p>\n<p>[\/et_pb_text][et_pb_button button_url=\u00a0\u00bbhttps:\/\/fundesplai.org\/coneix-fundesplai\/\u00a0\u00bb url_new_window=\u00a0\u00bbon\u00a0\u00bb button_text=\u00a0\u00bbD\u00e9couvrez Fundesplai\u00a0\u00bb disabled_on=\u00a0\u00bbon|on|on\u00a0\u00bb admin_label=\u00a0\u00bbBot\u00f3 Conoce Fundesplai\u00a0\u00bb _builder_version=\u00a0\u00bb4.16&Prime; custom_button=\u00a0\u00bbon\u00a0\u00bb button_text_color=\u00a0\u00bb#ffffff\u00a0\u00bb button_bg_color=\u00a0\u00bb#666666&Prime; button_icon=\u00a0\u00bb&#x35;||divi||400&Prime; button_bg_color_hover=\u00a0\u00bb#666666&Prime; disabled=\u00a0\u00bbon\u00a0\u00bb global_colors_info=\u00a0\u00bb{}\u00a0\u00bb button_text_size__hover_enabled=\u00a0\u00bboff\u00a0\u00bb button_text_size__hover=\u00a0\u00bbnull\u00a0\u00bb button_one_text_size__hover_enabled=\u00a0\u00bboff\u00a0\u00bb button_one_text_size__hover=\u00a0\u00bbnull\u00a0\u00bb button_two_text_size__hover_enabled=\u00a0\u00bboff\u00a0\u00bb button_two_text_size__hover=\u00a0\u00bbnull\u00a0\u00bb button_text_color__hover_enabled=\u00a0\u00bboff\u00a0\u00bb button_text_color__hover=\u00a0\u00bbnull\u00a0\u00bb button_one_text_color__hover_enabled=\u00a0\u00bboff\u00a0\u00bb button_one_text_color__hover=\u00a0\u00bbnull\u00a0\u00bb button_two_text_color__hover_enabled=\u00a0\u00bboff\u00a0\u00bb button_two_text_color__hover=\u00a0\u00bbnull\u00a0\u00bb button_border_width__hover_enabled=\u00a0\u00bboff\u00a0\u00bb button_border_width__hover=\u00a0\u00bbnull\u00a0\u00bb button_one_border_width__hover_enabled=\u00a0\u00bboff\u00a0\u00bb button_one_border_width__hover=\u00a0\u00bbnull\u00a0\u00bb button_two_border_width__hover_enabled=\u00a0\u00bboff\u00a0\u00bb button_two_border_width__hover=\u00a0\u00bbnull\u00a0\u00bb button_border_color__hover_enabled=\u00a0\u00bboff\u00a0\u00bb button_border_color__hover=\u00a0\u00bbnull\u00a0\u00bb button_one_border_color__hover_enabled=\u00a0\u00bboff\u00a0\u00bb button_one_border_color__hover=\u00a0\u00bbnull\u00a0\u00bb button_two_border_color__hover_enabled=\u00a0\u00bboff\u00a0\u00bb button_two_border_color__hover=\u00a0\u00bbnull\u00a0\u00bb button_border_radius__hover_enabled=\u00a0\u00bboff\u00a0\u00bb button_border_radius__hover=\u00a0\u00bbnull\u00a0\u00bb button_one_border_radius__hover_enabled=\u00a0\u00bboff\u00a0\u00bb button_one_border_radius__hover=\u00a0\u00bbnull\u00a0\u00bb button_two_border_radius__hover_enabled=\u00a0\u00bboff\u00a0\u00bb button_two_border_radius__hover=\u00a0\u00bbnull\u00a0\u00bb button_letter_spacing__hover_enabled=\u00a0\u00bboff\u00a0\u00bb button_letter_spacing__hover=\u00a0\u00bbnull\u00a0\u00bb button_one_letter_spacing__hover_enabled=\u00a0\u00bboff\u00a0\u00bb button_one_letter_spacing__hover=\u00a0\u00bbnull\u00a0\u00bb button_two_letter_spacing__hover_enabled=\u00a0\u00bboff\u00a0\u00bb button_two_letter_spacing__hover=\u00a0\u00bbnull\u00a0\u00bb button_bg_color__hover_enabled=\u00a0\u00bbon\u00a0\u00bb button_bg_color__hover=\u00a0\u00bb#666666&Prime; button_one_bg_color__hover_enabled=\u00a0\u00bboff\u00a0\u00bb button_one_bg_color__hover=\u00a0\u00bbnull\u00a0\u00bb button_two_bg_color__hover_enabled=\u00a0\u00bboff\u00a0\u00bb button_two_bg_color__hover=\u00a0\u00bbnull\u00a0\u00bb][\/et_pb_button][\/et_pb_column][\/et_pb_row][\/et_pb_section]<\/p>\n","protected":false},"excerpt":{"rendered":"<p>Bienvenue \u00e0 l&rsquo;Alberg Centre Esplai! Pour faciliter votre s\u00e9jour, nous mettons \u00e0 votre disposition diverses informations pratiques. Si vous avez d&rsquo;autres questions, vous pouvez toujours vous adresser \u00e0 la r\u00e9ception o\u00f9 nous vous assisterons 24h\/24 ou appeler le +34 93 474 46 78. Bon s\u00e9jour !utilisateur: ALBERG-WIFImot de passe : EcoAlberg!@ 14h00 \/ 11h00Avant de [&hellip;]<\/p>\n","protected":false},"author":6,"featured_media":0,"parent":0,"menu_order":0,"comment_status":"closed","ping_status":"closed","template":"","meta":{"_et_pb_use_builder":"on","_et_pb_old_content":"","_et_gb_content_width":"","footnotes":""},"class_list":["post-17023","page","type-page","status-publish","hentry"],"yoast_head":"<!-- This site is optimized with the Yoast SEO plugin v27.4 - https:\/\/yoast.com\/product\/yoast-seo-wordpress\/ -->\n<title>Infos pratiques - Alberg Centre Esplai<\/title>\n<meta name=\"robots\" content=\"index, follow, max-snippet:-1, max-image-preview:large, max-video-preview:-1\" \/>\n<link rel=\"canonical\" href=\"https:\/\/albergueesplaibarcelona.com\/fr\/infos-pratiques\/\" \/>\n<meta property=\"og:locale\" content=\"fr_FR\" \/>\n<meta property=\"og:type\" content=\"article\" \/>\n<meta property=\"og:title\" content=\"Infos pratiques - Alberg Centre Esplai\" \/>\n<meta property=\"og:description\" content=\"Bienvenue \u00e0 l&#039;Alberg Centre Esplai! Pour faciliter votre s\u00e9jour, nous mettons \u00e0 votre disposition diverses informations pratiques. Si vous avez d&#039;autres questions, vous pouvez toujours vous adresser \u00e0 la r\u00e9ception o\u00f9 nous vous assisterons 24h\/24 ou appeler le +34 93 474 46 78. Bon s\u00e9jour !utilisateur: ALBERG-WIFImot de passe : EcoAlberg!@ 14h00 \/ 11h00Avant de [&hellip;]\" \/>\n<meta property=\"og:url\" content=\"https:\/\/albergueesplaibarcelona.com\/fr\/infos-pratiques\/\" \/>\n<meta property=\"og:site_name\" content=\"Alberg Centre Esplai\" \/>\n<meta property=\"article:modified_time\" content=\"2025-06-25T11:22:19+00:00\" \/>\n<meta name=\"twitter:card\" content=\"summary_large_image\" \/>\n<meta name=\"twitter:label1\" content=\"Dur\u00e9e de lecture estim\u00e9e\" \/>\n\t<meta name=\"twitter:data1\" content=\"2 minutes\" \/>\n<script type=\"application\/ld+json\" class=\"yoast-schema-graph\">{\"@context\":\"https:\\\/\\\/schema.org\",\"@graph\":[{\"@type\":\"WebPage\",\"@id\":\"https:\\\/\\\/albergueesplaibarcelona.com\\\/fr\\\/infos-pratiques\\\/\",\"url\":\"https:\\\/\\\/albergueesplaibarcelona.com\\\/fr\\\/infos-pratiques\\\/\",\"name\":\"Infos pratiques - Alberg Centre Esplai\",\"isPartOf\":{\"@id\":\"https:\\\/\\\/albergueesplaibarcelona.com\\\/fr\\\/#website\"},\"datePublished\":\"2023-07-31T07:43:21+00:00\",\"dateModified\":\"2025-06-25T11:22:19+00:00\",\"breadcrumb\":{\"@id\":\"https:\\\/\\\/albergueesplaibarcelona.com\\\/fr\\\/infos-pratiques\\\/#breadcrumb\"},\"inLanguage\":\"fr-FR\",\"potentialAction\":[{\"@type\":\"ReadAction\",\"target\":[\"https:\\\/\\\/albergueesplaibarcelona.com\\\/fr\\\/infos-pratiques\\\/\"]}]},{\"@type\":\"BreadcrumbList\",\"@id\":\"https:\\\/\\\/albergueesplaibarcelona.com\\\/fr\\\/infos-pratiques\\\/#breadcrumb\",\"itemListElement\":[{\"@type\":\"ListItem\",\"position\":1,\"name\":\"Accueil\",\"item\":\"https:\\\/\\\/albergueesplaibarcelona.com\\\/fr\\\/\"},{\"@type\":\"ListItem\",\"position\":2,\"name\":\"Infos pratiques\"}]},{\"@type\":\"WebSite\",\"@id\":\"https:\\\/\\\/albergueesplaibarcelona.com\\\/fr\\\/#website\",\"url\":\"https:\\\/\\\/albergueesplaibarcelona.com\\\/fr\\\/\",\"name\":\"Alberg Centre Esplai\",\"description\":\"Alberg\",\"publisher\":{\"@id\":\"https:\\\/\\\/albergueesplaibarcelona.com\\\/fr\\\/#organization\"},\"potentialAction\":[{\"@type\":\"SearchAction\",\"target\":{\"@type\":\"EntryPoint\",\"urlTemplate\":\"https:\\\/\\\/albergueesplaibarcelona.com\\\/fr\\\/?s={search_term_string}\"},\"query-input\":{\"@type\":\"PropertyValueSpecification\",\"valueRequired\":true,\"valueName\":\"search_term_string\"}}],\"inLanguage\":\"fr-FR\"},{\"@type\":\"Organization\",\"@id\":\"https:\\\/\\\/albergueesplaibarcelona.com\\\/fr\\\/#organization\",\"name\":\"Albergue Centre Esplai\",\"url\":\"https:\\\/\\\/albergueesplaibarcelona.com\\\/fr\\\/\",\"logo\":{\"@type\":\"ImageObject\",\"inLanguage\":\"fr-FR\",\"@id\":\"https:\\\/\\\/albergueesplaibarcelona.com\\\/fr\\\/#\\\/schema\\\/logo\\\/image\\\/\",\"url\":\"https:\\\/\\\/albergueesplaibarcelona.com\\\/wp-content\\\/uploads\\\/2020\\\/12\\\/logo_alberg_centre_esplai-e1608117409320.png\",\"contentUrl\":\"https:\\\/\\\/albergueesplaibarcelona.com\\\/wp-content\\\/uploads\\\/2020\\\/12\\\/logo_alberg_centre_esplai-e1608117409320.png\",\"width\":500,\"height\":241,\"caption\":\"Albergue Centre Esplai\"},\"image\":{\"@id\":\"https:\\\/\\\/albergueesplaibarcelona.com\\\/fr\\\/#\\\/schema\\\/logo\\\/image\\\/\"}}]}<\/script>\n<!-- \/ Yoast SEO plugin. -->","yoast_head_json":{"title":"Infos pratiques - Alberg Centre Esplai","robots":{"index":"index","follow":"follow","max-snippet":"max-snippet:-1","max-image-preview":"max-image-preview:large","max-video-preview":"max-video-preview:-1"},"canonical":"https:\/\/albergueesplaibarcelona.com\/fr\/infos-pratiques\/","og_locale":"fr_FR","og_type":"article","og_title":"Infos pratiques - Alberg Centre Esplai","og_description":"Bienvenue \u00e0 l'Alberg Centre Esplai! Pour faciliter votre s\u00e9jour, nous mettons \u00e0 votre disposition diverses informations pratiques. Si vous avez d'autres questions, vous pouvez toujours vous adresser \u00e0 la r\u00e9ception o\u00f9 nous vous assisterons 24h\/24 ou appeler le +34 93 474 46 78. Bon s\u00e9jour !utilisateur: ALBERG-WIFImot de passe : EcoAlberg!@ 14h00 \/ 11h00Avant de [&hellip;]","og_url":"https:\/\/albergueesplaibarcelona.com\/fr\/infos-pratiques\/","og_site_name":"Alberg Centre Esplai","article_modified_time":"2025-06-25T11:22:19+00:00","twitter_card":"summary_large_image","twitter_misc":{"Dur\u00e9e de lecture estim\u00e9e":"2 minutes"},"schema":{"@context":"https:\/\/schema.org","@graph":[{"@type":"WebPage","@id":"https:\/\/albergueesplaibarcelona.com\/fr\/infos-pratiques\/","url":"https:\/\/albergueesplaibarcelona.com\/fr\/infos-pratiques\/","name":"Infos pratiques - Alberg Centre Esplai","isPartOf":{"@id":"https:\/\/albergueesplaibarcelona.com\/fr\/#website"},"datePublished":"2023-07-31T07:43:21+00:00","dateModified":"2025-06-25T11:22:19+00:00","breadcrumb":{"@id":"https:\/\/albergueesplaibarcelona.com\/fr\/infos-pratiques\/#breadcrumb"},"inLanguage":"fr-FR","potentialAction":[{"@type":"ReadAction","target":["https:\/\/albergueesplaibarcelona.com\/fr\/infos-pratiques\/"]}]},{"@type":"BreadcrumbList","@id":"https:\/\/albergueesplaibarcelona.com\/fr\/infos-pratiques\/#breadcrumb","itemListElement":[{"@type":"ListItem","position":1,"name":"Accueil","item":"https:\/\/albergueesplaibarcelona.com\/fr\/"},{"@type":"ListItem","position":2,"name":"Infos pratiques"}]},{"@type":"WebSite","@id":"https:\/\/albergueesplaibarcelona.com\/fr\/#website","url":"https:\/\/albergueesplaibarcelona.com\/fr\/","name":"Alberg Centre Esplai","description":"Alberg","publisher":{"@id":"https:\/\/albergueesplaibarcelona.com\/fr\/#organization"},"potentialAction":[{"@type":"SearchAction","target":{"@type":"EntryPoint","urlTemplate":"https:\/\/albergueesplaibarcelona.com\/fr\/?s={search_term_string}"},"query-input":{"@type":"PropertyValueSpecification","valueRequired":true,"valueName":"search_term_string"}}],"inLanguage":"fr-FR"},{"@type":"Organization","@id":"https:\/\/albergueesplaibarcelona.com\/fr\/#organization","name":"Albergue Centre Esplai","url":"https:\/\/albergueesplaibarcelona.com\/fr\/","logo":{"@type":"ImageObject","inLanguage":"fr-FR","@id":"https:\/\/albergueesplaibarcelona.com\/fr\/#\/schema\/logo\/image\/","url":"https:\/\/albergueesplaibarcelona.com\/wp-content\/uploads\/2020\/12\/logo_alberg_centre_esplai-e1608117409320.png","contentUrl":"https:\/\/albergueesplaibarcelona.com\/wp-content\/uploads\/2020\/12\/logo_alberg_centre_esplai-e1608117409320.png","width":500,"height":241,"caption":"Albergue Centre Esplai"},"image":{"@id":"https:\/\/albergueesplaibarcelona.com\/fr\/#\/schema\/logo\/image\/"}}]}},"_links":{"self":[{"href":"https:\/\/albergueesplaibarcelona.com\/fr\/wp-json\/wp\/v2\/pages\/17023","targetHints":{"allow":["GET"]}}],"collection":[{"href":"https:\/\/albergueesplaibarcelona.com\/fr\/wp-json\/wp\/v2\/pages"}],"about":[{"href":"https:\/\/albergueesplaibarcelona.com\/fr\/wp-json\/wp\/v2\/types\/page"}],"author":[{"embeddable":true,"href":"https:\/\/albergueesplaibarcelona.com\/fr\/wp-json\/wp\/v2\/users\/6"}],"replies":[{"embeddable":true,"href":"https:\/\/albergueesplaibarcelona.com\/fr\/wp-json\/wp\/v2\/comments?post=17023"}],"version-history":[{"count":14,"href":"https:\/\/albergueesplaibarcelona.com\/fr\/wp-json\/wp\/v2\/pages\/17023\/revisions"}],"predecessor-version":[{"id":21028,"href":"https:\/\/albergueesplaibarcelona.com\/fr\/wp-json\/wp\/v2\/pages\/17023\/revisions\/21028"}],"wp:attachment":[{"href":"https:\/\/albergueesplaibarcelona.com\/fr\/wp-json\/wp\/v2\/media?parent=17023"}],"curies":[{"name":"wp","href":"https:\/\/api.w.org\/{rel}","templated":true}]}}